{"id":1953,"date":"2024-11-08T20:16:13","date_gmt":"2024-11-08T19:16:13","guid":{"rendered":"https:\/\/festivalsonomundo.com\/?page_id=1953"},"modified":"2024-11-14T12:55:41","modified_gmt":"2024-11-14T11:55:41","slug":"festival-sonomundo-2024","status":"publish","type":"page","link":"https:\/\/festivalsonomundo.com\/index.php\/festival-sonomundo-2024\/","title":{"rendered":"Festival Sonomundo 3e \u00e9dition"},"content":{"rendered":"\t\t<div data-elementor-type=\"wp-page\" data-elementor-id=\"1953\" class=\"elementor elementor-1953\">\n\t\t\t\t\t\t<section class=\"elementor-section elementor-top-section elementor-element elementor-element-814ae34 elementor-section-boxed elementor-section-height-default elementor-section-height-default\" data-id=\"814ae34\" data-element_type=\"section\">\n\t\t\t\t\t\t<div class=\"elementor-container elementor-column-gap-default\">\n\t\t\t\t\t<div class=\"elementor-column elementor-col-100 elementor-top-column elementor-element elementor-element-e8d5289\" data-id=\"e8d5289\" data-element_type=\"column\">\n\t\t\t<div class=\"elementor-widget-wrap elementor-element-populated\">\n\t\t\t\t\t\t<div class=\"elementor-element elementor-element-da3bc56 elementor-widget elementor-widget-text-editor\" data-id=\"da3bc56\" data-element_type=\"widget\" data-widget_type=\"text-editor.default\">\n\t\t\t\t<div class=\"elementor-widget-container\">\n\t\t\t\t\t\t\t\t\t\n<div class=\"wp-block-group alignfull has-background is-layout-flow wp-block-group-is-layout-flow\" style=\"background-color: #f2f0e9;\">\n<div class=\"wp-block-spacer\" style=\"height: 50px; text-align: justify; padding-left: 40px;\" aria-hidden=\"true\">\u00a0<\/div>\n\n<div class=\"wp-block-columns alignwide are-vertically-aligned-center mb-0 is-layout-flex wp-container-core-columns-is-layout-28f84493 wp-block-columns-is-layout-flex\">\n<div class=\"wp-block-column is-layout-flow wp-block-column-is-layout-flow\" style=\"flex-basis: 50%;\">\n<p class=\"has-black-color has-text-color\" style=\"font-size:clamp(18.959px, 1.185rem + ((1vw - 3.2px) * 0.783), 30px); line-height: 1.1;\"><strong>\u00c9dito<\/strong><\/p>\n<\/div>\n\n<div class=\"wp-block-column is-layout-flow wp-block-column-is-layout-flow\" style=\"flex-basis: 50%;\"><hr class=\"wp-block-separator has-text-color has-css-opacity has-background is-style-wide\" style=\"background-color: #000000; color: #000000;\" \/><\/div>\n<\/div>\n\n<div class=\"wp-block-columns is-layout-flex wp-container-core-columns-is-layout-28f84493 wp-block-columns-is-layout-flex\">\n<div class=\"wp-block-column is-layout-flow wp-block-column-is-layout-flow\" style=\"flex-basis: 100%;\">\n<div class=\"wp-block-columns is-layout-flex wp-container-core-columns-is-layout-28f84493 wp-block-columns-is-layout-flex\">\n<div class=\"wp-block-column is-hidden-mobile is-layout-flow wp-block-column-is-layout-flow\" style=\"flex-basis: 33.33%;\">\u00a0<\/div>\n\n<div class=\"wp-block-column is-layout-flow wp-block-column-is-layout-flow\" style=\"flex-basis: 66.66%;\">\n<h2 class=\"wp-block-heading has-text-align-left has-black-color has-text-color\" style=\"font-size:clamp(16.293px, 1.018rem + ((1vw - 3.2px) * 0.618), 25px); font-style: normal; font-weight: bold; letter-spacing: 1px; text-align: left;\">L\u2019\u00e9dition 2024 du festival Sonomundo se tiendra du jeudi 28 au samedi 30 novembre \u00e0 la Biblioth\u00e8que Musicale La Grange-Fleuret, situ\u00e9e dans le 8\u00e8me arrondissement de Paris.<\/h2>\n\n<p class=\"has-text-align-left\" style=\"text-align: justify;\">Cette \u00e9dition proposera au public de d\u00e9couvrir de nouveaux itin\u00e9raires musicaux, les conduisant du Br\u00e9sil aux \u00c9tats-Unis, du Japon au P\u00e9rou, de la Russie \u00e0 la France en passant par la Gr\u00e8ce et la Turquie. Ces <strong><em>Harmonies Ouest-Est<\/em><\/strong> seront d\u00e9clin\u00e9es en quatre voyages, r\u00e9partis sur trois soir\u00e9es.<\/p>\n<\/div>\n<\/div>\n<\/div>\n<\/div>\n\n<div class=\"wp-block-columns alignwide is-layout-flex wp-container-core-columns-is-layout-28f84493 wp-block-columns-is-layout-flex\">\n<div class=\"wp-block-column is-layout-flow wp-block-column-is-layout-flow\">\u00a0<\/div>\n\n<div class=\"wp-block-column has-black-color has-text-color has-link-color wp-elements-48a5f85b48c182a6f4c535fd50da9dbd is-layout-flow wp-block-column-is-layout-flow\">\n<div style=\"text-align: justify;\">\n<div style=\"text-align: justify;\" data-olk-copy-source=\"MessageBody\">Lors de la premi\u00e8re soir\u00e9e, nous embarquerons vers ce fascinant Nouveau Monde que constituent les Am\u00e9riques, celles du sud dans un premier temps.\u00a0\u00a0\u00a0<\/div>\n<div style=\"text-align: justify;\">A cette occasion seront interpr\u00e9t\u00e9es les \u0153uvres du c\u00e9l\u00e8bre compositeur br\u00e9silien\u00a0<b>Heitor Villa-Lobos<\/b>\u00a0ainsi que des compositeurs d\u2019origine p\u00e9ruvienne\u00a0<b>Maria Alejandra Castro Espejo<\/b>\u00a0et\u00a0<b>Juan Arroyo<\/b>. Pour ces deux artistes, il s\u2019agira respectivement d\u2019une cr\u00e9ation mondiale et d\u2019une cr\u00e9ation parisienne.<\/div>\n<div style=\"text-align: justify;\">En ouverture de cette soir\u00e9e, le Festival Sonomundo donnera carte blanche \u00e0 l\u2019Ambassade du P\u00e9rou et \u00e0 deux jeunes compositeurs p\u00e9ruviens,\u00a0<b>P\u00eda Alvarado<\/b>\u00a0et\u00a0<b>Mark Contreras Waiss<\/b>. Ces deux jeunes artistes nous pr\u00e9senteront des \u0153uvres inspir\u00e9es des po\u00e8mes de\u00a0<b>Jorge Eduardo Eielson<\/b>\u00a0dont nous f\u00eatons cette ann\u00e9e le centenaire de la naissance.<\/div>\n<div style=\"text-align: justify;\">Ce voyage offrira\u00a0\u00e9galement l\u2019occasion, entre les deux programmes, de partager un moment de convivialit\u00e9 et d\u2019\u00e9change autour d\u2019un cocktail p\u00e9ruvien offert par\u00a0<b>l\u2019Ambassade du P\u00e9rou<\/b>. Ce cocktail sera servi \u00e0 partir de 20h.<\/div>\n<\/div>\n<div style=\"text-align: justify;\">\u00a0<\/div>\n<div style=\"text-align: justify;\">Nous irons \u00e0 la rencontre de\u00a0<b>Sofia Gouba\u00efdoulina<\/b>, compositrice n\u00e9e en Russie \u00e0 l\u2019\u00e9poque de L&#8217;Union sovi\u00e9tique et vivant en Allemagne depuis plusieurs d\u00e9cennies. Son \u0153uvre <em>Rejoice!<\/em> pour violon et violoncelle sera interpr\u00e9t\u00e9e dans une mise en sc\u00e8ne recourant \u00e0 la vid\u00e9o.<\/div>\n<div style=\"text-align: justify;\">Cette pi\u00e8ce fascinante sera suivie d\u2019une composition de jeunesse de\u00a0<b>Iannis Xenakis<\/b>, puis de la cr\u00e9ation d\u2019un jeune artiste fran\u00e7ais d\u2019origine turque,\u00a0<b>Othman Louati.<\/b><\/div>\n<div style=\"text-align: justify;\">Nous embarquerons ensuite vers les Etats-Unis, qui seront au programme de la deuxi\u00e8me partie de cette soir\u00e9e.<\/div>\n<div style=\"text-align: justify;\">Nous retrouverons ainsi le Nouveau monde, mais au travers cette fois d\u2019\u0153uvres de compositrices et compositeurs am\u00e9ricains tels que\u00a0<b>Amy Beach, Aaron Copland, George Gershwin<\/b>\u00a0ou encore\u00a0<b>Elliott Carter<\/b>. John Adams nous invitera \u00e0 contempler ses \u00ab China Gates \u00bb et\u00a0nous partagerons \u00e9galement un moment de\u00a0\u00ab\u00a0Ragtime\u00a0\u00bb avec\u00a0<b>Igor Stravinsky<\/b>.\u00a0Ce programme sera enfin l\u2019occasion de d\u00e9couvrir deux \u0153uvres &#8211; dont une cr\u00e9ation mondiale &#8211; de\u00a0<b>Sato Matsui<\/b>, jeune compositrice am\u00e9ricaine d\u2019origine japonaise.<\/div>\n<div style=\"text-align: justify;\">Entre les deux voyages \u00e0 l\u2019affiche de cette soir\u00e9e, un cocktail sera propos\u00e9 au public\u00a0\u00e0 partir de 20h.<\/div>\n<\/div>\n<div style=\"text-align: justify;\">\u00a0<\/div>\n<div class=\"wp-block-column has-black-color has-text-color has-link-color\" style=\"text-align: justify;\">\n<div>La troisi\u00e8me et derni\u00e8re soir\u00e9e d\u2019<b>Harmonies Ouest-Est<\/b>\u00a0s\u2019inscrira en reflet des deux pr\u00e9c\u00e9dentes.\u00a0<\/div>\n<div>Elle d\u00e9butera par une nouvelle carte blanche, offerte cette fois aux jeunes artistes de\u00a0<b>La Fondation des Etats-Unis<\/b>\u00a0avec laquelle Sonomundo a r\u00e9cemment nou\u00e9 des liens de coop\u00e9ration.<\/div>\n<div>La deuxi\u00e8me partie de cette soir\u00e9e nous fera revenir en Europe, dans sa partie la plus occidentale, avec une adaptation originale du Tombeau de Couperin de\u00a0<b>Maurice Ravel<\/b>, suivie d\u2019une \u0153uvre pour voix et instruments de la compositrice britannique\u00a0<b>Charlotte Bray<\/b>. Deux cr\u00e9ations mondiales des compositeurs fran\u00e7ais\u00a0<b>Antonin Rey<\/b>\u00a0et\u00a0<b>Vincent Trollet<\/b>\u00a0viendront conclure le festival.<\/div>\n<div>Un cocktail sera organis\u00e9 \u00e0 20h entre les deux \u00e9v\u00e8nements \u00e0 partir de 20h.<\/div>\n<\/div>\n<\/div>\n\n<div class=\"wp-block-spacer\" style=\"height: 50px; text-align: justify;\" aria-hidden=\"true\">\u00a0<\/div>\n\n<div class=\"wp-block-buttons has-custom-font-size has-small-font-size is-content-justification-center is-layout-flex wp-container-core-buttons-is-layout-a89b3969 wp-block-buttons-is-layout-flex\">\n<div class=\"wp-block-button is-style-fill\"><a class=\"wp-block-button__link has-black-background-color has-background wp-element-button\" href=\"https:\/\/festivalsonomundo.com\/index.php\/programme\/\"><strong>Programme d\u00e9taill\u00e9<\/strong><\/a><\/div>\n<\/div>\n\n<div class=\"wp-block-spacer\" style=\"height: 40px;\" aria-hidden=\"true\">\u00a0<\/div>\n\n<div class=\"wp-block-spacer\" style=\"height: 0px;\" aria-hidden=\"true\">\u00a0<\/div>\n\n<div class=\"wp-block-buttons has-custom-font-size has-small-font-size is-content-justification-center is-layout-flex wp-container-core-buttons-is-layout-a89b3969 wp-block-buttons-is-layout-flex\">\n<div class=\"wp-block-button\"><a class=\"wp-block-button__link has-black-background-color has-background wp-element-button\" href=\"https:\/\/www.helloasso.com\/associations\/sonomundo\/evenements\/festival-sonomundo-2024\"><strong>R\u00e9server<\/strong><\/a><\/div>\n<\/div>\n\n<div class=\"wp-block-spacer\" style=\"height: 50px;\" aria-hidden=\"true\">\u00a0<\/div>\n<\/div>\n<!-- \/wp:group -->\n<p>\u00a0<\/p>\t\t\t\t\t\t\t\t<\/div>\n\t\t\t\t<\/div>\n\t\t\t\t\t<\/div>\n\t\t<\/div>\n\t\t\t\t\t<\/div>\n\t\t<\/section>\n\t\t\t\t<section class=\"elementor-section elementor-top-section elementor-element elementor-element-ec0d00b elementor-section-boxed elementor-section-height-default elementor-section-height-default\" data-id=\"ec0d00b\" data-element_type=\"section\">\n\t\t\t\t\t\t<div class=\"elementor-container elementor-column-gap-default\">\n\t\t\t\t\t<div class=\"elementor-column elementor-col-100 elementor-top-column elementor-element elementor-element-f6af28e\" data-id=\"f6af28e\" data-element_type=\"column\">\n\t\t\t<div class=\"elementor-widget-wrap elementor-element-populated\">\n\t\t\t\t\t\t<div class=\"elementor-element elementor-element-f61957d elementor-widget elementor-widget-text-editor\" data-id=\"f61957d\" data-element_type=\"widget\" data-widget_type=\"text-editor.default\">\n\t\t\t\t<div class=\"elementor-widget-container\">\n\t\t\t\t\t\t\t\t\t<!-- wp:group {\"align\":\"full\",\"style\":{\"color\":{\"background\":\"#f2f0e9\"}}} -->\n<div class=\"wp-block-group alignfull has-background\" style=\"background-color: #f2f0e9;\"><!-- wp:spacer {\"height\":\"179px\"} -->\n<div class=\"wp-block-spacer\" style=\"height: 179px;\" aria-hidden=\"true\">\u00a0<\/div>\n<!-- \/wp:spacer --><!-- wp:columns {\"verticalAlignment\":\"center\",\"align\":\"wide\"} -->\n<div class=\"wp-block-columns alignwide are-vertically-aligned-center\"><!-- wp:column {\"width\":\"50%\"} -->\n<div class=\"wp-block-column\" style=\"flex-basis: 50%;\"><!-- wp:paragraph {\"style\":{\"typography\":{\"lineHeight\":\"1.1\",\"fontSize\":\"30px\"}},\"textColor\":\"black\"} -->\n<p class=\"has-black-color has-text-color\" style=\"font-size: 30px; line-height: 1.1;\"><strong>Le Festival Sonomundo <\/strong><\/p>\n<!-- \/wp:paragraph --><\/div>\n<!-- \/wp:column --><!-- wp:column {\"width\":\"50%\"} -->\n<div class=\"wp-block-column\" style=\"flex-basis: 50%;\"><!-- wp:separator {\"opacity\":\"css\",\"className\":\"is-style-wide\",\"style\":{\"color\":{\"background\":\"#000000\"}}} --><hr class=\"wp-block-separator has-text-color has-css-opacity has-background is-style-wide\" style=\"background-color: #000000; color: #000000;\" \/><!-- \/wp:separator --><\/div>\n<!-- \/wp:column --><\/div>\n<!-- \/wp:columns --><!-- wp:columns -->\n<div class=\"wp-block-columns\">\u00a0<\/div>\n<!-- \/wp:columns --><!-- wp:columns {\"align\":\"wide\"} -->\n<div class=\"wp-block-columns alignwide\"><!-- wp:column -->\n<div class=\"wp-block-column\">\u00a0<\/div>\n<!-- \/wp:column --><!-- wp:column {\"style\":{\"elements\":{\"link\":{\"color\":{\"text\":\"var:preset|color|black\"}}}},\"textColor\":\"black\"} -->\n<div class=\"wp-block-column has-black-color has-text-color has-link-color\"><!-- wp:paragraph {\"dropCap\":true,\"textColor\":\"black\"} -->\n<p class=\"has-drop-cap has-black-color has-text-color\" style=\"text-align: justify;\">La premi\u00e8re \u00e9dition du Festival Sonomundo a eu lieu en novembre 2022 \u00e0 la Cit\u00e9 Internationale des Arts \u00e0 Paris.<\/p>\n<!-- \/wp:paragraph --><!-- wp:paragraph {\"textColor\":\"black\"} -->\n<p class=\"has-black-color has-text-color\" style=\"text-align: justify;\">D\u00e8s le d\u00e9part, ce Festival s\u2019est inscrit dans une d\u00e9marche d\u2019ouverture \u00e0 la cr\u00e9ation musicale internationale et s\u2019est positionn\u00e9 comme un forum d\u2019\u00e9change et de partage entre les compositeurs, les musiciens et le public.<\/p>\n<!-- \/wp:paragraph --><!-- wp:paragraph {\"textColor\":\"black\"} -->\n<p class=\"has-black-color has-text-color\" style=\"text-align: justify;\">La premi\u00e8re \u00e9dition intitul\u00e9e <em>Voyages Utopiques<\/em>, proposait au public de partir \u00e0 la rencontre du monde musical sud-am\u00e9ricain. Les \u0153uvres de compositeurs de la dynastie p\u00e9ruvienne des Valc\u00e1rcel, du mexicain <strong>Juli\u00e1n Carillo<\/strong> ou encore de <strong>P\u00eda Alvarado<\/strong> et <strong>Juan Arroyo<\/strong>, \u00e9galement p\u00e9ruviens, ont ainsi \u00e9t\u00e9 interpr\u00e9t\u00e9es, certaines pour la premi\u00e8re fois en Europe.<\/p>\n<!-- \/wp:paragraph --><\/div>\n<!-- \/wp:column --><!-- wp:column {\"style\":{\"elements\":{\"link\":{\"color\":{\"text\":\"var:preset|color|black\"}}}},\"textColor\":\"black\"} -->\n<div class=\"wp-block-column has-black-color has-text-color has-link-color\"><!-- wp:paragraph {\"textColor\":\"black\"} -->\n<p class=\"has-black-color has-text-color\" style=\"text-align: justify;\">Le Festival Sonomundo a tr\u00e8s vite pris son envol, programmant d\u00e8s sa seconde \u00e9dition en novembre 2023 des \u0153uvres de compositrices et de compositeurs originaires du Japon, de Cor\u00e9e, des Etats-Unis, d\u2019Argentine, du P\u00e9rou, de Finlande et de France.<\/p>\n<!-- \/wp:paragraph --><!-- wp:paragraph {\"textColor\":\"black\"} -->\n<p class=\"has-black-color has-text-color\" style=\"text-align: justify;\">Le Festival a ainsi entrain\u00e9 le public dans un v\u00e9ritable voyage initiatique, d\u00e9clin\u00e9 en <em>Variation(s) Nomade(s)<\/em>, offrant autant d\u2019ilots de d\u00e9couvertes et de rencontres autour des musiques de <strong>Kaija Saariaho<\/strong>, de <strong>T\u014dru Takemitsu<\/strong>, de <strong>Maurice Ravel<\/strong>, d\u2019<strong>Alberto Ginastera<\/strong>, et de cr\u00e9ateurs d\u2019aujourd\u2019hui tels que <strong>Yemit Ledesma<\/strong>, <strong>Imsu Choi<\/strong> ou <strong>Vincent Trollet<\/strong>.<\/p>\n<!-- \/wp:paragraph --><!-- wp:paragraph {\"textColor\":\"black\"} -->\n<p class=\"has-black-color has-text-color\">\u00a0<\/p>\n<!-- \/wp:paragraph --><\/div>\n<!-- \/wp:column --><\/div>\n<!-- \/wp:columns --><!-- wp:spacer {\"height\":\"30px\"} -->\n<div class=\"wp-block-spacer\" style=\"height: 30px;\" aria-hidden=\"true\">\u00a0<\/div>\n<!-- \/wp:spacer --><!-- wp:columns -->\n<div class=\"wp-block-columns\">\u00a0<\/div>\n<!-- \/wp:columns --><!-- wp:spacer {\"height\":\"40px\"} -->\n<div class=\"wp-block-spacer\" style=\"height: 40px;\" aria-hidden=\"true\">\u00a0<\/div>\n<!-- \/wp:spacer --><\/div>\n<!-- \/wp:group -->\t\t\t\t\t\t\t\t<\/div>\n\t\t\t\t<\/div>\n\t\t\t\t\t<\/div>\n\t\t<\/div>\n\t\t\t\t\t<\/div>\n\t\t<\/section>\n\t\t\t\t<section class=\"elementor-section elementor-top-section elementor-element elementor-element-97d9afd elementor-section-boxed elementor-section-height-default elementor-section-height-default\" data-id=\"97d9afd\" data-element_type=\"section\">\n\t\t\t\t\t\t<div class=\"elementor-container elementor-column-gap-default\">\n\t\t\t\t\t<div class=\"elementor-column elementor-col-100 elementor-top-column elementor-element elementor-element-9d05dea\" data-id=\"9d05dea\" data-element_type=\"column\">\n\t\t\t<div class=\"elementor-widget-wrap elementor-element-populated\">\n\t\t\t\t\t\t<div class=\"elementor-element elementor-element-d1bf7e6 elementor-widget elementor-widget-text-editor\" data-id=\"d1bf7e6\" data-element_type=\"widget\" data-widget_type=\"text-editor.default\">\n\t\t\t\t<div class=\"elementor-widget-container\">\n\t\t\t\t\t\t\t\t\t<!-- wp:group {\"align\":\"full\",\"style\":{\"color\":{\"background\":\"#f2f0e9\"}}} -->\n<div class=\"wp-block-group alignfull has-background\" style=\"background-color: #f2f0e9;\"><!-- wp:spacer {\"height\":\"181px\"} -->\n<div class=\"wp-block-spacer\" style=\"height: 181px;\" aria-hidden=\"true\">\u00a0<\/div>\n<!-- \/wp:spacer --><!-- wp:columns {\"verticalAlignment\":\"center\",\"align\":\"wide\"} -->\n<div class=\"wp-block-columns alignwide are-vertically-aligned-center\"><!-- wp:column {\"width\":\"50%\"} -->\n<div class=\"wp-block-column\" style=\"flex-basis: 50%;\"><!-- wp:paragraph {\"style\":{\"typography\":{\"lineHeight\":\"1.1\",\"fontSize\":\"30px\"},\"elements\":{\"link\":{\"color\":{\"text\":\"var:preset|color|black\"}}}},\"textColor\":\"black\"} -->\n<p class=\"has-black-color has-text-color has-link-color\" style=\"font-size: 30px; line-height: 1.1;\"><strong>L&#8217;Association Sonomundo<\/strong><\/p>\n<!-- \/wp:paragraph --><\/div>\n<!-- \/wp:column --><!-- wp:column {\"width\":\"50%\"} -->\n<div class=\"wp-block-column\" style=\"flex-basis: 50%;\"><!-- wp:separator {\"opacity\":\"css\",\"className\":\"is-style-wide\",\"style\":{\"color\":{\"background\":\"#000000\"}}} --><hr class=\"wp-block-separator has-text-color has-css-opacity has-background is-style-wide\" style=\"background-color: #000000; color: #000000;\" \/><!-- \/wp:separator --><\/div>\n<!-- \/wp:column --><\/div>\n<!-- \/wp:columns --><!-- wp:columns {\"align\":\"wide\"} -->\n<div class=\"wp-block-columns alignwide\"><!-- wp:column -->\n<div class=\"wp-block-column\">\u00a0<\/div>\n<!-- \/wp:column --><!-- wp:column -->\n<div class=\"wp-block-column\"><!-- wp:paragraph {\"style\":{\"elements\":{\"link\":{\"color\":{\"text\":\"var:preset|color|black\"}}}},\"textColor\":\"black\"} -->\n<p class=\"has-black-color has-text-color has-link-color\" style=\"text-align: justify;\">L\u2019Association Sonomundo a \u00e9t\u00e9 cr\u00e9\u00e9e autour de l\u2019id\u00e9e et l\u2019envie de tisser de nouveaux liens culturels et artistiques \u00e0 travers les continents.<\/p>\n<!-- \/wp:paragraph --><!-- wp:paragraph {\"style\":{\"elements\":{\"link\":{\"color\":{\"text\":\"var:preset|color|black\"}}}},\"textColor\":\"black\"} -->\n<p class=\"has-black-color has-text-color has-link-color\" style=\"text-align: justify;\">Sonomundo a vu le jour \u00e0 l\u2019\u00e9t\u00e9 2021, \u00e0 l\u2019initiative de plusieurs amis anim\u00e9s par cette passion pour les arts sonores et visuels. Ils ont constat\u00e9 que leurs exp\u00e9riences respectives et compl\u00e9mentaires, associ\u00e9es \u00e0 leur aspiration commune \u00e0 un monde de collaborations ouvertes, d\u2019exp\u00e9riences musicales et artistiques originales, constituaient un socle id\u00e9al au lancement de l\u2019initiative Sonomundo.<\/p>\n<!-- \/wp:paragraph --><!-- wp:paragraph {\"style\":{\"elements\":{\"link\":{\"color\":{\"text\":\"var:preset|color|black\"}}}},\"textColor\":\"black\"} -->\n<p class=\"has-black-color has-text-color has-link-color\" style=\"text-align: justify;\">L\u2019Association Sonomundo s\u2019est fix\u00e9 trois objectifs principaux :<\/p>\n<!-- \/wp:paragraph --><!-- wp:paragraph {\"style\":{\"elements\":{\"link\":{\"color\":{\"text\":\"var:preset|color|black\"}}}},\"textColor\":\"black\"} -->\n<p class=\"has-black-color has-text-color has-link-color\" style=\"text-align: justify;\">&#8211; <strong>promouvoir la cr\u00e9ation artistique \u00e0 travers les continents<\/strong>, en particulier dans le domaine de la musique, laquelle est au centre du Festival Sonomundo, \u00e9v\u00e8nement-phare de l\u2019Association, organis\u00e9 chaque ann\u00e9e au mois de novembre<\/p>\n<!-- \/wp:paragraph --><\/div>\n<!-- \/wp:column --><!-- wp:column -->\n<div class=\"wp-block-column\"><!-- wp:paragraph {\"style\":{\"elements\":{\"link\":{\"color\":{\"text\":\"var:preset|color|black\"}}}},\"textColor\":\"black\"} -->\n<p class=\"has-black-color has-text-color has-link-color\" style=\"text-align: justify;\">&#8211; <strong>rassembler les diff\u00e9rents acteurs et contributeurs de la cr\u00e9ation musicale<\/strong> et, de mani\u00e8re plus g\u00e9n\u00e9rale, artistique \u00e0 travers des rendez-vous et \u00e9v\u00e9nements th\u00e9matiques<\/p>\n<!-- \/wp:paragraph --><!-- wp:paragraph {\"style\":{\"elements\":{\"link\":{\"color\":{\"text\":\"var:preset|color|black\"}}}},\"textColor\":\"black\"} -->\n<p class=\"has-black-color has-text-color has-link-color\" style=\"text-align: justify;\">&#8211; <strong>initier et soutenir les initiatives visant \u00e0 rapprocher les diff\u00e9rentes formes d\u2019expression artistique<\/strong> (musique, litt\u00e9rature, photographie, cin\u00e9ma\u2026) au travers de projets rassemblant des repr\u00e9sentants de diff\u00e9rentes aires g\u00e9ographiques et culturelles.<\/p>\n<!-- \/wp:paragraph --><\/div>\n<!-- \/wp:column --><\/div>\n<!-- \/wp:columns --><!-- wp:image {\"id\":566,\"width\":\"768px\",\"height\":\"508px\",\"scale\":\"contain\",\"sizeSlug\":\"large\",\"linkDestination\":\"none\",\"align\":\"right\"} -->\n<figure class=\"wp-block-image alignright size-large is-resized\"><img fetchpriority=\"high\" decoding=\"async\" width=\"1024\" height=\"677\" class=\"wp-image-566\" style=\"object-fit: contain; width: 768px; height: 508px;\" src=\"https:\/\/festivalsonomundo.com\/wp-content\/uploads\/2022\/11\/Photo-Groupe-v2-1024x677.jpg\" alt=\"\" srcset=\"https:\/\/festivalsonomundo.com\/wp-content\/uploads\/2022\/11\/Photo-Groupe-v2-1024x677.jpg 1024w, https:\/\/festivalsonomundo.com\/wp-content\/uploads\/2022\/11\/Photo-Groupe-v2-300x198.jpg 300w, https:\/\/festivalsonomundo.com\/wp-content\/uploads\/2022\/11\/Photo-Groupe-v2-768x508.jpg 768w, https:\/\/festivalsonomundo.com\/wp-content\/uploads\/2022\/11\/Photo-Groupe-v2-1536x1016.jpg 1536w, https:\/\/festivalsonomundo.com\/wp-content\/uploads\/2022\/11\/Photo-Groupe-v2-2048x1355.jpg 2048w, https:\/\/festivalsonomundo.com\/wp-content\/uploads\/2022\/11\/Photo-Groupe-v2-2000x1323.jpg 2000w\" sizes=\"(max-width: 1024px) 100vw, 1024px\" \/>\n<figcaption class=\"wp-element-caption\"><strong>L&#8217;\u00e9quipe de Sonomundo :<\/strong> Juan Arroyo, Vincent Trollet et Lionel Gu\u00e9rin<\/figcaption>\n<\/figure>\n<!-- \/wp:image --><!-- wp:spacer {\"height\":\"40px\"} -->\n<div class=\"wp-block-spacer\" style=\"height: 40px;\" aria-hidden=\"true\">\u00a0<\/div>\n<!-- \/wp:spacer --><\/div>\n<!-- \/wp:group -->\t\t\t\t\t\t\t\t<\/div>\n\t\t\t\t<\/div>\n\t\t\t\t\t<\/div>\n\t\t<\/div>\n\t\t\t\t\t<\/div>\n\t\t<\/section>\n\t\t\t\t<\/div>\n\t\t","protected":false},"excerpt":{"rendered":"<p>\u00c9dito \u00a0 L\u2019\u00e9dition 2024 du festival Sonomundo se tiendra du jeudi 28 au samedi 30 novembre \u00e0 la Biblioth\u00e8que Musicale La Grange-Fleuret, situ\u00e9e dans le 8\u00e8me arrondissement de Paris. Cette \u00e9dition proposera au public de d\u00e9couvrir de nouveaux itin\u00e9raires musicaux, les conduisant du Br\u00e9sil aux \u00c9tats-Unis, du Japon au P\u00e9rou, de la Russie \u00e0 la &hellip; <\/p>\n<p class=\"link-more\"><a href=\"https:\/\/festivalsonomundo.com\/index.php\/festival-sonomundo-2024\/\" class=\"more-link\">Read more<span class=\"screen-reader-text\"> &#8220;Festival Sonomundo 3e \u00e9dition&#8221;<\/span><\/a><\/p>\n","protected":false},"author":1,"featured_media":0,"parent":0,"menu_order":0,"comment_status":"closed","ping_status":"closed","template":"","meta":{"footnotes":""},"class_list":["post-1953","page","type-page","status-publish","hentry"],"yoast_head":"<!-- This site is optimized with the Yoast SEO plugin v25.9 - https:\/\/yoast.com\/wordpress\/plugins\/seo\/ -->\n<title>Festival Sonomundo 3e \u00e9dition - Festival SONOMUNDO<\/title>\n<meta name=\"robots\" content=\"index, follow, max-snippet:-1, max-image-preview:large, max-video-preview:-1\" \/>\n<link rel=\"canonical\" href=\"https:\/\/festivalsonomundo.com\/index.php\/festival-sonomundo-2024\/\" \/>\n<meta property=\"og:locale\" content=\"en_US\" \/>\n<meta property=\"og:type\" content=\"article\" \/>\n<meta property=\"og:title\" content=\"Festival Sonomundo 3e \u00e9dition - Festival SONOMUNDO\" \/>\n<meta property=\"og:description\" content=\"\u00c9dito \u00a0 L\u2019\u00e9dition 2024 du festival Sonomundo se tiendra du jeudi 28 au samedi 30 novembre \u00e0 la Biblioth\u00e8que Musicale La Grange-Fleuret, situ\u00e9e dans le 8\u00e8me arrondissement de Paris. Cette \u00e9dition proposera au public de d\u00e9couvrir de nouveaux itin\u00e9raires musicaux, les conduisant du Br\u00e9sil aux \u00c9tats-Unis, du Japon au P\u00e9rou, de la Russie \u00e0 la &hellip; Read more &quot;Festival Sonomundo 3e \u00e9dition&quot;\" \/>\n<meta property=\"og:url\" content=\"https:\/\/festivalsonomundo.com\/index.php\/festival-sonomundo-2024\/\" \/>\n<meta property=\"og:site_name\" content=\"Festival SONOMUNDO\" \/>\n<meta property=\"article:publisher\" content=\"https:\/\/m.facebook.com\/p\/Festival-Sonomundo-100087265804317\/\" \/>\n<meta property=\"article:modified_time\" content=\"2024-11-14T11:55:41+00:00\" \/>\n<meta property=\"og:image\" content=\"http:\/\/festivalsonomundo.com\/wp-content\/uploads\/2022\/11\/Photo-Groupe-v2-1024x677.jpg\" \/>\n<meta name=\"twitter:card\" content=\"summary_large_image\" \/>\n<meta name=\"twitter:label1\" content=\"Est. reading time\" \/>\n\t<meta name=\"twitter:data1\" content=\"5 minutes\" \/>\n<script type=\"application\/ld+json\" class=\"yoast-schema-graph\">{\"@context\":\"https:\/\/schema.org\",\"@graph\":[{\"@type\":\"WebPage\",\"@id\":\"https:\/\/festivalsonomundo.com\/index.php\/festival-sonomundo-2024\/\",\"url\":\"https:\/\/festivalsonomundo.com\/index.php\/festival-sonomundo-2024\/\",\"name\":\"Festival Sonomundo 3e \u00e9dition - Festival SONOMUNDO\",\"isPartOf\":{\"@id\":\"https:\/\/festivalsonomundo.com\/#website\"},\"primaryImageOfPage\":{\"@id\":\"https:\/\/festivalsonomundo.com\/index.php\/festival-sonomundo-2024\/#primaryimage\"},\"image\":{\"@id\":\"https:\/\/festivalsonomundo.com\/index.php\/festival-sonomundo-2024\/#primaryimage\"},\"thumbnailUrl\":\"http:\/\/festivalsonomundo.com\/wp-content\/uploads\/2022\/11\/Photo-Groupe-v2-1024x677.jpg\",\"datePublished\":\"2024-11-08T19:16:13+00:00\",\"dateModified\":\"2024-11-14T11:55:41+00:00\",\"breadcrumb\":{\"@id\":\"https:\/\/festivalsonomundo.com\/index.php\/festival-sonomundo-2024\/#breadcrumb\"},\"inLanguage\":\"en-US\",\"potentialAction\":[{\"@type\":\"ReadAction\",\"target\":[\"https:\/\/festivalsonomundo.com\/index.php\/festival-sonomundo-2024\/\"]}]},{\"@type\":\"ImageObject\",\"inLanguage\":\"en-US\",\"@id\":\"https:\/\/festivalsonomundo.com\/index.php\/festival-sonomundo-2024\/#primaryimage\",\"url\":\"https:\/\/festivalsonomundo.com\/wp-content\/uploads\/2022\/11\/Photo-Groupe-v2-scaled.jpg\",\"contentUrl\":\"https:\/\/festivalsonomundo.com\/wp-content\/uploads\/2022\/11\/Photo-Groupe-v2-scaled.jpg\",\"width\":2560,\"height\":1694},{\"@type\":\"BreadcrumbList\",\"@id\":\"https:\/\/festivalsonomundo.com\/index.php\/festival-sonomundo-2024\/#breadcrumb\",\"itemListElement\":[{\"@type\":\"ListItem\",\"position\":1,\"name\":\"Home\",\"item\":\"https:\/\/festivalsonomundo.com\/\"},{\"@type\":\"ListItem\",\"position\":2,\"name\":\"Festival Sonomundo 3e \u00e9dition\"}]},{\"@type\":\"WebSite\",\"@id\":\"https:\/\/festivalsonomundo.com\/#website\",\"url\":\"https:\/\/festivalsonomundo.com\/\",\"name\":\"Festival SONOMUNDO\",\"description\":\"27, 28, 29 novembre 2025  Biblioth\u00e8que musicale La Grange-Fleuret\",\"publisher\":{\"@id\":\"https:\/\/festivalsonomundo.com\/#organization\"},\"potentialAction\":[{\"@type\":\"SearchAction\",\"target\":{\"@type\":\"EntryPoint\",\"urlTemplate\":\"https:\/\/festivalsonomundo.com\/?s={search_term_string}\"},\"query-input\":{\"@type\":\"PropertyValueSpecification\",\"valueRequired\":true,\"valueName\":\"search_term_string\"}}],\"inLanguage\":\"en-US\"},{\"@type\":\"Organization\",\"@id\":\"https:\/\/festivalsonomundo.com\/#organization\",\"name\":\"SONOMUNDO\",\"url\":\"https:\/\/festivalsonomundo.com\/\",\"logo\":{\"@type\":\"ImageObject\",\"inLanguage\":\"en-US\",\"@id\":\"https:\/\/festivalsonomundo.com\/#\/schema\/logo\/image\/\",\"url\":\"https:\/\/festivalsonomundo.com\/wp-content\/uploads\/2022\/10\/BAT_SONOMUNDO_LOGO_OK.png\",\"contentUrl\":\"https:\/\/festivalsonomundo.com\/wp-content\/uploads\/2022\/10\/BAT_SONOMUNDO_LOGO_OK.png\",\"width\":2141,\"height\":886,\"caption\":\"SONOMUNDO\"},\"image\":{\"@id\":\"https:\/\/festivalsonomundo.com\/#\/schema\/logo\/image\/\"},\"sameAs\":[\"https:\/\/m.facebook.com\/p\/Festival-Sonomundo-100087265804317\/\",\"https:\/\/www.instagram.com\/festivalsonomundo\/\"]}]}<\/script>\n<!-- \/ Yoast SEO plugin. -->","yoast_head_json":{"title":"Festival Sonomundo 3e \u00e9dition - Festival SONOMUNDO","robots":{"index":"index","follow":"follow","max-snippet":"max-snippet:-1","max-image-preview":"max-image-preview:large","max-video-preview":"max-video-preview:-1"},"canonical":"https:\/\/festivalsonomundo.com\/index.php\/festival-sonomundo-2024\/","og_locale":"en_US","og_type":"article","og_title":"Festival Sonomundo 3e \u00e9dition - Festival SONOMUNDO","og_description":"\u00c9dito \u00a0 L\u2019\u00e9dition 2024 du festival Sonomundo se tiendra du jeudi 28 au samedi 30 novembre \u00e0 la Biblioth\u00e8que Musicale La Grange-Fleuret, situ\u00e9e dans le 8\u00e8me arrondissement de Paris. Cette \u00e9dition proposera au public de d\u00e9couvrir de nouveaux itin\u00e9raires musicaux, les conduisant du Br\u00e9sil aux \u00c9tats-Unis, du Japon au P\u00e9rou, de la Russie \u00e0 la &hellip; Read more \"Festival Sonomundo 3e \u00e9dition\"","og_url":"https:\/\/festivalsonomundo.com\/index.php\/festival-sonomundo-2024\/","og_site_name":"Festival SONOMUNDO","article_publisher":"https:\/\/m.facebook.com\/p\/Festival-Sonomundo-100087265804317\/","article_modified_time":"2024-11-14T11:55:41+00:00","og_image":[{"url":"http:\/\/festivalsonomundo.com\/wp-content\/uploads\/2022\/11\/Photo-Groupe-v2-1024x677.jpg","type":"","width":"","height":""}],"twitter_card":"summary_large_image","twitter_misc":{"Est. reading time":"5 minutes"},"schema":{"@context":"https:\/\/schema.org","@graph":[{"@type":"WebPage","@id":"https:\/\/festivalsonomundo.com\/index.php\/festival-sonomundo-2024\/","url":"https:\/\/festivalsonomundo.com\/index.php\/festival-sonomundo-2024\/","name":"Festival Sonomundo 3e \u00e9dition - Festival SONOMUNDO","isPartOf":{"@id":"https:\/\/festivalsonomundo.com\/#website"},"primaryImageOfPage":{"@id":"https:\/\/festivalsonomundo.com\/index.php\/festival-sonomundo-2024\/#primaryimage"},"image":{"@id":"https:\/\/festivalsonomundo.com\/index.php\/festival-sonomundo-2024\/#primaryimage"},"thumbnailUrl":"http:\/\/festivalsonomundo.com\/wp-content\/uploads\/2022\/11\/Photo-Groupe-v2-1024x677.jpg","datePublished":"2024-11-08T19:16:13+00:00","dateModified":"2024-11-14T11:55:41+00:00","breadcrumb":{"@id":"https:\/\/festivalsonomundo.com\/index.php\/festival-sonomundo-2024\/#breadcrumb"},"inLanguage":"en-US","potentialAction":[{"@type":"ReadAction","target":["https:\/\/festivalsonomundo.com\/index.php\/festival-sonomundo-2024\/"]}]},{"@type":"ImageObject","inLanguage":"en-US","@id":"https:\/\/festivalsonomundo.com\/index.php\/festival-sonomundo-2024\/#primaryimage","url":"https:\/\/festivalsonomundo.com\/wp-content\/uploads\/2022\/11\/Photo-Groupe-v2-scaled.jpg","contentUrl":"https:\/\/festivalsonomundo.com\/wp-content\/uploads\/2022\/11\/Photo-Groupe-v2-scaled.jpg","width":2560,"height":1694},{"@type":"BreadcrumbList","@id":"https:\/\/festivalsonomundo.com\/index.php\/festival-sonomundo-2024\/#breadcrumb","itemListElement":[{"@type":"ListItem","position":1,"name":"Home","item":"https:\/\/festivalsonomundo.com\/"},{"@type":"ListItem","position":2,"name":"Festival Sonomundo 3e \u00e9dition"}]},{"@type":"WebSite","@id":"https:\/\/festivalsonomundo.com\/#website","url":"https:\/\/festivalsonomundo.com\/","name":"Festival SONOMUNDO","description":"27, 28, 29 novembre 2025  Biblioth\u00e8que musicale La Grange-Fleuret","publisher":{"@id":"https:\/\/festivalsonomundo.com\/#organization"},"potentialAction":[{"@type":"SearchAction","target":{"@type":"EntryPoint","urlTemplate":"https:\/\/festivalsonomundo.com\/?s={search_term_string}"},"query-input":{"@type":"PropertyValueSpecification","valueRequired":true,"valueName":"search_term_string"}}],"inLanguage":"en-US"},{"@type":"Organization","@id":"https:\/\/festivalsonomundo.com\/#organization","name":"SONOMUNDO","url":"https:\/\/festivalsonomundo.com\/","logo":{"@type":"ImageObject","inLanguage":"en-US","@id":"https:\/\/festivalsonomundo.com\/#\/schema\/logo\/image\/","url":"https:\/\/festivalsonomundo.com\/wp-content\/uploads\/2022\/10\/BAT_SONOMUNDO_LOGO_OK.png","contentUrl":"https:\/\/festivalsonomundo.com\/wp-content\/uploads\/2022\/10\/BAT_SONOMUNDO_LOGO_OK.png","width":2141,"height":886,"caption":"SONOMUNDO"},"image":{"@id":"https:\/\/festivalsonomundo.com\/#\/schema\/logo\/image\/"},"sameAs":["https:\/\/m.facebook.com\/p\/Festival-Sonomundo-100087265804317\/","https:\/\/www.instagram.com\/festivalsonomundo\/"]}]}},"_links":{"self":[{"href":"https:\/\/festivalsonomundo.com\/index.php\/wp-json\/wp\/v2\/pages\/1953","targetHints":{"allow":["GET"]}}],"collection":[{"href":"https:\/\/festivalsonomundo.com\/index.php\/wp-json\/wp\/v2\/pages"}],"about":[{"href":"https:\/\/festivalsonomundo.com\/index.php\/wp-json\/wp\/v2\/types\/page"}],"author":[{"embeddable":true,"href":"https:\/\/festivalsonomundo.com\/index.php\/wp-json\/wp\/v2\/users\/1"}],"replies":[{"embeddable":true,"href":"https:\/\/festivalsonomundo.com\/index.php\/wp-json\/wp\/v2\/comments?post=1953"}],"version-history":[{"count":16,"href":"https:\/\/festivalsonomundo.com\/index.php\/wp-json\/wp\/v2\/pages\/1953\/revisions"}],"predecessor-version":[{"id":2051,"href":"https:\/\/festivalsonomundo.com\/index.php\/wp-json\/wp\/v2\/pages\/1953\/revisions\/2051"}],"wp:attachment":[{"href":"https:\/\/festivalsonomundo.com\/index.php\/wp-json\/wp\/v2\/media?parent=1953"}],"curies":[{"name":"wp","href":"https:\/\/api.w.org\/{rel}","templated":true}]}}