{"id":282,"date":"2022-10-11T23:38:42","date_gmt":"2022-10-11T21:38:42","guid":{"rendered":"http:\/\/festivalsonomundo.com\/?page_id=282"},"modified":"2023-08-28T11:07:29","modified_gmt":"2023-08-28T09:07:29","slug":"musiciens-ensemble","status":"publish","type":"page","link":"https:\/\/festivalsonomundo.com\/index.php\/editions-passees\/edition-2022\/musiciens-ensemble\/","title":{"rendered":"Compositeurs &#038; ensemble"},"content":{"rendered":"\n<div class=\"wp-block-group alignfull has-background is-layout-flow wp-block-group-is-layout-flow\" style=\"background-color:#f2f0e9\">\n<div style=\"height:200px\" aria-hidden=\"true\" class=\"wp-block-spacer\"><\/div>\n\n\n\n<div class=\"wp-block-columns alignwide are-vertically-aligned-center is-layout-flex wp-container-core-columns-is-layout-28f84493 wp-block-columns-is-layout-flex\">\n<div class=\"wp-block-column is-layout-flow wp-block-column-is-layout-flow\" style=\"flex-basis:50%\">\n<p class=\"has-text-color\" style=\"color:#1d1d35;font-size:clamp(18.959px, 1.185rem + ((1vw - 3.2px) * 0.783), 30px);line-height:1.1\"><strong>Ensemble Regards<\/strong><\/p>\n<\/div>\n\n\n\n<div class=\"wp-block-column is-layout-flow wp-block-column-is-layout-flow\" style=\"flex-basis:50%\">\n<hr class=\"wp-block-separator has-text-color has-css-opacity has-background is-style-wide\" style=\"background-color:#000000;color:#000000\"\/>\n<\/div>\n<\/div>\n\n\n\n<div class=\"wp-block-columns alignwide is-layout-flex wp-container-core-columns-is-layout-28f84493 wp-block-columns-is-layout-flex\">\n<div class=\"wp-block-column is-layout-flow wp-block-column-is-layout-flow\">\n<figure class=\"wp-block-image size-large\"><img fetchpriority=\"high\" decoding=\"async\" width=\"1024\" height=\"768\" src=\"https:\/\/festivalsonomundo.com\/wp-content\/uploads\/2022\/07\/cropped-IMG_5611-scaled-1-1024x768.jpg\" alt=\"\" class=\"wp-image-29\" srcset=\"https:\/\/festivalsonomundo.com\/wp-content\/uploads\/2022\/07\/cropped-IMG_5611-scaled-1-1024x768.jpg 1024w, https:\/\/festivalsonomundo.com\/wp-content\/uploads\/2022\/07\/cropped-IMG_5611-scaled-1-300x225.jpg 300w, https:\/\/festivalsonomundo.com\/wp-content\/uploads\/2022\/07\/cropped-IMG_5611-scaled-1-768x576.jpg 768w, https:\/\/festivalsonomundo.com\/wp-content\/uploads\/2022\/07\/cropped-IMG_5611-scaled-1-1536x1152.jpg 1536w, https:\/\/festivalsonomundo.com\/wp-content\/uploads\/2022\/07\/cropped-IMG_5611-scaled-1.jpg 2000w\" sizes=\"(max-width: 1024px) 100vw, 1024px\" \/><\/figure>\n<\/div>\n\n\n\n<div class=\"wp-block-column is-layout-flow wp-block-column-is-layout-flow\">\n<p class=\"has-text-color\" style=\"color:#444444\">Fond\u00e9 en 2013, l\u2019Ensemble Regards donne des concerts, spectacles et performances. <strong>L\u2019enjeu est de proposer une exp\u00e9rience renouvel\u00e9e de l\u2019\u00e9coute et de faire (re)d\u00e9couvrir des \u0153uvres marquantes du XXe et XXIe si\u00e8cle.<\/strong> Ouvert \u00e0 la sc\u00e8ne, ils font <strong>dialoguer la cr\u00e9ation musicale avec les arts de la sc\u00e8ne<\/strong> par une exploration pluridisciplinaire associant des artistes d\u2019horizons diff\u00e9rents, la chor\u00e9graphie, le mime contemporain, le texte. Chaque projet s\u2019inscrit dans une dimension exploratoire dont le but est d\u2019<strong>amener le spectateur dans un face-\u00e0-face en lui faisant vivre une exp\u00e9rience singuli\u00e8re de la musique et de la sc\u00e8ne<\/strong>.<\/p>\n<\/div>\n\n\n\n<div class=\"wp-block-column is-layout-flow wp-block-column-is-layout-flow\">\n<p class=\"has-text-color has-extra-small-font-size\" style=\"color:#444444\">La proximit\u00e9 avec les compositrices et compositeurs y est essentiel. Ils sont invit\u00e9s \u00e0 cr\u00e9er de nouvelles \u0153uvres musicales. A travers leurs cr\u00e9ations, les artistes livrent un t\u00e9moignage fort et tangible, dont le sens s\u2019accroit avec la confrontation de visions et d\u2019exp\u00e9riences individuelles. Depuis 2017, date \u00e0 laquelle Regards s\u2019est implant\u00e9 \u00e0 Pau, l\u2019ensemble est attentif \u00e0 partager la cr\u00e9ation musicale d\u2019aujourd\u2019hui \u00e0 un large public de la r\u00e9gion Nouvelle-Aquitaine. L\u2019ensemble Regards d\u00e9veloppe \u00e9galement son action au travers de partenariats avec les conservatoires et les \u00e9tablissements publics locaux.<\/p>\n\n\n\n<div class=\"wp-block-buttons is-layout-flex wp-block-buttons-is-layout-flex\">\n<div class=\"wp-block-button has-custom-width wp-block-button__width-100 has-custom-font-size is-style-outline has-small-font-size is-style-outline--1\"><a class=\"wp-block-button__link has-text-color wp-element-button\" href=\"https:\/\/ensembleregards.com\/\" style=\"border-radius:22px;color:#444444\" target=\"_blank\" rel=\"noreferrer noopener\">Site internet<\/a><\/div>\n<\/div>\n<\/div>\n<\/div>\n<\/div>\n\n\n\n<div class=\"wp-block-group alignfull has-background is-layout-flow wp-block-group-is-layout-flow\" style=\"background-color:#f2f0e9\">\n<div style=\"height:36px\" aria-hidden=\"true\" class=\"wp-block-spacer\"><\/div>\n\n\n\n<div class=\"wp-block-columns alignwide are-vertically-aligned-center is-layout-flex wp-container-core-columns-is-layout-28f84493 wp-block-columns-is-layout-flex\">\n<div class=\"wp-block-column is-layout-flow wp-block-column-is-layout-flow\" style=\"flex-basis:50%\">\n<p class=\"has-text-color\" style=\"color:#1d1d35;font-size:clamp(18.959px, 1.185rem + ((1vw - 3.2px) * 0.783), 30px);line-height:1.1\"><strong>Maya Villanueva, soprano<\/strong><\/p>\n<\/div>\n\n\n\n<div class=\"wp-block-column is-layout-flow wp-block-column-is-layout-flow\" style=\"flex-basis:50%\">\n<hr class=\"wp-block-separator has-text-color has-css-opacity has-background is-style-wide\" style=\"background-color:#000000;color:#000000\"\/>\n<\/div>\n<\/div>\n\n\n\n<div class=\"wp-block-columns alignwide is-layout-flex wp-container-core-columns-is-layout-28f84493 wp-block-columns-is-layout-flex\">\n<div class=\"wp-block-column is-layout-flow wp-block-column-is-layout-flow\">\n<figure class=\"wp-block-image alignright size-large\"><img decoding=\"async\" width=\"682\" height=\"1024\" src=\"https:\/\/festivalsonomundo.com\/wp-content\/uploads\/2022\/10\/Maya_Villanueva_JBM6101-\u00a9Jean-Baptiste-Millot-682x1024.jpg\" alt=\"\" class=\"wp-image-176\" srcset=\"https:\/\/festivalsonomundo.com\/wp-content\/uploads\/2022\/10\/Maya_Villanueva_JBM6101-\u00a9Jean-Baptiste-Millot-682x1024.jpg 682w, https:\/\/festivalsonomundo.com\/wp-content\/uploads\/2022\/10\/Maya_Villanueva_JBM6101-\u00a9Jean-Baptiste-Millot-200x300.jpg 200w, https:\/\/festivalsonomundo.com\/wp-content\/uploads\/2022\/10\/Maya_Villanueva_JBM6101-\u00a9Jean-Baptiste-Millot-768x1153.jpg 768w, https:\/\/festivalsonomundo.com\/wp-content\/uploads\/2022\/10\/Maya_Villanueva_JBM6101-\u00a9Jean-Baptiste-Millot-1023x1536.jpg 1023w, https:\/\/festivalsonomundo.com\/wp-content\/uploads\/2022\/10\/Maya_Villanueva_JBM6101-\u00a9Jean-Baptiste-Millot-1364x2048.jpg 1364w, https:\/\/festivalsonomundo.com\/wp-content\/uploads\/2022\/10\/Maya_Villanueva_JBM6101-\u00a9Jean-Baptiste-Millot.jpg 1417w\" sizes=\"(max-width: 682px) 100vw, 682px\" \/><figcaption class=\"wp-element-caption\">\u00a9 Jean-Baptiste Millot<\/figcaption><\/figure>\n<\/div>\n\n\n\n<div class=\"wp-block-column is-layout-flow wp-block-column-is-layout-flow\">\n<p class=\"has-text-color\" style=\"color:#444444\">N\u00e9e \u00e0 Paris et d\u2019origine p\u00e9ruvienne, Maya est issue d\u2019une famille d\u2019artistes. Elle commence la musique par l\u2019apprentissage du violon et du piano et int\u00e8gre \u00e0 l\u2019\u00e2ge de dix ans la Ma\u00eetrise de Radio France, o\u00f9 elle acquiert une solide formation musicale et sc\u00e9nique et chante sous la direction de chefs tels que Seiji Ozawa, Kent Nagano, James Conlon, Charles Dutoit\u2026 Elle \u00e9tudie par la suite au CNSM de Paris puis re\u00e7oit les conseils de Sophie Herv\u00e9 et Annick Massis. Elle compl\u00e8te sa formation par l\u2019apprentissage du baroque avec Nicolau de Figueiredo, Leonardo Garc\u00eda Alarc\u00f3n, Andreas Scholl et \u00e9tudie la m\u00e9lodie et le lied aupr\u00e8s de Patrick Cohen, Maciej Pikulski, Fran\u00e7ois Le Roux, Jeff Cohen, Christian Ivaldi.<\/p>\n\n\n\n<p class=\"has-text-color\" style=\"color:#444444\">Soprano lyrique l\u00e9ger, Maya Villanueva met sa voix au service de nombreuses esth\u00e9tiques, depuis le r\u00e9pertoire baroque et mozartien jusqu\u2019au XX\u00e8me, en passant par la m\u00e9lodie fran\u00e7aise et le r\u00e9pertoire hispano-am\u00e9ricain. Elle d\u00e9fend \u00e9galement la musique des compositeurs d\u2019aujourd\u2019hui sur sc\u00e8ne comme au disque.<\/p>\n\n\n\n<p class=\"has-text-color\" style=\"color:#444444\">Elle incarne en mai 2018 le r\u00f4le-titre dans l\u2019op\u00e9ra de Beno\u00eet Menut Fando et Lis \u00e0 l\u2019Op\u00e9ra de Saint- \u00c9tienne (dir. Daniel Kawka), cr\u00e9ation qui remporte un grand succ\u00e8s aupr\u00e8s du public et de la presse. Elle collabore aussi avec Micha\u00ebl Levinas lors de la cr\u00e9ation de son dernier op\u00e9ra Le Petit Prince au Th\u00e9\u00e2tre du Ch\u00e2telet, \u00e0 l\u2019Op\u00e9ra de Lausanne et \u00e0 l\u2019Op\u00e9ra de Lille (doublure du r\u00f4le-titre). Elle est \u00e9galement la cr\u00e9atrice d\u2019oeuvres de Graciane Finzi, Gabriel Sivak, Magic Malik et Prabhu Edouard. Elle est en octobre 2019 la soliste des Enfants du Marais de Suzanne Giraud et Pascal Quignard, cr\u00e9ation avec l\u2019Orchestre Philharmonique et la Ma\u00eetrise de Radio France, en partenariat avec France Culture.<\/p>\n<\/div>\n\n\n\n<div class=\"wp-block-column is-layout-flow wp-block-column-is-layout-flow\">\n<p class=\"has-text-color has-extra-small-font-size\" style=\"color:#444444\">Les \u00ceLES, son nouveau disque sur la musique de Beno\u00eet Menut, aux c\u00f4t\u00e9s d\u2019Emmanuelle Bertrand et de l\u2019ensemble Syntonia, est sorti en juin 2020 (Harmonia Mundi International).<br>Sa discographie comprend l\u2019int\u00e9grale des m\u00e9lodies pour voix et piano d\u2019Alberto Ginastera et des m\u00e9lodies de Claude Debussy (Klarthe Records).<\/p>\n\n\n\n<p class=\"has-text-color\" style=\"color:#444444\">Sur sc\u00e8ne elle chante des r\u00f4les tels que Barbarina, Suzanna (Mozart, Le Nozze di Figaro), Drusilla (Monteverdi, L\u2019Incoronazione di Poppea), Amour (Gluck, Orph\u00e9e et Eurydice), Elisa (Mozart, Il Re Pastore).<br>Elle donne \u00e9galement de nombreux r\u00e9citals : Lima (P\u00e9rou), Trondheim (Norv\u00e8ge), Festival Royaumont, Paris Salle Gaveau, Salle Cortot, Festival de Saintes, Mercredis Musicaux de l\u2019Op\u00e9ra de Lille, Musique \u00e0 Groix, festivals Tempo du Croisic, de Kersaint, de Chaillol, Autour du Ventoux\u2026<\/p>\n\n\n\n<p class=\"has-text-color\" style=\"color:#444444\">Parmi ses projets pour 2021-22, citons le r\u00f4le d\u2019Yniold (Debussy, Pell\u00e9as et M\u00e9lisande) sous la direction de Fr\u00e9d\u00e9ric Chaslin, le r\u00f4le de Bastienne (Mozart, Bastien et Bastienne) sous la direction d\u2019Alejandro Sandler. Elle sera \u00e9galement invit\u00e9e dans de nombreux festivals, notamment \u00e0 la Quinzaine culturelle du P\u00e9rou \u2013 Quipus 2021 o\u00f9 elle cr\u00e9era deux nouvelles oeuvres des compositeurs Fernando Varcarcel et Vincent Trollet.<\/p>\n\n\n\n<p class=\"has-text-color\" style=\"color:#444444\">Ce concert pour le festival SONOMUNDO est r\u00e9alis\u00e9 avec le soutien avec l\u2019Ambassade du P\u00e9rou en France, la Fondation Tissier \u2013 Grandpierre, la SACEM et la SPEDIDAM.<\/p>\n\n\n\n<div class=\"wp-block-buttons is-layout-flex wp-block-buttons-is-layout-flex\">\n<div class=\"wp-block-button has-custom-width wp-block-button__width-100 has-custom-font-size is-style-outline has-small-font-size is-style-outline--2\"><a class=\"wp-block-button__link has-text-color wp-element-button\" href=\"https:\/\/www.mayavillanueva.com\/\" style=\"border-radius:22px;color:#444444\" target=\"_blank\" rel=\"noreferrer noopener\">Site internet<\/a><\/div>\n<\/div>\n<\/div>\n<\/div>\n<\/div>\n\n\n\n<div class=\"wp-block-group alignfull has-background is-layout-flow wp-block-group-is-layout-flow\" style=\"background-color:#f2f0e9\">\n<div style=\"height:36px\" aria-hidden=\"true\" class=\"wp-block-spacer\"><\/div>\n\n\n\n<div class=\"wp-block-columns alignwide are-vertically-aligned-center is-layout-flex wp-container-core-columns-is-layout-28f84493 wp-block-columns-is-layout-flex\">\n<div class=\"wp-block-column is-layout-flow wp-block-column-is-layout-flow\" style=\"flex-basis:50%\">\n<p class=\"has-text-color\" style=\"color:#1d1d35;font-size:clamp(18.959px, 1.185rem + ((1vw - 3.2px) * 0.783), 30px);line-height:1.1\"><strong>Juan Arroyo, compositeur<\/strong><\/p>\n<\/div>\n\n\n\n<div class=\"wp-block-column is-layout-flow wp-block-column-is-layout-flow\" style=\"flex-basis:50%\">\n<hr class=\"wp-block-separator has-text-color has-css-opacity has-background is-style-wide\" style=\"background-color:#000000;color:#000000\"\/>\n<\/div>\n<\/div>\n\n\n\n<div class=\"wp-block-columns alignwide is-layout-flex wp-container-core-columns-is-layout-28f84493 wp-block-columns-is-layout-flex\">\n<div class=\"wp-block-column is-layout-flow wp-block-column-is-layout-flow\">\n<figure class=\"wp-block-image size-large\"><img decoding=\"async\" width=\"1024\" height=\"656\" src=\"https:\/\/festivalsonomundo.com\/wp-content\/uploads\/2022\/10\/Juan-Portrait_@Kamir_Meridja.1-1024x656.jpg\" alt=\"\" class=\"wp-image-175\" srcset=\"https:\/\/festivalsonomundo.com\/wp-content\/uploads\/2022\/10\/Juan-Portrait_@Kamir_Meridja.1-1024x656.jpg 1024w, https:\/\/festivalsonomundo.com\/wp-content\/uploads\/2022\/10\/Juan-Portrait_@Kamir_Meridja.1-300x192.jpg 300w, https:\/\/festivalsonomundo.com\/wp-content\/uploads\/2022\/10\/Juan-Portrait_@Kamir_Meridja.1-768x492.jpg 768w, https:\/\/festivalsonomundo.com\/wp-content\/uploads\/2022\/10\/Juan-Portrait_@Kamir_Meridja.1-1536x984.jpg 1536w, https:\/\/festivalsonomundo.com\/wp-content\/uploads\/2022\/10\/Juan-Portrait_@Kamir_Meridja.1-2048x1312.jpg 2048w, https:\/\/festivalsonomundo.com\/wp-content\/uploads\/2022\/10\/Juan-Portrait_@Kamir_Meridja.1-2000x1282.jpg 2000w\" sizes=\"(max-width: 1024px) 100vw, 1024px\" \/><figcaption class=\"wp-element-caption\">\u00a9 Kamir Meridja<\/figcaption><\/figure>\n<\/div>\n\n\n\n<div class=\"wp-block-column is-layout-flow wp-block-column-is-layout-flow\">\n<p class=\"has-text-color\" style=\"color:#444444\">Compositeur en r\u00e9sidence au Centre Henri Pousseur (2014), \u00e0 l\u2019IRCAM (2015), \u00e0 la Cit\u00e9 Internationale des Arts (2015), membre de l\u2019Acad\u00e9mie de France \u00e0 Madrid-Casa de Velazquez (2016), compositeur en r\u00e9sidence au Centre de cr\u00e9ation musicale Art Zoyd (2017), membre de l\u2019Acad\u00e9mie de France \u00e0 Rome-Villa M\u00e9dicis (2017), de l\u2019Orchestre National du P\u00e9rou (2019),&nbsp;<strong>Juan Arroyo est actuellement directeur artistique et musical de l\u2019ensemble Regards et membre du Conseil Artistique de la Casa de Velasquez.<\/strong><\/p>\n\n\n\n<p class=\"has-text-color\" style=\"color:#444444\">Juan Arroyo est n\u00e9 \u00e0 Lima, au P\u00e9rou. Il a \u00e9tudi\u00e9 la composition aux Conservatoires de Lima et de Bordeaux ainsi qu\u2019au Conservatoire National de Musique et de Danse de Paris. Il approfondit ses connaissances musicales dans des formations comme Voix Nouvelles et l\u2019IRCAM. Il a \u00e9t\u00e9 guid\u00e9 par d\u2019\u00e9minents compositeurs tels qu\u2019Allain Gaussin, Jean-Yves Bosseur, Brian Ferneyhough, Heinz Holliger, Henri Pousseur, Mauricio Kagel, Michael Levinas, Luis Na\u00f3n et Stefano Gervasoni.<\/p>\n\n\n\n<p class=\"has-text-color\" style=\"color:#444444\">Sa musique a \u00e9t\u00e9 r\u00e9compens\u00e9e par de nombreux prix tels que le prix de la Fondation Salabert (2013) et le prix de l\u2019Acad\u00e9mie des Beaux-Arts de France (2015). <\/p>\n<\/div>\n\n\n\n<div class=\"wp-block-column is-layout-flow wp-block-column-is-layout-flow\">\n<p class=\"has-text-color has-extra-small-font-size\" style=\"color:#444444\">Il re\u00e7oit des commandes prestigieuses du Minist\u00e8re de la Culture, de Radio France, du Centre Henri Pousseur, de la SACEM, et du Donaueschinguen Musiktage. Ses \u0153uvres sont interpr\u00e9t\u00e9es par d\u2019\u00e9minents musiciens tels que l\u2019Ensemble Intercontemporain, L\u2019Itin\u00e9raire, Linea, LAPS, L\u2019Arsenale, Proxima Centauri, Sonido Extremo, Orquesta Nacional de Per\u00fa, Vertixe Sonora et le Quatuor Tana. Sa musique est jou\u00e9e dans de grands festivals tels que Ars Musica, Pr\u00e9sences, Cervantino, La Chaise-Dieu, Ensems et \u00a1Viva Villa!<\/p>\n\n\n\n<p class=\"has-text-color\" style=\"color:#444444\"><strong>Son travail de composition s\u2019articule autour de l\u2019hybridation sonore.<\/strong>&nbsp;En effet, en 2014, il entame une \u00e9tape fondamentale de son travail artistique avec la construction de nouveaux instruments capables de transmuter leur son, les&nbsp;<strong>TanaInstruments<\/strong>. Cela lui a permis&nbsp;<strong>d\u2019hybrider les indices perceptifs des sons<\/strong>&nbsp;afin de r\u00e9v\u00e9ler la nature \u00e9vocatrice et irrationnelle de leur substance, les rendant parfois \u00e9nigmatiques.<\/p>\n\n\n\n<div class=\"wp-block-buttons is-layout-flex wp-block-buttons-is-layout-flex\">\n<div class=\"wp-block-button has-custom-width wp-block-button__width-100 has-custom-font-size is-style-outline has-small-font-size is-style-outline--3\"><a class=\"wp-block-button__link has-text-color wp-element-button\" href=\"http:\/\/www.juan-arroyo.com\/\" style=\"border-radius:22px;color:#444444\" target=\"_blank\" rel=\"noreferrer noopener\">Site internet<\/a><\/div>\n<\/div>\n<\/div>\n<\/div>\n<\/div>\n\n\n\n<div class=\"wp-block-group alignfull has-background is-layout-flow wp-block-group-is-layout-flow\" style=\"background-color:#f2f0e9\">\n<div style=\"height:36px\" aria-hidden=\"true\" class=\"wp-block-spacer\"><\/div>\n\n\n\n<div class=\"wp-block-columns alignwide are-vertically-aligned-center is-layout-flex wp-container-core-columns-is-layout-28f84493 wp-block-columns-is-layout-flex\">\n<div class=\"wp-block-column is-layout-flow wp-block-column-is-layout-flow\" style=\"flex-basis:50%\">\n<p class=\"has-text-color\" style=\"color:#1d1d35;font-size:clamp(18.959px, 1.185rem + ((1vw - 3.2px) * 0.783), 30px);line-height:1.1\"><strong>Vincent Trollet, compositeur<\/strong><\/p>\n<\/div>\n\n\n\n<div class=\"wp-block-column is-layout-flow wp-block-column-is-layout-flow\" style=\"flex-basis:50%\">\n<hr class=\"wp-block-separator has-text-color has-css-opacity has-background is-style-wide\" style=\"background-color:#000000;color:#000000\"\/>\n<\/div>\n<\/div>\n\n\n\n<div class=\"wp-block-columns alignwide is-layout-flex wp-container-core-columns-is-layout-28f84493 wp-block-columns-is-layout-flex\">\n<div class=\"wp-block-column is-layout-flow wp-block-column-is-layout-flow\">\n<figure class=\"wp-block-image size-large\"><img loading=\"lazy\" decoding=\"async\" width=\"1024\" height=\"836\" src=\"https:\/\/festivalsonomundo.com\/wp-content\/uploads\/2022\/10\/Vincent_Trollet-1024x836.jpg\" alt=\"\" class=\"wp-image-180\" srcset=\"https:\/\/festivalsonomundo.com\/wp-content\/uploads\/2022\/10\/Vincent_Trollet-1024x836.jpg 1024w, https:\/\/festivalsonomundo.com\/wp-content\/uploads\/2022\/10\/Vincent_Trollet-300x245.jpg 300w, https:\/\/festivalsonomundo.com\/wp-content\/uploads\/2022\/10\/Vincent_Trollet-768x627.jpg 768w, https:\/\/festivalsonomundo.com\/wp-content\/uploads\/2022\/10\/Vincent_Trollet-1536x1254.jpg 1536w, https:\/\/festivalsonomundo.com\/wp-content\/uploads\/2022\/10\/Vincent_Trollet-2048x1672.jpg 2048w, https:\/\/festivalsonomundo.com\/wp-content\/uploads\/2022\/10\/Vincent_Trollet-2000x1633.jpg 2000w\" sizes=\"(max-width: 1024px) 100vw, 1024px\" \/><\/figure>\n<\/div>\n\n\n\n<div class=\"wp-block-column is-layout-flow wp-block-column-is-layout-flow\">\n<p class=\"has-text-color\" style=\"color:#444444\">Membre Artiste de l\u2019Acad\u00e9mie de France \u00e0 Madrid, de la Casa de Velazquez de 2013 \u00e0 2014, s\u00e9lectionn\u00e9 \u00e0 l\u2019Institut Fran\u00e7ais du Maroc pour une r\u00e9sidence artistique en 2015 \u00e0 F\u00e8s, laur\u00e9at 2016 du programme de r\u00e9sidence Hors-les-murs de l\u2019Institut Fran\u00e7ais en musique de cr\u00e9ation.<\/p>\n\n\n\n<p class=\"has-text-color\" style=\"color:#444444\"><strong>Vincent Trollet accorde une grande attention au son de la parole et \u00e0 l\u2019exp\u00e9rience du temps.<\/strong>&nbsp;Il explore le son comme un \u00eatre vivant qu\u2019il traite, entre autres, au moyen de divers exp\u00e9dients, vocaux, instrumentaux, gestuels et sc\u00e9niques. Ne se rattachant pas formellement \u00e0 une esth\u00e9tique dominante de la musique contemporaine, il tient \u00e0 ce que sa musique explore des fronti\u00e8res par l\u2019exp\u00e9rience qui surgit du rapport et de la confrontation avec le th\u00e9\u00e2tre, le texte et la r\u00e9alit\u00e9 virtuelle.<\/p>\n\n\n\n<p class=\"has-text-color\" style=\"color:#444444\">N\u00e9 \u00e0 Pau en 1978, il a commenc\u00e9 par \u00e9tudier le piano et se consacre ensuite \u00e0 la composition. Il \u00e9tudie avec Edith Canat de Chizy la composition au Conservatoire \u00e0 Rayonnement R\u00e9gional de Paris. ll obtient aussi un dipl\u00f4me sup\u00e9rieur en Acoustique Musicale au Conservatoire National Sup\u00e9rieur de Musique de Paris qui lui apporta des connaissances approfondies de l\u2019acoustique et des environnements technologiques. Il choisit ensuite de poursuivre ses \u00e9tudes \u00e0 la Haute Ecole de Musique de Gen\u00e8ve o\u00f9 il obtient un Master en Composition et Th\u00e9orie musicale.<\/p>\n\n\n\n<p class=\"has-text-color\" style=\"color:#444444\">Ses professeurs principaux furent Michael Jarrell (composition), Luis Naon (musique \u00e9lectroacoustique), Eric Daubresse (informatique musicale).<\/p>\n<\/div>\n\n\n\n<div class=\"wp-block-column is-layout-flow wp-block-column-is-layout-flow\">\n<p class=\"has-text-color has-extra-small-font-size\" style=\"color:#444444\">L\u2019ann\u00e9e 2010\/2011 repr\u00e9sente un tournant. Il est admis au cursus d\u2019Informatique Musicale \u00e0 l\u2019IRCAM \u00e0 Paris, o\u00f9 il suit une formation intensive en informatique musicale. Une nouvelle orientation se dessine alors et l\u2019am\u00e8ne \u00e0 explorer des formes exp\u00e9rimentales. C\u2019est aussi le moment o\u00f9 se nouent des rencontres avec d\u2019autres compositeurs de sa g\u00e9n\u00e9ration qui se r\u00e9percuteront quelques mois plus tard, par la fondation d\u2019un collectif, d\u2019o\u00f9 na\u00eetra un ensemble de musique contemporaine, l\u2019Ensemble Regards.<\/p>\n\n\n\n<p class=\"has-text-color\" style=\"color:#444444\">A partir de 2016, il collabore avec Vahram Zaryan, performer et mime, pour la cr\u00e9ation d\u2019un tryptique intitul\u00e9&nbsp;<em>Oblique<\/em>. Ce th\u00e8me s\u2019enrichit de nouvelles significations au fur et \u00e0 mesure des cr\u00e9ations o\u00f9 plusieurs pratiques artistiques sont pr\u00e9sentes : le mime, les arts circassiens, la musique et le texte. En 2019, il \u00e9crit la musique du spectacle <em>Arianna<\/em> dans lequel trois musiciens, une danseuse et un com\u00e9dien cherchent \u00e0 rendre compte de l\u2019exp\u00e9rience limite de deux femmes, I\u2019Arianna mythologique et Valentina Terechkova, premi\u00e8re femme cosmonaute \u00e0 s\u2019\u00eatre rendue dans l\u2019espace.<\/p>\n\n\n\n<p class=\"has-text-color\" style=\"color:#444444\">En 2020, il est cofondateur du collectif Pronaos. Pour le premier projet, le&nbsp;<em>Laboratoire Arianna<\/em>, des mat\u00e9riaux issus de la recherche spatiale ont servi de point de d\u00e9part \u00e0 un partage de pratiques artistiques et \u00e0 l\u2019\u00e9laboration d\u2019un parcours de huit installations sonores et visuelles.<\/p>\n\n\n\n<p class=\"has-text-color\" style=\"color:#444444\">En 2023, il sera invit\u00e9 par l\u2019Institut Fran\u00e7ais de Palerme pour une r\u00e9sidence artistique dans cette ville.<\/p>\n\n\n\n<div class=\"wp-block-buttons is-layout-flex wp-block-buttons-is-layout-flex\">\n<div class=\"wp-block-button has-custom-width wp-block-button__width-100 has-custom-font-size is-style-outline has-small-font-size is-style-outline--4\"><a class=\"wp-block-button__link has-text-color wp-element-button\" href=\"https:\/\/vincent-trollet.com\/\" style=\"border-radius:22px;color:#444444\" target=\"_blank\" rel=\"noreferrer noopener\">Site internet<\/a><\/div>\n<\/div>\n<\/div>\n<\/div>\n<\/div>\n\n\n\n<div class=\"wp-block-group alignfull has-background is-layout-flow wp-block-group-is-layout-flow\" style=\"background-color:#f2f0e9\">\n<div style=\"height:36px\" aria-hidden=\"true\" class=\"wp-block-spacer\"><\/div>\n\n\n\n<div class=\"wp-block-columns alignwide are-vertically-aligned-center is-layout-flex wp-container-core-columns-is-layout-28f84493 wp-block-columns-is-layout-flex\">\n<div class=\"wp-block-column is-layout-flow wp-block-column-is-layout-flow\" style=\"flex-basis:50%\">\n<p class=\"has-text-color\" style=\"color:#1d1d35;font-size:clamp(18.959px, 1.185rem + ((1vw - 3.2px) * 0.783), 30px);line-height:1.1\"><strong>Fernando Valc\u00e1rcel, compositeur en r\u00e9sidence<\/strong><\/p>\n<\/div>\n\n\n\n<div class=\"wp-block-column is-layout-flow wp-block-column-is-layout-flow\" style=\"flex-basis:50%\">\n<hr class=\"wp-block-separator has-text-color has-css-opacity has-background is-style-wide\" style=\"background-color:#000000;color:#000000\"\/>\n<\/div>\n<\/div>\n\n\n\n<div class=\"wp-block-columns alignwide is-layout-flex wp-container-core-columns-is-layout-28f84493 wp-block-columns-is-layout-flex\">\n<div class=\"wp-block-column is-layout-flow wp-block-column-is-layout-flow\">\n<figure class=\"wp-block-image size-large\"><img loading=\"lazy\" decoding=\"async\" width=\"1024\" height=\"524\" src=\"https:\/\/festivalsonomundo.com\/wp-content\/uploads\/2022\/09\/Fernando-Valca\u0301rcel-1024x524.jpg\" alt=\"\" class=\"wp-image-139\" srcset=\"https:\/\/festivalsonomundo.com\/wp-content\/uploads\/2022\/09\/Fernando-Valca\u0301rcel-1024x524.jpg 1024w, https:\/\/festivalsonomundo.com\/wp-content\/uploads\/2022\/09\/Fernando-Valca\u0301rcel-300x153.jpg 300w, https:\/\/festivalsonomundo.com\/wp-content\/uploads\/2022\/09\/Fernando-Valca\u0301rcel-768x393.jpg 768w, https:\/\/festivalsonomundo.com\/wp-content\/uploads\/2022\/09\/Fernando-Valca\u0301rcel.jpg 1332w\" sizes=\"(max-width: 1024px) 100vw, 1024px\" \/><\/figure>\n<\/div>\n\n\n\n<div class=\"wp-block-column is-layout-flow wp-block-column-is-layout-flow\">\n<p class=\"has-text-color\" style=\"color:#444444\">Fernando Valc\u00e1rcel est n\u00e9 \u00e0 Lima le 6 mars 1972. Il est issu d\u2019une famille d\u2019illustres artistes et penseurs p\u00e9ruviens, dont son grand-oncle, Theodoro Valc\u00e1rcel, et son p\u00e8re, Edgar Valc\u00e1rcel, deux des compositeurs p\u00e9ruviens les plus importants mais aussi l\u2019historien Luis E. Valc\u00e1rcel et le po\u00e8te Alberto Valc\u00e1rcel. Fernando Valc\u00e1rcel a commenc\u00e9 ses \u00e9tudes musicales au Conservatoire National de Musique (CNM) en1989. En 1993, il a re\u00e7u une bourse du Curtis Institute of Music de Philadelphie, obtenant son dipl\u00f4me en composition trois ans plus tard. Il a \u00e9galement \u00e9tudi\u00e9 \u00e0 l\u2019Universit\u00e9 McGill de Montr\u00e9al, et en ao\u00fbt 2007, il est dipl\u00f4m\u00e9 en Direction d\u2019Orchestre de la Texas Christian University (TCU).<\/p>\n\n\n\n<p class=\"has-text-color\" style=\"color:#444444\">Tout au long de sa carri\u00e8re, il a re\u00e7u diverses bourses et r\u00e9compenses telles que la bourse sp\u00e9ciale Margot Fonteyn de l\u2019Organisation des \u00c9tats-Unis (OEA) et la bourse du P\u00e9rou du sud \u00e0 Lima; il a particip\u00e9 \u00e0 des festivals et s\u00e9minaires tels que le Festival Domaine Forget au Canada et le Conducting Institute de l\u2019Orchestre symphonique de Fort Worth au Texas.<\/p>\n\n\n\n<p class=\"has-text-color\" style=\"color:#444444\">Il a enseign\u00e9 le solf\u00e8ge et la composition \u00e0 l\u2019Ecole R\u00e9gionale de Musique \u00ab&nbsp;Luis Duncker Lavalle&nbsp;\u00bb d\u2019 Arequipa (1998), au Conservatoire National de Musique (2005, 2009-2011) et \u00e0 l\u2019Universidad Cat\u00f3lica del Per\u00fa (2010).<\/p>\n<\/div>\n\n\n\n<div class=\"wp-block-column is-layout-flow wp-block-column-is-layout-flow\">\n<p class=\"has-text-color has-extra-small-font-size\" style=\"color:#444444\">Depuis 2011, il est directeur de l\u2019 Orchestre Symphonique National (OSN) du P\u00e9rou. Il travaille avec d\u00e9termination \u00e0 renforcer la polyvalence et le dynamisme de l\u2019orchestre, tout en enrichissant sa programmation. Il promeut \u00e9galement l\u2019interpr\u00e9tation d\u2019\u0153uvres de compositeurs p\u00e9ruviens contemporains \u2013 incluant des premi\u00e8res mondiales \u2013 et des \u0153uvres du r\u00e9pertoire universel du XX\u00e8me si\u00e8cle. Au total, il a d\u00e9j\u00e0 assur\u00e9 l\u2019ex\u00e9cution de soixante-treize \u0153uvres de compositeurs p\u00e9ruviens, dont vingt-quatre premi\u00e8res, parmi lesquelles l\u2019op\u00e9ra-ballet Akas K\u00e4\u0161, La Promesa del Guerrero de Nilo Velarde, avec lequel Valc\u00e1rcel a inaugur\u00e9, en 2012, le Grand Th\u00e9\u00e2tre National (GTN), principale sc\u00e8ne p\u00e9ruvienne. Il a aussi r\u00e9alis\u00e9 la cr\u00e9ation au P\u00e9rou d\u2019\u0153uvres de compositeurs majeurs du XX\u00e8me si\u00e8cle tels que Mahler, Lutoslawski , Penderecki\u2026<\/p>\n\n\n\n<p class=\"has-text-color\" style=\"color:#444444\">Il a enfin dirig\u00e9 de grands artistes de notre temps tels que Shlomo Mintz, Roberto D\u00edaz, Jorge Federico Osorio, Wendy Warner et Natasha Paremski mais aussi des figures majeures de la musique populaire p\u00e9ruvienne telles que Tania Libertad, Manuelcha Prado, Jean Pierre Magnet et Lucho Quequezana. En juillet 2012, il partage la sc\u00e8ne avec Pl\u00e1cido Domingo, Ana Mar\u00cda Mart\u00ednez et Eugene Kohn lors de leur tourn\u00e9e au P\u00e9rou.<\/p>\n\n\n\n<p class=\"has-text-color\" style=\"color:#444444\">Il est membre du cercle de composition p\u00e9ruvien (CIRCOMPER).<\/p>\n<\/div>\n<\/div>\n<\/div>\n\n\n\n<div class=\"wp-block-group alignfull has-background is-layout-flow wp-block-group-is-layout-flow\" style=\"background-color:#f2f0e9\">\n<div style=\"height:36px\" aria-hidden=\"true\" class=\"wp-block-spacer\"><\/div>\n\n\n\n<div class=\"wp-block-columns alignwide are-vertically-aligned-center is-layout-flex wp-container-core-columns-is-layout-28f84493 wp-block-columns-is-layout-flex\">\n<div class=\"wp-block-column is-layout-flow wp-block-column-is-layout-flow\" style=\"flex-basis:50%\">\n<p class=\"has-text-color\" style=\"color:#1d1d35;font-size:clamp(18.959px, 1.185rem + ((1vw - 3.2px) * 0.783), 30px);line-height:1.1\"><strong>P\u00eda Alvarado Arr\u00f3spide, Compositrice<\/strong><\/p>\n<\/div>\n\n\n\n<div class=\"wp-block-column is-layout-flow wp-block-column-is-layout-flow\" style=\"flex-basis:50%\">\n<hr class=\"wp-block-separator has-text-color has-css-opacity has-background is-style-wide\" style=\"background-color:#000000;color:#000000\"\/>\n<\/div>\n<\/div>\n\n\n\n<div class=\"wp-block-columns alignwide is-layout-flex wp-container-core-columns-is-layout-28f84493 wp-block-columns-is-layout-flex\">\n<div class=\"wp-block-column is-layout-flow wp-block-column-is-layout-flow\">\n<figure class=\"wp-block-image size-large\"><img loading=\"lazy\" decoding=\"async\" width=\"819\" height=\"1024\" src=\"https:\/\/festivalsonomundo.com\/wp-content\/uploads\/2022\/10\/Pia_Alvarado_@Milena-Espinoza-819x1024.jpg\" alt=\"\" class=\"wp-image-429\" srcset=\"https:\/\/festivalsonomundo.com\/wp-content\/uploads\/2022\/10\/Pia_Alvarado_@Milena-Espinoza-819x1024.jpg 819w, https:\/\/festivalsonomundo.com\/wp-content\/uploads\/2022\/10\/Pia_Alvarado_@Milena-Espinoza-240x300.jpg 240w, https:\/\/festivalsonomundo.com\/wp-content\/uploads\/2022\/10\/Pia_Alvarado_@Milena-Espinoza-768x960.jpg 768w, https:\/\/festivalsonomundo.com\/wp-content\/uploads\/2022\/10\/Pia_Alvarado_@Milena-Espinoza-1229x1536.jpg 1229w, https:\/\/festivalsonomundo.com\/wp-content\/uploads\/2022\/10\/Pia_Alvarado_@Milena-Espinoza.jpg 1280w\" sizes=\"(max-width: 819px) 100vw, 819px\" \/><figcaption class=\"wp-element-caption\">\u00a9 Milena Espinoza<\/figcaption><\/figure>\n<\/div>\n\n\n\n<div class=\"wp-block-column is-layout-flow wp-block-column-is-layout-flow\">\n<p class=\"has-text-color\" style=\"color:#444444\"><strong>Compositrice de musique contemporaine<\/strong>, P\u00eda Alvarado Arr\u00f3spide s\u2019int\u00e9resse \u00e0 la musique de chambre, la musique exp\u00e9rimentale et l&#8217;op\u00e9ra. Elle est <strong>dipl\u00f4m\u00e9e en composition musicale<\/strong> de la Facult\u00e9 des arts du spectacle de l&#8217;<strong>Universit\u00e9 pontificale catholique du P\u00e9rou<\/strong>. Elle effectue actuellement une <strong>ma\u00eetrise en Composition avec les Nouvelles Technologies<\/strong> \u00e0 l&#8217;Universit\u00e9 internationale de La Rioja, en Espagne.<\/p>\n\n\n\n<p class=\"has-text-color\" style=\"color:#444444\">Sa musique, qui cherche \u00e0 explorer les formes, les textures et les timbres pour g\u00e9n\u00e9rer diff\u00e9rentes atmosph\u00e8res, a \u00e9t\u00e9 jou\u00e9e au P\u00e9rou, en France, en Espagne et en Allemagne.<\/p>\n\n\n\n<p class=\"has-text-color\" style=\"color:#444444\">Ces derni\u00e8res ann\u00e9es, elle a particip\u00e9 au FARES-PUCP Premiere Works Concert (2015, 2016, 2018), \u00e0 La Trenza Sonora (2018), au Musuq Composers Concert (2019), au XIX Festival International de Musique de Chambre (2019), au r\u00e9cital Pulsos Lime\u00f1os du Caf\u00e9 Concierto au Foyer du Gran Teatro Nacional (2019), au 2e Festival de jeunes compositeurs du Lima Art Guide (2020), au Concert anniversaire Retama (2021),<\/p>\n<\/div>\n\n\n\n<div class=\"wp-block-column is-layout-flow wp-block-column-is-layout-flow\">\n<p class=\"has-text-color has-extra-small-font-size\" style=\"color:#444444\">au Concert en comm\u00e9moration de la Journ\u00e9e internationale des femmes autochtones du Minist\u00e8re de la culture du P\u00e9rou, du Grand Th\u00e9\u00e2tre national et du projet sp\u00e9cial du bicentenaire (2021), au concert Interlight &#8211; Cirrus Light dans le cadre de la Semaine du son de l&#8217;UNESCO \u00e0 l&#8217;Auditorium de la M\u00e9diath\u00e8que Andr\u00e9 Labarr\u00e8re, Pau &#8211; France (2022), au Concert de Paqari Camerata pour la Journ\u00e9e Internationale de la Femme du Grand Th\u00e9\u00e2tre National et de l&#8217;Ambassade de France au P\u00e9rou (2022), au Experimenta (2022), et au Festival &#8220;Heroines of Sound&#8221; au Radialsystem \u00e0 Berlin (2022).<\/p>\n\n\n\n<p class=\"has-text-color has-extra-small-font-size\" style=\"color:#444444\">Elle est <strong>membre de Retama, le premier groupe de femmes compositrices au P\u00e9rou<\/strong>, et a particip\u00e9 \u00e0 ses deux premiers projets interdisciplinaires <em>Figures<\/em> et <em>Imaginario Fonetico<\/em>.<\/p>\n<\/div>\n<\/div>\n<\/div>\n\n\n\n<div class=\"wp-block-group alignfull has-background is-layout-flow wp-block-group-is-layout-flow\" style=\"background-color:#f2f0e9\">\n<div style=\"height:36px\" aria-hidden=\"true\" class=\"wp-block-spacer\"><\/div>\n\n\n\n<div class=\"wp-block-columns alignwide are-vertically-aligned-center is-layout-flex wp-container-core-columns-is-layout-28f84493 wp-block-columns-is-layout-flex\">\n<div class=\"wp-block-column is-layout-flow wp-block-column-is-layout-flow\" style=\"flex-basis:50%\">\n<p class=\"has-text-color\" style=\"color:#1d1d35;font-size:clamp(18.959px, 1.185rem + ((1vw - 3.2px) * 0.783), 30px);line-height:1.1\"><strong>Reynaldo Pizarro, compositeur<\/strong><\/p>\n<\/div>\n\n\n\n<div class=\"wp-block-column is-layout-flow wp-block-column-is-layout-flow\" style=\"flex-basis:50%\">\n<hr class=\"wp-block-separator has-text-color has-css-opacity has-background is-style-wide\" style=\"background-color:#000000;color:#000000\"\/>\n<\/div>\n<\/div>\n\n\n\n<div class=\"wp-block-columns alignwide is-layout-flex wp-container-core-columns-is-layout-28f84493 wp-block-columns-is-layout-flex\">\n<div class=\"wp-block-column is-layout-flow wp-block-column-is-layout-flow\">\n<figure class=\"wp-block-image size-full is-resized\"><img loading=\"lazy\" decoding=\"async\" src=\"https:\/\/festivalsonomundo.com\/wp-content\/uploads\/2022\/10\/Reynaldo_Pizarro.jpg\" alt=\"\" class=\"wp-image-428\" style=\"width:234px;height:312px\" width=\"234\" height=\"312\" srcset=\"https:\/\/festivalsonomundo.com\/wp-content\/uploads\/2022\/10\/Reynaldo_Pizarro.jpg 768w, https:\/\/festivalsonomundo.com\/wp-content\/uploads\/2022\/10\/Reynaldo_Pizarro-225x300.jpg 225w\" sizes=\"(max-width: 234px) 100vw, 234px\" \/><\/figure>\n<\/div>\n\n\n\n<div class=\"wp-block-column is-layout-flow wp-block-column-is-layout-flow\">\n<p class=\"has-text-color\" style=\"color:#444444\">Reynaldo Pizarro est un jeune compositeur p\u00e9ruvien qui a termin\u00e9 ses \u00e9tudes de composition musicale dans l\u2019une des universit\u00e9s de musique les plus r\u00e9put\u00e9es du P\u00e9rou, l\u2019Universidad Peruana de Ciencias Aplicadas (UPC), sous l\u2019enseignement du ma\u00eetre Jos\u00e9 Sosaya. Il suit actuellement le cycle sp\u00e9cialis\u00e9 en Composition Instrumentale au Conservatoire R\u00e9gional de Paris, sous la direction du professeur Jos\u00e9 Manuel L\u00f3pez L\u00f3pez.<\/p>\n<\/div>\n\n\n\n<div class=\"wp-block-column is-layout-flow wp-block-column-is-layout-flow\"><\/div>\n<\/div>\n<\/div>\n","protected":false},"excerpt":{"rendered":"<p>Ensemble Regards Fond\u00e9 en 2013, l\u2019Ensemble Regards donne des concerts, spectacles et performances. L\u2019enjeu est de proposer une exp\u00e9rience renouvel\u00e9e de l\u2019\u00e9coute et de faire (re)d\u00e9couvrir des \u0153uvres marquantes du XXe et XXIe si\u00e8cle. Ouvert \u00e0 la sc\u00e8ne, ils font dialoguer la cr\u00e9ation musicale avec les arts de la sc\u00e8ne par une exploration pluridisciplinaire associant &hellip; <\/p>\n<p class=\"link-more\"><a href=\"https:\/\/festivalsonomundo.com\/index.php\/editions-passees\/edition-2022\/musiciens-ensemble\/\" class=\"more-link\">Read more<span class=\"screen-reader-text\"> &#8220;Compositeurs &#038; ensemble&#8221;<\/span><\/a><\/p>\n","protected":false},"author":1,"featured_media":0,"parent":807,"menu_order":2,"comment_status":"closed","ping_status":"closed","template":"page-templates\/full-width-no-title.php","meta":{"footnotes":""},"class_list":["post-282","page","type-page","status-publish","hentry"],"yoast_head":"<!-- This site is optimized with the Yoast SEO plugin v25.9 - https:\/\/yoast.com\/wordpress\/plugins\/seo\/ -->\n<title>Compositeurs &amp; ensemble - Festival SONOMUNDO<\/title>\n<meta name=\"robots\" content=\"index, follow, max-snippet:-1, max-image-preview:large, max-video-preview:-1\" \/>\n<link rel=\"canonical\" href=\"https:\/\/festivalsonomundo.com\/index.php\/editions-passees\/edition-2022\/musiciens-ensemble\/\" \/>\n<meta property=\"og:locale\" content=\"en_US\" \/>\n<meta property=\"og:type\" content=\"article\" \/>\n<meta property=\"og:title\" content=\"Compositeurs &amp; ensemble - Festival SONOMUNDO\" \/>\n<meta property=\"og:description\" content=\"Ensemble Regards Fond\u00e9 en 2013, l\u2019Ensemble Regards donne des concerts, spectacles et performances. L\u2019enjeu est de proposer une exp\u00e9rience renouvel\u00e9e de l\u2019\u00e9coute et de faire (re)d\u00e9couvrir des \u0153uvres marquantes du XXe et XXIe si\u00e8cle. Ouvert \u00e0 la sc\u00e8ne, ils font dialoguer la cr\u00e9ation musicale avec les arts de la sc\u00e8ne par une exploration pluridisciplinaire associant &hellip; Read more &quot;Compositeurs &#038; ensemble&quot;\" \/>\n<meta property=\"og:url\" content=\"https:\/\/festivalsonomundo.com\/index.php\/editions-passees\/edition-2022\/musiciens-ensemble\/\" \/>\n<meta property=\"og:site_name\" content=\"Festival SONOMUNDO\" \/>\n<meta property=\"article:publisher\" content=\"https:\/\/m.facebook.com\/p\/Festival-Sonomundo-100087265804317\/\" \/>\n<meta property=\"article:modified_time\" content=\"2023-08-28T09:07:29+00:00\" \/>\n<meta property=\"og:image\" content=\"http:\/\/festivalsonomundo.com\/wp-content\/uploads\/2022\/07\/cropped-IMG_5611-scaled-1-1024x768.jpg\" \/>\n<meta name=\"twitter:card\" content=\"summary_large_image\" \/>\n<meta name=\"twitter:label1\" content=\"Est. reading time\" \/>\n\t<meta name=\"twitter:data1\" content=\"12 minutes\" \/>\n<script type=\"application\/ld+json\" class=\"yoast-schema-graph\">{\"@context\":\"https:\/\/schema.org\",\"@graph\":[{\"@type\":\"WebPage\",\"@id\":\"https:\/\/festivalsonomundo.com\/index.php\/editions-passees\/edition-2022\/musiciens-ensemble\/\",\"url\":\"https:\/\/festivalsonomundo.com\/index.php\/editions-passees\/edition-2022\/musiciens-ensemble\/\",\"name\":\"Compositeurs & ensemble - Festival SONOMUNDO\",\"isPartOf\":{\"@id\":\"https:\/\/festivalsonomundo.com\/#website\"},\"primaryImageOfPage\":{\"@id\":\"https:\/\/festivalsonomundo.com\/index.php\/editions-passees\/edition-2022\/musiciens-ensemble\/#primaryimage\"},\"image\":{\"@id\":\"https:\/\/festivalsonomundo.com\/index.php\/editions-passees\/edition-2022\/musiciens-ensemble\/#primaryimage\"},\"thumbnailUrl\":\"http:\/\/festivalsonomundo.com\/wp-content\/uploads\/2022\/07\/cropped-IMG_5611-scaled-1-1024x768.jpg\",\"datePublished\":\"2022-10-11T21:38:42+00:00\",\"dateModified\":\"2023-08-28T09:07:29+00:00\",\"breadcrumb\":{\"@id\":\"https:\/\/festivalsonomundo.com\/index.php\/editions-passees\/edition-2022\/musiciens-ensemble\/#breadcrumb\"},\"inLanguage\":\"en-US\",\"potentialAction\":[{\"@type\":\"ReadAction\",\"target\":[\"https:\/\/festivalsonomundo.com\/index.php\/editions-passees\/edition-2022\/musiciens-ensemble\/\"]}]},{\"@type\":\"ImageObject\",\"inLanguage\":\"en-US\",\"@id\":\"https:\/\/festivalsonomundo.com\/index.php\/editions-passees\/edition-2022\/musiciens-ensemble\/#primaryimage\",\"url\":\"https:\/\/festivalsonomundo.com\/wp-content\/uploads\/2022\/07\/cropped-IMG_5611-scaled-1.jpg\",\"contentUrl\":\"https:\/\/festivalsonomundo.com\/wp-content\/uploads\/2022\/07\/cropped-IMG_5611-scaled-1.jpg\",\"width\":2000,\"height\":1500},{\"@type\":\"BreadcrumbList\",\"@id\":\"https:\/\/festivalsonomundo.com\/index.php\/editions-passees\/edition-2022\/musiciens-ensemble\/#breadcrumb\",\"itemListElement\":[{\"@type\":\"ListItem\",\"position\":1,\"name\":\"Home\",\"item\":\"https:\/\/festivalsonomundo.com\/\"},{\"@type\":\"ListItem\",\"position\":2,\"name\":\"\u00c9ditions pass\u00e9es\",\"item\":\"https:\/\/festivalsonomundo.com\/index.php\/editions-passees\/\"},{\"@type\":\"ListItem\",\"position\":3,\"name\":\"\u00c9dition 2022\",\"item\":\"https:\/\/festivalsonomundo.com\/index.php\/editions-passees\/edition-2022\/\"},{\"@type\":\"ListItem\",\"position\":4,\"name\":\"Compositeurs &#038; ensemble\"}]},{\"@type\":\"WebSite\",\"@id\":\"https:\/\/festivalsonomundo.com\/#website\",\"url\":\"https:\/\/festivalsonomundo.com\/\",\"name\":\"Festival SONOMUNDO\",\"description\":\"27, 28, 29 novembre 2025  Biblioth\u00e8que musicale La Grange-Fleuret\",\"publisher\":{\"@id\":\"https:\/\/festivalsonomundo.com\/#organization\"},\"potentialAction\":[{\"@type\":\"SearchAction\",\"target\":{\"@type\":\"EntryPoint\",\"urlTemplate\":\"https:\/\/festivalsonomundo.com\/?s={search_term_string}\"},\"query-input\":{\"@type\":\"PropertyValueSpecification\",\"valueRequired\":true,\"valueName\":\"search_term_string\"}}],\"inLanguage\":\"en-US\"},{\"@type\":\"Organization\",\"@id\":\"https:\/\/festivalsonomundo.com\/#organization\",\"name\":\"SONOMUNDO\",\"url\":\"https:\/\/festivalsonomundo.com\/\",\"logo\":{\"@type\":\"ImageObject\",\"inLanguage\":\"en-US\",\"@id\":\"https:\/\/festivalsonomundo.com\/#\/schema\/logo\/image\/\",\"url\":\"https:\/\/festivalsonomundo.com\/wp-content\/uploads\/2022\/10\/BAT_SONOMUNDO_LOGO_OK.png\",\"contentUrl\":\"https:\/\/festivalsonomundo.com\/wp-content\/uploads\/2022\/10\/BAT_SONOMUNDO_LOGO_OK.png\",\"width\":2141,\"height\":886,\"caption\":\"SONOMUNDO\"},\"image\":{\"@id\":\"https:\/\/festivalsonomundo.com\/#\/schema\/logo\/image\/\"},\"sameAs\":[\"https:\/\/m.facebook.com\/p\/Festival-Sonomundo-100087265804317\/\",\"https:\/\/www.instagram.com\/festivalsonomundo\/\"]}]}<\/script>\n<!-- \/ Yoast SEO plugin. -->","yoast_head_json":{"title":"Compositeurs & ensemble - Festival SONOMUNDO","robots":{"index":"index","follow":"follow","max-snippet":"max-snippet:-1","max-image-preview":"max-image-preview:large","max-video-preview":"max-video-preview:-1"},"canonical":"https:\/\/festivalsonomundo.com\/index.php\/editions-passees\/edition-2022\/musiciens-ensemble\/","og_locale":"en_US","og_type":"article","og_title":"Compositeurs & ensemble - Festival SONOMUNDO","og_description":"Ensemble Regards Fond\u00e9 en 2013, l\u2019Ensemble Regards donne des concerts, spectacles et performances. L\u2019enjeu est de proposer une exp\u00e9rience renouvel\u00e9e de l\u2019\u00e9coute et de faire (re)d\u00e9couvrir des \u0153uvres marquantes du XXe et XXIe si\u00e8cle. Ouvert \u00e0 la sc\u00e8ne, ils font dialoguer la cr\u00e9ation musicale avec les arts de la sc\u00e8ne par une exploration pluridisciplinaire associant &hellip; Read more \"Compositeurs &#038; ensemble\"","og_url":"https:\/\/festivalsonomundo.com\/index.php\/editions-passees\/edition-2022\/musiciens-ensemble\/","og_site_name":"Festival SONOMUNDO","article_publisher":"https:\/\/m.facebook.com\/p\/Festival-Sonomundo-100087265804317\/","article_modified_time":"2023-08-28T09:07:29+00:00","og_image":[{"url":"http:\/\/festivalsonomundo.com\/wp-content\/uploads\/2022\/07\/cropped-IMG_5611-scaled-1-1024x768.jpg","type":"","width":"","height":""}],"twitter_card":"summary_large_image","twitter_misc":{"Est. reading time":"12 minutes"},"schema":{"@context":"https:\/\/schema.org","@graph":[{"@type":"WebPage","@id":"https:\/\/festivalsonomundo.com\/index.php\/editions-passees\/edition-2022\/musiciens-ensemble\/","url":"https:\/\/festivalsonomundo.com\/index.php\/editions-passees\/edition-2022\/musiciens-ensemble\/","name":"Compositeurs & ensemble - Festival SONOMUNDO","isPartOf":{"@id":"https:\/\/festivalsonomundo.com\/#website"},"primaryImageOfPage":{"@id":"https:\/\/festivalsonomundo.com\/index.php\/editions-passees\/edition-2022\/musiciens-ensemble\/#primaryimage"},"image":{"@id":"https:\/\/festivalsonomundo.com\/index.php\/editions-passees\/edition-2022\/musiciens-ensemble\/#primaryimage"},"thumbnailUrl":"http:\/\/festivalsonomundo.com\/wp-content\/uploads\/2022\/07\/cropped-IMG_5611-scaled-1-1024x768.jpg","datePublished":"2022-10-11T21:38:42+00:00","dateModified":"2023-08-28T09:07:29+00:00","breadcrumb":{"@id":"https:\/\/festivalsonomundo.com\/index.php\/editions-passees\/edition-2022\/musiciens-ensemble\/#breadcrumb"},"inLanguage":"en-US","potentialAction":[{"@type":"ReadAction","target":["https:\/\/festivalsonomundo.com\/index.php\/editions-passees\/edition-2022\/musiciens-ensemble\/"]}]},{"@type":"ImageObject","inLanguage":"en-US","@id":"https:\/\/festivalsonomundo.com\/index.php\/editions-passees\/edition-2022\/musiciens-ensemble\/#primaryimage","url":"https:\/\/festivalsonomundo.com\/wp-content\/uploads\/2022\/07\/cropped-IMG_5611-scaled-1.jpg","contentUrl":"https:\/\/festivalsonomundo.com\/wp-content\/uploads\/2022\/07\/cropped-IMG_5611-scaled-1.jpg","width":2000,"height":1500},{"@type":"BreadcrumbList","@id":"https:\/\/festivalsonomundo.com\/index.php\/editions-passees\/edition-2022\/musiciens-ensemble\/#breadcrumb","itemListElement":[{"@type":"ListItem","position":1,"name":"Home","item":"https:\/\/festivalsonomundo.com\/"},{"@type":"ListItem","position":2,"name":"\u00c9ditions pass\u00e9es","item":"https:\/\/festivalsonomundo.com\/index.php\/editions-passees\/"},{"@type":"ListItem","position":3,"name":"\u00c9dition 2022","item":"https:\/\/festivalsonomundo.com\/index.php\/editions-passees\/edition-2022\/"},{"@type":"ListItem","position":4,"name":"Compositeurs &#038; ensemble"}]},{"@type":"WebSite","@id":"https:\/\/festivalsonomundo.com\/#website","url":"https:\/\/festivalsonomundo.com\/","name":"Festival SONOMUNDO","description":"27, 28, 29 novembre 2025  Biblioth\u00e8que musicale La Grange-Fleuret","publisher":{"@id":"https:\/\/festivalsonomundo.com\/#organization"},"potentialAction":[{"@type":"SearchAction","target":{"@type":"EntryPoint","urlTemplate":"https:\/\/festivalsonomundo.com\/?s={search_term_string}"},"query-input":{"@type":"PropertyValueSpecification","valueRequired":true,"valueName":"search_term_string"}}],"inLanguage":"en-US"},{"@type":"Organization","@id":"https:\/\/festivalsonomundo.com\/#organization","name":"SONOMUNDO","url":"https:\/\/festivalsonomundo.com\/","logo":{"@type":"ImageObject","inLanguage":"en-US","@id":"https:\/\/festivalsonomundo.com\/#\/schema\/logo\/image\/","url":"https:\/\/festivalsonomundo.com\/wp-content\/uploads\/2022\/10\/BAT_SONOMUNDO_LOGO_OK.png","contentUrl":"https:\/\/festivalsonomundo.com\/wp-content\/uploads\/2022\/10\/BAT_SONOMUNDO_LOGO_OK.png","width":2141,"height":886,"caption":"SONOMUNDO"},"image":{"@id":"https:\/\/festivalsonomundo.com\/#\/schema\/logo\/image\/"},"sameAs":["https:\/\/m.facebook.com\/p\/Festival-Sonomundo-100087265804317\/","https:\/\/www.instagram.com\/festivalsonomundo\/"]}]}},"_links":{"self":[{"href":"https:\/\/festivalsonomundo.com\/index.php\/wp-json\/wp\/v2\/pages\/282","targetHints":{"allow":["GET"]}}],"collection":[{"href":"https:\/\/festivalsonomundo.com\/index.php\/wp-json\/wp\/v2\/pages"}],"about":[{"href":"https:\/\/festivalsonomundo.com\/index.php\/wp-json\/wp\/v2\/types\/page"}],"author":[{"embeddable":true,"href":"https:\/\/festivalsonomundo.com\/index.php\/wp-json\/wp\/v2\/users\/1"}],"replies":[{"embeddable":true,"href":"https:\/\/festivalsonomundo.com\/index.php\/wp-json\/wp\/v2\/comments?post=282"}],"version-history":[{"count":18,"href":"https:\/\/festivalsonomundo.com\/index.php\/wp-json\/wp\/v2\/pages\/282\/revisions"}],"predecessor-version":[{"id":813,"href":"https:\/\/festivalsonomundo.com\/index.php\/wp-json\/wp\/v2\/pages\/282\/revisions\/813"}],"up":[{"embeddable":true,"href":"https:\/\/festivalsonomundo.com\/index.php\/wp-json\/wp\/v2\/pages\/807"}],"wp:attachment":[{"href":"https:\/\/festivalsonomundo.com\/index.php\/wp-json\/wp\/v2\/media?parent=282"}],"curies":[{"name":"wp","href":"https:\/\/api.w.org\/{rel}","templated":true}]}}