{"id":679,"date":"2023-08-14T16:46:09","date_gmt":"2023-08-14T14:46:09","guid":{"rendered":"http:\/\/festivalsonomundo.com\/?page_id=679"},"modified":"2024-02-07T23:17:00","modified_gmt":"2024-02-07T22:17:00","slug":"edition-2023","status":"publish","type":"page","link":"https:\/\/festivalsonomundo.com\/index.php\/editions-passees\/edition-2022-2\/edition-2023\/","title":{"rendered":"Programmation 2023"},"content":{"rendered":"\n<div class=\"wp-block-group alignfull has-background is-layout-flow wp-block-group-is-layout-flow\" style=\"background-color:#f2f0e9\">\n<div style=\"height:164px\" aria-hidden=\"true\" class=\"wp-block-spacer\"><\/div>\n\n\n\n<p class=\"has-black-color has-text-color\" style=\"font-size:clamp(18.959px, 1.185rem + ((1vw - 3.2px) * 0.783), 30px);\"><strong>Programme du festival SONOMUNDO<\/strong><br>23 &gt; 25 novembre 2023<br>Biblioth\u00e8que musicale La Grange-Fleuret, Paris<\/p>\n\n\n\n<div style=\"height:100px\" aria-hidden=\"true\" class=\"wp-block-spacer\"><\/div>\n\n\n\n<div class=\"wp-block-columns alignwide is-layout-flex wp-container-core-columns-is-layout-28f84493 wp-block-columns-is-layout-flex\">\n<div class=\"wp-block-column is-layout-flow wp-block-column-is-layout-flow\" style=\"flex-basis:50%\">\n<h2 class=\"wp-block-heading has-text-color\" style=\"color:#6ec990;font-size:clamp(16.293px, 1.018rem + ((1vw - 3.2px) * 0.618), 25px);font-style:normal;font-weight:400\"><strong>jeudi 23 novembre<\/strong> 20h <\/h2>\n\n\n\n<h2 class=\"wp-block-heading has-black-color has-text-color has-large-font-size\" style=\"font-style:normal;font-weight:600\">Ensemble Regards, Compagnie Vahram Zaryan<\/h2>\n<\/div>\n\n\n\n<div class=\"wp-block-column is-vertically-aligned-bottom has-black-color has-text-color is-layout-flow wp-block-column-is-layout-flow\" style=\"flex-basis:50%\">\n<hr class=\"wp-block-separator has-text-color has-css-opacity has-background is-style-wide\" style=\"background-color:#000000;color:#000000\"\/>\n<\/div>\n<\/div>\n\n\n\n<div class=\"wp-block-columns alignwide is-layout-flex wp-container-core-columns-is-layout-28f84493 wp-block-columns-is-layout-flex\">\n<div class=\"wp-block-column is-vertically-aligned-top is-layout-flow wp-block-column-is-layout-flow\">\n<p class=\"has-text-align-left has-black-color has-text-color\" style=\"font-size:clamp(17.905px, 1.119rem + ((1vw - 3.2px) * 0.716), 28px);\"><strong><em>Obliques cycle III<\/em><\/strong> <em><strong>&#8211; Arbres<\/strong><\/em><\/p>\n\n\n\n<p><em>D&#8217;apr\u00e8s les po\u00e8mes de Fr\u00e9d\u00e9ric Parcheminier \u00e9crit pour la cr\u00e9ation \u00e9ponyme de Vahram Zaryan, musique de Vincent Trollet. <\/em><\/p>\n<\/div>\n\n\n\n<div class=\"wp-block-column has-text-color is-layout-flow wp-block-column-is-layout-flow\" style=\"color:#1d1d35;flex-basis:500px\">\n<p class=\"has-black-color has-text-color\"><strong>Oblique Cycle III &#8211; Arbres<\/strong> est la derni\u00e8re partie d\u2019un grand cycle commenc\u00e9 en 2017 par <strong>Vincent Trollet<\/strong> et <strong>Vahram Zaryan<\/strong>. Il associe trois musiciennes et trois musiciens dans une formation instrumentale unique : accord\u00e9on, piano, santur, deux chanteuses et un performer. A premi\u00e8re vue, la relation entre les diff\u00e9rents interpr\u00e8tes de ce groupe n&#8217;est pas sans myst\u00e8re. La trituration du piano au tout d\u00e9but du spectacle par l\u2019ensemble des musiciens, donne \u00e0 cette conjonction humaine quelque chose d\u2019\u00e9trange. Le piano se veut \u00eatre un objet tot\u00e9mique, une cl\u00e9 pour p\u00e9n\u00e9trer le myst\u00e8re dont il est investi. En un instant, ce brouillard chaotique change, et un nouvel espace s\u2019offre aux interpr\u00e8tes. A cette fin, les po\u00e8mes de <strong>Fr\u00e9d\u00e9ric Parcheminier<\/strong> ont \u00e9t\u00e9 adapt\u00e9s pour donner corps \u00e0 une r\u00e9alit\u00e9 qui concerne \u00e0 la fois la dimension sonore, sc\u00e9nique et visuelle de cette m\u00e9tamorphose. Un idiome trilingue, fran\u00e7ais, arm\u00e9nien et italien, ajoute \u00e0 la musique des langues d\u2019autres pays. Peut-\u00eatre un penchant inavou\u00e9, pour le compositeur Vincent Trollet, aux langues \u00e9trang\u00e8res, et qui rend la trajectoire de ce spectacle plus \u00e9nigmatique. A cet \u00e9gard, en plus de la cr\u00e9ation de plusieurs morceaux contemporains, il a r\u00e9\u00e9crit deux chants, <strong>Kele Kele<\/strong> et <strong>Chem krna khagha<\/strong>, que <strong>Komitas<\/strong> avait transcrit \u00e0 son \u00e9poque. En correspondance \u00e0 ses morceaux, les \u0153uvres de deux compositrices ont \u00e9t\u00e9 choisies, <strong>Lullaby for Daisy Pauline<\/strong> de <strong>Pauline Oliveros<\/strong> et <strong>Che si puo fare<\/strong> de <strong>Farnaz Modarresifar<\/strong>. <\/p>\n\n\n\n<figure class=\"wp-block-image size-full is-style-rounded\"><img fetchpriority=\"high\" decoding=\"async\" width=\"504\" height=\"540\" src=\"https:\/\/festivalsonomundo.com\/wp-content\/uploads\/2023\/08\/Phto_oblique3_Cie_Vahram_Zaryan.jpeg\" alt=\"\" class=\"wp-image-931\" srcset=\"https:\/\/festivalsonomundo.com\/wp-content\/uploads\/2023\/08\/Phto_oblique3_Cie_Vahram_Zaryan.jpeg 504w, https:\/\/festivalsonomundo.com\/wp-content\/uploads\/2023\/08\/Phto_oblique3_Cie_Vahram_Zaryan-280x300.jpeg 280w\" sizes=\"(max-width: 504px) 100vw, 504px\" \/><\/figure>\n<\/div>\n<\/div>\n\n\n\n\n\n<div style=\"height:40px\" aria-hidden=\"true\" class=\"wp-block-spacer\"><\/div>\n\n\n\n<p class=\"has-black-color has-text-color\"><strong>Musiciens<\/strong> :  <\/p>\n\n\n\n<p class=\"has-black-color has-text-color\">Maya Villanueva, soprano                                                                                                                                                                                    Kumi Sakamoto, soprano      <br>Vahram Zaryan, performer et basse<br>Jean-\u00c9tienne Sotty, accord\u00e9on<br>Farnaz Modarresifar, santur<br>Jacques Comby, piano<\/p>\n\n\n\n<div style=\"height:68px\" aria-hidden=\"true\" class=\"wp-block-spacer\"><\/div>\n\n\n\n<p class=\"has-text-align-center has-black-color has-text-color\">Ce projet est soutenu par la <strong>SACEM<\/strong>, <strong>SPEDIDAM<\/strong>, la <strong>Maison de la Musique Contemporaine<\/strong> (MMC), la <strong>Ville de Pau <\/strong>(Spectacle dans le cadre de la Saison du Conservatoire de Pau).<\/p>\n\n\n\n<p class=\"has-text-align-center has-black-color has-text-color\">Coproduction <strong>Fondation Royaumont<\/strong>. Avec le soutien de la <strong>SACEM<\/strong> et le m\u00e9c\u00e9nat de la <strong>Fondation Daniel et Nina Carasso<\/strong>.<\/p>\n\n\n\n<p class=\"has-text-align-center has-black-color has-text-color\">Ainsi que <strong>Est-Nova Production<\/strong>, <strong>Festival Sonomundo<\/strong><\/p>\n\n\n\n<div style=\"height:100px\" aria-hidden=\"true\" class=\"wp-block-spacer\"><\/div>\n<\/div>\n\n\n\n<div class=\"wp-block-group alignfull has-background is-layout-flow wp-block-group-is-layout-flow\" style=\"background-color:#f2f0e9\">\n<div style=\"height:70px\" aria-hidden=\"true\" class=\"wp-block-spacer\"><\/div>\n\n\n\n<div class=\"wp-block-columns alignwide is-layout-flex wp-container-core-columns-is-layout-28f84493 wp-block-columns-is-layout-flex\">\n<div class=\"wp-block-column is-layout-flow wp-block-column-is-layout-flow\" style=\"flex-basis:50%\">\n<h2 class=\"wp-block-heading has-text-color\" style=\"color:#6ec990;font-size:clamp(16.293px, 1.018rem + ((1vw - 3.2px) * 0.618), 25px);font-style:normal;font-weight:400\"><strong>vendredi 24 novembre<\/strong> 21h <\/h2>\n\n\n\n<h2 class=\"wp-block-heading has-black-color has-text-color has-large-font-size\" style=\"font-style:normal;font-weight:600\">Ensemble Regards<\/h2>\n<\/div>\n\n\n\n<div class=\"wp-block-column is-vertically-aligned-bottom has-black-color has-text-color is-layout-flow wp-block-column-is-layout-flow\" style=\"flex-basis:50%\">\n<hr class=\"wp-block-separator has-text-color has-css-opacity has-background is-style-wide\" style=\"background-color:#000000;color:#000000\"\/>\n<\/div>\n<\/div>\n\n\n\n<div class=\"wp-block-columns alignwide is-layout-flex wp-container-core-columns-is-layout-28f84493 wp-block-columns-is-layout-flex\">\n<div class=\"wp-block-column is-layout-flow wp-block-column-is-layout-flow\">\n<p class=\"has-text-align-left has-black-color has-text-color\" style=\"font-size:clamp(16.293px, 1.018rem + ((1vw - 3.2px) * 0.618), 25px);\"><em><strong>Impressions de la Puna<\/strong><\/em><\/p>\n<\/div>\n\n\n\n<div class=\"wp-block-column has-text-color is-layout-flow wp-block-column-is-layout-flow\" style=\"color:#444444\">\n<p class=\"has-black-color has-text-color\">Figure tut\u00e9laire de la composition latino-am\u00e9ricaine, l&#8217;\u0153uvre d&#8217;<strong>Alberto Ginastera <\/strong>(1916-1983) sera mise \u00e0 l&#8217;honneur lors de cette seconde soir\u00e9e, dont le titre &#8211; <strong>Impressions de la Puna<\/strong> &#8211; est emprunt\u00e9 \u00e0 une \u0153uvre de Ginastera. Outre cette derni\u00e8re, deux autres \u0153uvres importantes du compositeur seront interpr\u00e9t\u00e9es durant la soir\u00e9e&nbsp;: le <strong><em>Quatuor n\u00b02<\/em><\/strong> ainsi que la <strong><em>Pune\u00f1a n\u00b02<\/em><\/strong>.<\/p>\n\n\n\n<p class=\"has-black-color has-text-color\">Dans le cadre de cette soir\u00e9e, deux nouvelles \u0153uvres ont \u00e9t\u00e9 command\u00e9es par l&#8217;ensemble Regards \u00e0 deux compositeurs, figures montantes de la nouvelle vague latino-am\u00e9ricaine : <strong>Yemit Ledesma<\/strong> et <strong>Juan Arroyo<\/strong>. Les instruments pour lesquels ils \u00e9criront leurs nouvelles \u0153uvres seront respectivement l&#8217;alto et le violon.<\/p>\n\n\n\n<p class=\"has-black-color has-text-color\"><strong><em>Ai Apaec<\/em><\/strong>, de Yemit Ledesma (1989) fait allusion et s&#8217;inspire d&#8217;un \u00eatre mythologique provenant de la culture pr\u00e9colombienne Mochica. Cette pi\u00e8ce, marqu\u00e9e par la conception du temps cyclique, propre aux cultures de l&#8217;ancien P\u00e9rou, sera cr\u00e9\u00e9e par l&#8217;altiste Elodie Gaudet.<\/p>\n\n\n\n<p class=\"has-black-color has-text-color\"><strong><em>Cercle<\/em><\/strong>, de Juan Arroyo (1981), est un interlude qui s&#8217;inscrit dans l&#8217;\u00e9criture d&#8217;un cycle de pi\u00e8ces pour violon seul. Ayant comme sujet d&#8217;inspiration les \u00e9tats modifi\u00e9s de conscience, Juan Arroyo d\u00e9veloppe une palette de ressources techniques, appel\u00e9e Sfocato, destin\u00e9e \u00e0 flouter le son du violon. Sa pi\u00e8ce sera cr\u00e9\u00e9e par la violoniste Pauline Klaus.<\/p>\n<\/div>\n\n\n\n<div class=\"wp-block-column has-text-color is-layout-flow wp-block-column-is-layout-flow\" style=\"color:#444444\">\n<p class=\"has-black-color has-text-color\">La fascination exerc\u00e9e sur <strong>P\u00eda Alvarado<\/strong> par les ressources sonores du violon et du violoncelle et le jeu instrumental de Pauline Klaus et Marie Ythier lors du Festival Sonomundo 2022 est \u00e0 l\u2019origine de la cr\u00e9ation de sa <strong>Pi\u00e8ce pour alto et violoncelle. <\/strong>&nbsp;En partant du concept de miroir en tant qu&#8217;objet et en tant que symbole, cette \u0153uvre constitue une \u00e9tape essentielle dans l&#8217;exploration par la compositrice des possibilit\u00e9s expressives des deux instruments. La figure du miroir sera explor\u00e9e \u00e0 partir des possibilit\u00e9s musicales les plus intrins\u00e8ques telles que la forme, les rythmes ou les m\u00e9lodies r\u00e9trogradables et les accords miroirs. De m\u00eame, certaines notions discursives seront travaill\u00e9es sous un regard plus philosophique : celui de l&#8217;identification d&#8217;un moi r\u00e9fl\u00e9chi, telle l&#8217;utopie \u00e9voqu\u00e9e par Michel Foucault&nbsp;: \u00ab Le miroir, apr\u00e8s tout, c&#8217;est une utopie, puisque c&#8217;est un lieu sans lieu. [\u2026]&nbsp;; c&#8217;est \u00e0 partir du miroir que je me d\u00e9couvre absent \u00e0 la place o\u00f9 je suis puisque je me vois l\u00e0-bas. \u00bb<\/p>\n\n\n\n<div class=\"wp-block-columns is-layout-flex wp-container-core-columns-is-layout-28f84493 wp-block-columns-is-layout-flex\">\n<div class=\"wp-block-column is-layout-flow wp-block-column-is-layout-flow\">\n<figure class=\"wp-block-image size-large is-style-rounded\"><img decoding=\"async\" width=\"1024\" height=\"684\" src=\"https:\/\/festivalsonomundo.com\/wp-content\/uploads\/2023\/07\/image-1024x684.png\" alt=\"\" class=\"wp-image-680\" srcset=\"https:\/\/festivalsonomundo.com\/wp-content\/uploads\/2023\/07\/image-1024x684.png 1024w, https:\/\/festivalsonomundo.com\/wp-content\/uploads\/2023\/07\/image-300x200.png 300w, https:\/\/festivalsonomundo.com\/wp-content\/uploads\/2023\/07\/image-768x513.png 768w, https:\/\/festivalsonomundo.com\/wp-content\/uploads\/2023\/07\/image-1536x1025.png 1536w, https:\/\/festivalsonomundo.com\/wp-content\/uploads\/2023\/07\/image.png 1600w\" sizes=\"(max-width: 1024px) 100vw, 1024px\" \/><\/figure>\n<\/div>\n<\/div>\n<\/div>\n<\/div>\n\n\n\n<figure class=\"wp-block-table is-style-stripes\"><table class=\"has-black-color has-text-color\"><thead><tr><th class=\"has-text-align-left\" data-align=\"left\"><strong>Compositeur<\/strong><\/th><th class=\"has-text-align-left\" data-align=\"left\"><strong>Titre de l&#8217;oeuvre<\/strong><\/th><th class=\"has-text-align-left\" data-align=\"left\"><strong>Instrumentation<\/strong><\/th><th class=\"has-text-align-left\" data-align=\"left\"><strong>Musiciens<\/strong><\/th><\/tr><\/thead><tbody><tr><td class=\"has-text-align-left\" data-align=\"left\">Alberto Ginastera <\/td><td class=\"has-text-align-left\" data-align=\"left\"><em>Quatuor n\u00b02 <\/em><\/td><td class=\"has-text-align-left\" data-align=\"left\">quatuor \u00e0 cordes<\/td><td class=\"has-text-align-left\" data-align=\"left\">Pauline Klaus, violon<br>Florent Billy, violon<br>\u00c9lodie Gaudet, alto<br>Marie Ythier, violoncelle<br><\/td><\/tr><tr><td class=\"has-text-align-left\" data-align=\"left\">Yemit Ledesma <\/td><td class=\"has-text-align-left\" data-align=\"left\"><em>Ai Apaec *<\/em><\/td><td class=\"has-text-align-left\" data-align=\"left\">alto<\/td><td class=\"has-text-align-left\" data-align=\"left\">\u00c9lodie Gaudet, alto<br><\/td><\/tr><tr><td class=\"has-text-align-left\" data-align=\"left\">Alberto Ginastera<\/td><td class=\"has-text-align-left\" data-align=\"left\"><em>Pune\u00f1a n\u00b02<\/em><\/td><td class=\"has-text-align-left\" data-align=\"left\">violoncelle<\/td><td class=\"has-text-align-left\" data-align=\"left\">Marie Ythier, violoncelle<br><\/td><\/tr><tr><td class=\"has-text-align-left\" data-align=\"left\">P\u00eda Alvarado<\/td><td class=\"has-text-align-left\" data-align=\"left\"><em>Reflexi\u00f3n<\/em> *<\/td><td class=\"has-text-align-left\" data-align=\"left\">violon, violoncelle<\/td><td class=\"has-text-align-left\" data-align=\"left\">Pauline Klaus, violon<br>Marie Ythier, violoncelle<br><\/td><\/tr><tr><td class=\"has-text-align-left\" data-align=\"left\">Juan Arroyo<\/td><td class=\"has-text-align-left\" data-align=\"left\"><em>Cercle<\/em> *<\/td><td class=\"has-text-align-left\" data-align=\"left\">violon<\/td><td class=\"has-text-align-left\" data-align=\"left\">Pauline Klaus, violon <br><\/td><\/tr><tr><td class=\"has-text-align-left\" data-align=\"left\">Alberto Ginastera <\/td><td class=\"has-text-align-left\" data-align=\"left\"><em>Impresiones de la Puna<\/em><\/td><td class=\"has-text-align-left\" data-align=\"left\">fl\u00fbte, quatuor \u00e0 cordes <\/td><td class=\"has-text-align-left\" data-align=\"left\">Samuel Casale, fl\u00fbte<br>Pauline Klaus, violon<br>Florent Billy, violon<br>\u00c9lodie Gaudet, alto<br>Marie Ythier, violoncelle<\/td><\/tr><\/tbody><\/table><figcaption class=\"wp-element-caption\"><br>* Cr\u00e9ation mondiale<\/figcaption><\/figure>\n\n\n\n<div style=\"height:40px\" aria-hidden=\"true\" class=\"wp-block-spacer\"><\/div>\n\n\n\n<p>Avant le concert, un cocktail p\u00e9ruvien offert par l&#8217;Ambassade du P\u00e9rou sera servi, vous \u00eates donc les bienvenus d\u00e8s 20h00.<\/p>\n<\/div>\n\n\n\n<div class=\"wp-block-group alignfull has-background is-layout-flow wp-block-group-is-layout-flow\" style=\"background-color:#f2f0e9\">\n<div style=\"height:70px\" aria-hidden=\"true\" class=\"wp-block-spacer\"><\/div>\n\n\n\n<div class=\"wp-block-columns alignwide is-layout-flex wp-container-core-columns-is-layout-28f84493 wp-block-columns-is-layout-flex\">\n<div class=\"wp-block-column is-layout-flow wp-block-column-is-layout-flow\" style=\"flex-basis:50%\">\n<h2 class=\"wp-block-heading has-text-color\" style=\"color:#6ec990;font-size:clamp(16.293px, 1.018rem + ((1vw - 3.2px) * 0.618), 25px);font-style:normal;font-weight:400\"><strong>samedi 25 novembre<\/strong> 19h30 <\/h2>\n\n\n\n<h2 class=\"wp-block-heading has-black-color has-text-color has-large-font-size\" style=\"font-style:normal;font-weight:600\">Ensemble Regards<\/h2>\n<\/div>\n\n\n\n<div class=\"wp-block-column is-vertically-aligned-bottom has-black-color has-text-color is-layout-flow wp-block-column-is-layout-flow\" style=\"flex-basis:50%\">\n<hr class=\"wp-block-separator has-text-color has-css-opacity has-background is-style-wide\" style=\"background-color:#000000;color:#000000\"\/>\n<\/div>\n<\/div>\n\n\n\n<div class=\"wp-block-columns alignwide is-layout-flex wp-container-core-columns-is-layout-28f84493 wp-block-columns-is-layout-flex\">\n<div class=\"wp-block-column is-layout-flow wp-block-column-is-layout-flow\">\n<p class=\"has-text-align-left has-black-color has-text-color\" style=\"font-size:clamp(17.905px, 1.119rem + ((1vw - 3.2px) * 0.716), 28px);\"><em><strong>In the woods<\/strong><\/em><\/p>\n<\/div>\n\n\n\n<div class=\"wp-block-column is-layout-flow wp-block-column-is-layout-flow\">\n<p class=\"has-black-color has-text-color\">Puisant leur force dans le go\u00fbt de l&#8217;exp\u00e9rimentation et du partage, Omar Nicho et I\u00f1aki Bermudez sont deux jeunes musiciens complices et d\u00e9sireux de faire d\u00e9couvrir toutes les richesses de l&#8217;alliage de la guitare avec le saxophone.&nbsp;<\/p>\n\n\n\n<p class=\"has-black-color has-text-color\">Leur cr\u00e9ativit\u00e9 s&#8217;exprimera au travers d\u2019une \u00e9chapp\u00e9e vers l&#8217;Asie et l\u2019interpr\u00e9tation d\u2019\u0153uvres de compositeurs japonais de notre temps : <strong>Fuminori Tanada, T\u014dru Takemitsu<\/strong> et <strong>Keita Matsumiya<\/strong>.<\/p>\n<\/div>\n\n\n\n<div class=\"wp-block-column is-layout-flow wp-block-column-is-layout-flow\">\n<p class=\"has-black-color has-text-color has-extra-small-font-size\">Cette soir\u00e9e mettant le dialogue transculturel au centre de la programmation, ils ont \u00e9galement sollicit\u00e9 <strong>Imsu Choi<\/strong>, jeune compositrice d\u2019origine sud-cor\u00e9enne en r\u00e9sidence, \u00e0 composer une nouvelle \u0153uvre musicale pour leur duo.<\/p>\n<\/div>\n<\/div>\n\n\n\n<figure class=\"wp-block-table is-style-stripes\"><table class=\"has-black-color has-text-color\"><thead><tr><th class=\"has-text-align-left\" data-align=\"left\"><strong>Compositeur<\/strong><\/th><th class=\"has-text-align-left\" data-align=\"left\"><strong>Titre de l&#8217;oeuvre<\/strong><\/th><th class=\"has-text-align-left\" data-align=\"left\"><strong>Instrumentation<\/strong><\/th><th class=\"has-text-align-left\" data-align=\"left\"><strong>Musiciens<\/strong><\/th><\/tr><\/thead><tbody><tr><td class=\"has-text-align-left\" data-align=\"left\">Fuminori Tanada<\/td><td class=\"has-text-align-left\" data-align=\"left\"><em>Mysterious morning<\/em><\/td><td class=\"has-text-align-left\" data-align=\"left\">saxophone soprano<\/td><td class=\"has-text-align-left\" data-align=\"left\">I\u00f1aki Bermudez, saxophone<br><\/td><\/tr><tr><td class=\"has-text-align-left\" data-align=\"left\">Imsu Choi<\/td><td class=\"has-text-align-left\" data-align=\"left\"><em>Allure<\/em> *<\/td><td class=\"has-text-align-left\" data-align=\"left\">saxophone, guitare<\/td><td class=\"has-text-align-left\" data-align=\"left\">I\u00f1aki Bermudez, saxophone<br>Omar Nicho, guitare<br><\/td><\/tr><tr><td class=\"has-text-align-left\" data-align=\"left\">T\u014dru Takemitsu<\/td><td class=\"has-text-align-left\" data-align=\"left\"><em>In the woods<\/em><\/td><td class=\"has-text-align-left\" data-align=\"left\">guitare<\/td><td class=\"has-text-align-left\" data-align=\"left\">Omar Nicho, guitare<br><\/td><\/tr><tr><td class=\"has-text-align-left\" data-align=\"left\">Keita Matsumiya<\/td><td class=\"has-text-align-left\" data-align=\"left\"><em>D\u00e9viation<\/em><\/td><td class=\"has-text-align-left\" data-align=\"left\">saxophone, guitare<\/td><td class=\"has-text-align-left\" data-align=\"left\">I\u00f1aki Bermudez, saxophone<br>Omar Nicho, guitare<\/td><\/tr><\/tbody><\/table><figcaption class=\"wp-element-caption\"><br>* Cr\u00e9ation mondiale<\/figcaption><\/figure>\n\n\n\n<p>Une d\u00e9gustation de sak\u00e9 sera organis\u00e9e entre la premi\u00e8re et la seconde partie de la soir\u00e9e. <\/p>\n\n\n\n<div class=\"wp-block-columns alignwide is-layout-flex wp-container-core-columns-is-layout-28f84493 wp-block-columns-is-layout-flex\">\n<div class=\"wp-block-column is-layout-flow wp-block-column-is-layout-flow\" style=\"flex-basis:50%\">\n<h2 class=\"wp-block-heading has-text-color\" style=\"color:#6ec990;font-size:clamp(16.293px, 1.018rem + ((1vw - 3.2px) * 0.618), 25px);font-style:normal;font-weight:400\"><strong>samedi 25 novembre<\/strong> 21h <\/h2>\n\n\n\n<h2 class=\"wp-block-heading has-black-color has-text-color has-large-font-size\" style=\"font-style:normal;font-weight:600\">Ensemble Regards<\/h2>\n<\/div>\n\n\n\n<div class=\"wp-block-column is-vertically-aligned-bottom has-black-color has-text-color is-layout-flow wp-block-column-is-layout-flow\" style=\"flex-basis:50%\">\n<hr class=\"wp-block-separator has-text-color has-css-opacity has-background is-style-wide\" style=\"background-color:#000000;color:#000000\"\/>\n<\/div>\n<\/div>\n\n\n\n<div class=\"wp-block-columns alignwide is-layout-flex wp-container-core-columns-is-layout-28f84493 wp-block-columns-is-layout-flex\">\n<div class=\"wp-block-column is-layout-flow wp-block-column-is-layout-flow\">\n<p class=\"has-text-align-left has-black-color has-text-color\" style=\"font-size:clamp(17.371px, 1.086rem + ((1vw - 3.2px) * 0.683), 27px);\"><em><strong>Vers toi qui es si loin<\/strong><\/em><\/p>\n<\/div>\n\n\n\n<div class=\"wp-block-column is-layout-flow wp-block-column-is-layout-flow\">\n<p class=\"has-black-color has-text-color\"><strong>Maurice Ravel<\/strong> \u00e9tait consid\u00e9r\u00e9 \u00e0 son \u00e9poque comme un v\u00e9ritable magicien des sons. Pour chacune de ses \u0153uvres, que ce soit pour les \u0153uvres symphoniques ou des formations plus r\u00e9duites, le compositeur cr\u00e9e une mati\u00e8re sonore unique en faisant fi de l\u2019effectif instrumental. Les deux \u0153uvres de ce programme, la <strong><em>Sonate<\/em><\/strong> pour violon et violoncelle, et son <strong><em>Introduction et Allegro<\/em><\/strong>, pour harpe, accompagnement de quatuor \u00e0 cordes, fl\u00fbte et clarinette, le d\u00e9montre avec brio. Il se r\u00e9v\u00e8le \u00eatre l\u2019artisan d\u2019un trompe-l\u2019\u0153il o\u00f9 les timbres des instruments s\u2019effacent et laissent place \u00e0 des objets sonores sculpt\u00e9es et suggestifs d\u2019un univers chim\u00e9rique.&nbsp; A ce propos, la violoniste H\u00e9l\u00e8ne Jourdan-Morhange d\u00e9crira l\u2019<em>Introduction et Allegro<\/em>, comme une \u0153uvre \u00ab qui aurait pu, comme beaucoup de compositions rav\u00e9liennes, \u00eatre dans\u00e9e : petit ballet-conte de f\u00e9e o\u00f9 tous les r\u00eaves eussent trouv\u00e9 \u00e0 s\u2019alimenter dans le climat irr\u00e9el de la musique \u00bb.&nbsp;<\/p>\n\n\n\n<p class=\"has-black-color has-text-color\">Le monde harmonique propre \u00e0 Maurice Ravel a beaucoup int\u00e9ress\u00e9 la compositrice <strong>Kaija Saariaho<\/strong> (1952-2023). Elle a su trouver en lui une vision sur le passage de fronti\u00e8res temporelles avec comme points forts les textures et couleurs, les r\u00eaves et r\u00e9alit\u00e9s. Elle aime \u00e0 d\u00e9velopper un art qui s\u2019affranchit de la forme abstraite et offrir \u00e0 l\u2019auditeur une v\u00e9ritable exp\u00e9rience synesth\u00e9sique et extra-musicale. La voix solo, ici pr\u00e9sente dans <strong><em>Adj\u00f6<\/em> <\/strong> (<em>Adieu<\/em>) pour soprano, fl\u00fbte et guitare et<strong> <em>Vers toi qui es si loin<\/em><\/strong>, pour soprano et quatuor \u00e0 cordes, met en avant des pages particuli\u00e8rement \u00e9vocatrices de ces images extra-musicales. La compositrice se joue des br\u00e8ves asp\u00e9rit\u00e9s instrumentales pour proposer une \u0153uvre subtile faite de touches de couleurs et d\u2019assemblage lyrique entre la voix et les instruments.<\/p>\n<\/div>\n\n\n\n<div class=\"wp-block-column is-layout-flow wp-block-column-is-layout-flow\">\n<p class=\"has-black-color has-text-color has-extra-small-font-size\"><strong>David Hudry<\/strong> (1978-) puise la m\u00eame inspiration extramusicale dans les arts graphiques, notamment dans les \u0153uvres et r\u00e9flexions de peintres comme P. Klee, W. Kandinsky, M. H. Vieira da Silva ou encore Zao Wou-Ki.&nbsp; Dans son \u0153uvre <strong><em>Shadows<\/em><\/strong> pour clarinette, il en explore la ligne d\u2019horizon sonore sans trop la d\u00e9finir, laissant appara\u00eetre avec d\u00e9licatesse des perc\u00e9es m\u00e9lodiques.&nbsp;<\/p>\n\n\n\n<p class=\"has-black-color has-text-color has-extra-small-font-size\">Dans la commande de l\u2019Ensemble Regards \u00e0 <strong>Vincent Trollet<\/strong> (1978-), la formation instrumentale unique, un trio \u00e0 cordes avec fl\u00fbte et harpe, l\u2019a amen\u00e9 \u00e0 explorer les possibles par une exp\u00e9rience &#8211; l\u00e0-aussi synesth\u00e9sique. Il a cherch\u00e9 \u00e0 retrouver le sentiment de l\u2019intensit\u00e9 aigu\u00eb des tons qu\u2019il a pu d\u00e9couvrir dans les paysages et l\u2019art pictural insulaire sicilien. La structure double de son \u0153uvre se d\u00e9cline en des sortes de r\u00e9cits \u2013 images sonores fantastiques et dans lequel l\u2019auditeur devra basculer entre elles.<\/p>\n\n\n\n<div class=\"wp-block-columns is-layout-flex wp-container-core-columns-is-layout-28f84493 wp-block-columns-is-layout-flex\">\n<div class=\"wp-block-column is-layout-flow wp-block-column-is-layout-flow\">\n<figure class=\"wp-block-image size-large is-style-rounded\"><img decoding=\"async\" width=\"1024\" height=\"684\" src=\"https:\/\/festivalsonomundo.com\/wp-content\/uploads\/2023\/07\/image-2-1024x684.png\" alt=\"Musiciens sur sc\u00e8ne lors du Festival Sonomundo 2022\n\" class=\"wp-image-683\" srcset=\"https:\/\/festivalsonomundo.com\/wp-content\/uploads\/2023\/07\/image-2-1024x684.png 1024w, https:\/\/festivalsonomundo.com\/wp-content\/uploads\/2023\/07\/image-2-300x200.png 300w, https:\/\/festivalsonomundo.com\/wp-content\/uploads\/2023\/07\/image-2-768x513.png 768w, https:\/\/festivalsonomundo.com\/wp-content\/uploads\/2023\/07\/image-2-1536x1025.png 1536w, https:\/\/festivalsonomundo.com\/wp-content\/uploads\/2023\/07\/image-2.png 1600w\" sizes=\"(max-width: 1024px) 100vw, 1024px\" \/><\/figure>\n<\/div>\n<\/div>\n<\/div>\n<\/div>\n\n\n\n<div class=\"wp-block-columns is-layout-flex wp-container-core-columns-is-layout-28f84493 wp-block-columns-is-layout-flex\">\n<div class=\"wp-block-column is-layout-flow wp-block-column-is-layout-flow\">\n<figure class=\"wp-block-table is-style-stripes\"><table class=\"has-black-color has-text-color\"><thead><tr><th class=\"has-text-align-left\" data-align=\"left\"><strong>Compositeur<\/strong><\/th><th class=\"has-text-align-left\" data-align=\"left\"><strong>Titre de l&#8217;oeuvre<\/strong><\/th><th class=\"has-text-align-left\" data-align=\"left\"><strong>Instrumentation<\/strong><\/th><th class=\"has-text-align-left\" data-align=\"left\"><strong>Musiciens<\/strong><\/th><\/tr><\/thead><tbody><tr><td class=\"has-text-align-left\" data-align=\"left\">Maurice Ravel<\/td><td class=\"has-text-align-left\" data-align=\"left\"><em>Sonate<\/em><\/td><td class=\"has-text-align-left\" data-align=\"left\">violon, violoncelle<\/td><td class=\"has-text-align-left\" data-align=\"left\">Pauline Klaus, violon <br>Marie Ythier, violoncelle<br><\/td><\/tr><tr><td class=\"has-text-align-left\" data-align=\"left\">Kaija Saariaho<\/td><td class=\"has-text-align-left\" data-align=\"left\"><em>Vers toi qui es si loin<\/em><\/td><td class=\"has-text-align-left\" data-align=\"left\">soprano, piccolo, harpe, quintette de cordes<\/td><td class=\"has-text-align-left\" data-align=\"left\">Maya Villanueva, soprano<br>Samuel Casale, piccolo<br>Constance Luzzati, harpe<br>Pauline Klaus, violon<br>Florent Billy, violon<br>Elodie Gaudet, alto<br>Marie Ythier, violoncelle<br><\/td><\/tr><tr><td class=\"has-text-align-left\" data-align=\"left\">David Hudry<\/td><td class=\"has-text-align-left\" data-align=\"left\"><em>Shadow<\/em>s<\/td><td class=\"has-text-align-left\" data-align=\"left\">clarinette<\/td><td class=\"has-text-align-left\" data-align=\"left\">Jean-Jacques Godron, clarinette<br><\/td><\/tr><tr><td class=\"has-text-align-left\" data-align=\"left\">Vincent Trollet<\/td><td class=\"has-text-align-left\" data-align=\"left\"><em>Berc\u00e9e jusqu\u2019\u00e0 <\/em><br><em>l\u2019Ellipse<\/em> *<\/td><td class=\"has-text-align-left\" data-align=\"left\">fl\u00fbte, harpe, trio \u00e0 cordes<\/td><td class=\"has-text-align-left\" data-align=\"left\">Samuel Casale, fl\u00fbte<br>Constance Luzzati, harpe<br>Pauline Klaus, violon<br>ou Florent Billy, violon <br>Elodie Gaudet, alto<br>Marie Ythier, violoncelle<br><\/td><\/tr><tr><td class=\"has-text-align-left\" data-align=\"left\">Kaija Saariaho<\/td><td class=\"has-text-align-left\" data-align=\"left\"><em>Adj\u00f6<\/em><\/td><td class=\"has-text-align-left\" data-align=\"left\">soprano, fl\u00fbte, guitare<\/td><td class=\"has-text-align-left\" data-align=\"left\">Maya Villanueva, soprano<br>Samuel Casale, fl\u00fbte<br>Omar Nicho, guitare<br><\/td><\/tr><tr><td class=\"has-text-align-left\" data-align=\"left\">Maurice Ravel<\/td><td class=\"has-text-align-left\" data-align=\"left\"><em>Introduction et Allegro<\/em><\/td><td class=\"has-text-align-left\" data-align=\"left\">fl\u00fbte, clarinette, harpe, quatuor \u00e0 cordes<\/td><td class=\"has-text-align-left\" data-align=\"left\">Samuel Casale, fl\u00fbte<br>Jean-Jacques Godron, clarinette<br>Constance Luzzati, harpe<br>Pauline Klaus, violon<br>Florent Billy, violon<br>Elodie Gaudet, alto<br>Marie Ythier, violoncelle<\/td><\/tr><tr><td class=\"has-text-align-left\" data-align=\"left\">Maria Alejandra Castro Espejo<\/td><td class=\"has-text-align-left\" data-align=\"left\"><em>Monologo<\/em><\/td><td class=\"has-text-align-left\" data-align=\"left\">violon<\/td><td class=\"has-text-align-left\" data-align=\"left\">Pauline Klaus, violon<\/td><\/tr><\/tbody><\/table><figcaption class=\"wp-element-caption\"><br>* Cr\u00e9ation mondiale<\/figcaption><\/figure>\n\n\n\n<div style=\"height:50px\" aria-hidden=\"true\" class=\"wp-block-spacer\"><\/div>\n<\/div>\n<\/div>\n\n\n\n<div class=\"wp-block-buttons has-custom-font-size has-small-font-size is-content-justification-center is-layout-flex wp-container-core-buttons-is-layout-a89b3969 wp-block-buttons-is-layout-flex\">\n<div class=\"wp-block-button has-custom-width wp-block-button__width-50 is-style-fill\"><a class=\"wp-block-button__link has-white-color has-black-background-color has-text-color has-background wp-element-button\" href=\"https:\/\/festivalsonomundo.com\/index.php\/infos-pratiques\/reservation\/\"><strong>R\u00e9server<\/strong><\/a><\/div>\n<\/div>\n\n\n\n<div style=\"height:50px\" aria-hidden=\"true\" class=\"wp-block-spacer\"><\/div>\n<\/div>\n","protected":false},"excerpt":{"rendered":"<p>Programme du festival SONOMUNDO23 &gt; 25 novembre 2023Biblioth\u00e8que musicale La Grange-Fleuret, Paris jeudi 23 novembre 20h Ensemble Regards, Compagnie Vahram Zaryan Obliques cycle III &#8211; Arbres D&#8217;apr\u00e8s les po\u00e8mes de Fr\u00e9d\u00e9ric Parcheminier \u00e9crit pour la cr\u00e9ation \u00e9ponyme de Vahram Zaryan, musique de Vincent Trollet. Oblique Cycle III &#8211; Arbres est la derni\u00e8re partie d\u2019un grand &hellip; <\/p>\n<p class=\"link-more\"><a href=\"https:\/\/festivalsonomundo.com\/index.php\/editions-passees\/edition-2022-2\/edition-2023\/\" class=\"more-link\">Read more<span class=\"screen-reader-text\"> &#8220;Programmation 2023&#8221;<\/span><\/a><\/p>\n","protected":false},"author":1,"featured_media":0,"parent":90,"menu_order":0,"comment_status":"closed","ping_status":"closed","template":"","meta":{"footnotes":""},"class_list":["post-679","page","type-page","status-publish","hentry"],"yoast_head":"<!-- This site is optimized with the Yoast SEO plugin v25.9 - https:\/\/yoast.com\/wordpress\/plugins\/seo\/ -->\n<title>Programmation 2023 - Festival SONOMUNDO<\/title>\n<meta name=\"robots\" content=\"index, follow, max-snippet:-1, max-image-preview:large, max-video-preview:-1\" \/>\n<link rel=\"canonical\" href=\"https:\/\/festivalsonomundo.com\/index.php\/editions-passees\/edition-2022-2\/edition-2023\/\" \/>\n<meta property=\"og:locale\" content=\"en_US\" \/>\n<meta property=\"og:type\" content=\"article\" \/>\n<meta property=\"og:title\" content=\"Programmation 2023 - Festival SONOMUNDO\" \/>\n<meta property=\"og:description\" content=\"Programme du festival SONOMUNDO23 &gt; 25 novembre 2023Biblioth\u00e8que musicale La Grange-Fleuret, Paris jeudi 23 novembre 20h Ensemble Regards, Compagnie Vahram Zaryan Obliques cycle III &#8211; Arbres D&#8217;apr\u00e8s les po\u00e8mes de Fr\u00e9d\u00e9ric Parcheminier \u00e9crit pour la cr\u00e9ation \u00e9ponyme de Vahram Zaryan, musique de Vincent Trollet. Oblique Cycle III &#8211; Arbres est la derni\u00e8re partie d\u2019un grand &hellip; Read more &quot;Programmation 2023&quot;\" \/>\n<meta property=\"og:url\" content=\"https:\/\/festivalsonomundo.com\/index.php\/editions-passees\/edition-2022-2\/edition-2023\/\" \/>\n<meta property=\"og:site_name\" content=\"Festival SONOMUNDO\" \/>\n<meta property=\"article:publisher\" content=\"https:\/\/m.facebook.com\/p\/Festival-Sonomundo-100087265804317\/\" \/>\n<meta property=\"article:modified_time\" content=\"2024-02-07T22:17:00+00:00\" \/>\n<meta property=\"og:image\" content=\"http:\/\/festivalsonomundo.com\/wp-content\/uploads\/2023\/08\/Phto_oblique3_Cie_Vahram_Zaryan.jpeg\" \/>\n<meta name=\"twitter:card\" content=\"summary_large_image\" \/>\n<meta name=\"twitter:label1\" content=\"Est. reading time\" \/>\n\t<meta name=\"twitter:data1\" content=\"8 minutes\" \/>\n<script type=\"application\/ld+json\" class=\"yoast-schema-graph\">{\"@context\":\"https:\/\/schema.org\",\"@graph\":[{\"@type\":\"WebPage\",\"@id\":\"https:\/\/festivalsonomundo.com\/index.php\/editions-passees\/edition-2022-2\/edition-2023\/\",\"url\":\"https:\/\/festivalsonomundo.com\/index.php\/editions-passees\/edition-2022-2\/edition-2023\/\",\"name\":\"Programmation 2023 - Festival SONOMUNDO\",\"isPartOf\":{\"@id\":\"https:\/\/festivalsonomundo.com\/#website\"},\"primaryImageOfPage\":{\"@id\":\"https:\/\/festivalsonomundo.com\/index.php\/editions-passees\/edition-2022-2\/edition-2023\/#primaryimage\"},\"image\":{\"@id\":\"https:\/\/festivalsonomundo.com\/index.php\/editions-passees\/edition-2022-2\/edition-2023\/#primaryimage\"},\"thumbnailUrl\":\"http:\/\/festivalsonomundo.com\/wp-content\/uploads\/2023\/08\/Phto_oblique3_Cie_Vahram_Zaryan.jpeg\",\"datePublished\":\"2023-08-14T14:46:09+00:00\",\"dateModified\":\"2024-02-07T22:17:00+00:00\",\"breadcrumb\":{\"@id\":\"https:\/\/festivalsonomundo.com\/index.php\/editions-passees\/edition-2022-2\/edition-2023\/#breadcrumb\"},\"inLanguage\":\"en-US\",\"potentialAction\":[{\"@type\":\"ReadAction\",\"target\":[\"https:\/\/festivalsonomundo.com\/index.php\/editions-passees\/edition-2022-2\/edition-2023\/\"]}]},{\"@type\":\"ImageObject\",\"inLanguage\":\"en-US\",\"@id\":\"https:\/\/festivalsonomundo.com\/index.php\/editions-passees\/edition-2022-2\/edition-2023\/#primaryimage\",\"url\":\"https:\/\/festivalsonomundo.com\/wp-content\/uploads\/2023\/08\/Phto_oblique3_Cie_Vahram_Zaryan.jpeg\",\"contentUrl\":\"https:\/\/festivalsonomundo.com\/wp-content\/uploads\/2023\/08\/Phto_oblique3_Cie_Vahram_Zaryan.jpeg\",\"width\":504,\"height\":540},{\"@type\":\"BreadcrumbList\",\"@id\":\"https:\/\/festivalsonomundo.com\/index.php\/editions-passees\/edition-2022-2\/edition-2023\/#breadcrumb\",\"itemListElement\":[{\"@type\":\"ListItem\",\"position\":1,\"name\":\"Home\",\"item\":\"https:\/\/festivalsonomundo.com\/\"},{\"@type\":\"ListItem\",\"position\":2,\"name\":\"\u00c9ditions pass\u00e9es\",\"item\":\"https:\/\/festivalsonomundo.com\/index.php\/editions-passees\/\"},{\"@type\":\"ListItem\",\"position\":3,\"name\":\"\u00c9dition 2023\",\"item\":\"https:\/\/festivalsonomundo.com\/index.php\/editions-passees\/edition-2022-2\/\"},{\"@type\":\"ListItem\",\"position\":4,\"name\":\"Programmation 2023\"}]},{\"@type\":\"WebSite\",\"@id\":\"https:\/\/festivalsonomundo.com\/#website\",\"url\":\"https:\/\/festivalsonomundo.com\/\",\"name\":\"Festival SONOMUNDO\",\"description\":\"27, 28, 29 novembre 2025  Biblioth\u00e8que musicale La Grange-Fleuret\",\"publisher\":{\"@id\":\"https:\/\/festivalsonomundo.com\/#organization\"},\"potentialAction\":[{\"@type\":\"SearchAction\",\"target\":{\"@type\":\"EntryPoint\",\"urlTemplate\":\"https:\/\/festivalsonomundo.com\/?s={search_term_string}\"},\"query-input\":{\"@type\":\"PropertyValueSpecification\",\"valueRequired\":true,\"valueName\":\"search_term_string\"}}],\"inLanguage\":\"en-US\"},{\"@type\":\"Organization\",\"@id\":\"https:\/\/festivalsonomundo.com\/#organization\",\"name\":\"SONOMUNDO\",\"url\":\"https:\/\/festivalsonomundo.com\/\",\"logo\":{\"@type\":\"ImageObject\",\"inLanguage\":\"en-US\",\"@id\":\"https:\/\/festivalsonomundo.com\/#\/schema\/logo\/image\/\",\"url\":\"https:\/\/festivalsonomundo.com\/wp-content\/uploads\/2022\/10\/BAT_SONOMUNDO_LOGO_OK.png\",\"contentUrl\":\"https:\/\/festivalsonomundo.com\/wp-content\/uploads\/2022\/10\/BAT_SONOMUNDO_LOGO_OK.png\",\"width\":2141,\"height\":886,\"caption\":\"SONOMUNDO\"},\"image\":{\"@id\":\"https:\/\/festivalsonomundo.com\/#\/schema\/logo\/image\/\"},\"sameAs\":[\"https:\/\/m.facebook.com\/p\/Festival-Sonomundo-100087265804317\/\",\"https:\/\/www.instagram.com\/festivalsonomundo\/\"]}]}<\/script>\n<!-- \/ Yoast SEO plugin. -->","yoast_head_json":{"title":"Programmation 2023 - Festival SONOMUNDO","robots":{"index":"index","follow":"follow","max-snippet":"max-snippet:-1","max-image-preview":"max-image-preview:large","max-video-preview":"max-video-preview:-1"},"canonical":"https:\/\/festivalsonomundo.com\/index.php\/editions-passees\/edition-2022-2\/edition-2023\/","og_locale":"en_US","og_type":"article","og_title":"Programmation 2023 - Festival SONOMUNDO","og_description":"Programme du festival SONOMUNDO23 &gt; 25 novembre 2023Biblioth\u00e8que musicale La Grange-Fleuret, Paris jeudi 23 novembre 20h Ensemble Regards, Compagnie Vahram Zaryan Obliques cycle III &#8211; Arbres D&#8217;apr\u00e8s les po\u00e8mes de Fr\u00e9d\u00e9ric Parcheminier \u00e9crit pour la cr\u00e9ation \u00e9ponyme de Vahram Zaryan, musique de Vincent Trollet. Oblique Cycle III &#8211; Arbres est la derni\u00e8re partie d\u2019un grand &hellip; Read more \"Programmation 2023\"","og_url":"https:\/\/festivalsonomundo.com\/index.php\/editions-passees\/edition-2022-2\/edition-2023\/","og_site_name":"Festival SONOMUNDO","article_publisher":"https:\/\/m.facebook.com\/p\/Festival-Sonomundo-100087265804317\/","article_modified_time":"2024-02-07T22:17:00+00:00","og_image":[{"url":"http:\/\/festivalsonomundo.com\/wp-content\/uploads\/2023\/08\/Phto_oblique3_Cie_Vahram_Zaryan.jpeg","type":"","width":"","height":""}],"twitter_card":"summary_large_image","twitter_misc":{"Est. reading time":"8 minutes"},"schema":{"@context":"https:\/\/schema.org","@graph":[{"@type":"WebPage","@id":"https:\/\/festivalsonomundo.com\/index.php\/editions-passees\/edition-2022-2\/edition-2023\/","url":"https:\/\/festivalsonomundo.com\/index.php\/editions-passees\/edition-2022-2\/edition-2023\/","name":"Programmation 2023 - Festival SONOMUNDO","isPartOf":{"@id":"https:\/\/festivalsonomundo.com\/#website"},"primaryImageOfPage":{"@id":"https:\/\/festivalsonomundo.com\/index.php\/editions-passees\/edition-2022-2\/edition-2023\/#primaryimage"},"image":{"@id":"https:\/\/festivalsonomundo.com\/index.php\/editions-passees\/edition-2022-2\/edition-2023\/#primaryimage"},"thumbnailUrl":"http:\/\/festivalsonomundo.com\/wp-content\/uploads\/2023\/08\/Phto_oblique3_Cie_Vahram_Zaryan.jpeg","datePublished":"2023-08-14T14:46:09+00:00","dateModified":"2024-02-07T22:17:00+00:00","breadcrumb":{"@id":"https:\/\/festivalsonomundo.com\/index.php\/editions-passees\/edition-2022-2\/edition-2023\/#breadcrumb"},"inLanguage":"en-US","potentialAction":[{"@type":"ReadAction","target":["https:\/\/festivalsonomundo.com\/index.php\/editions-passees\/edition-2022-2\/edition-2023\/"]}]},{"@type":"ImageObject","inLanguage":"en-US","@id":"https:\/\/festivalsonomundo.com\/index.php\/editions-passees\/edition-2022-2\/edition-2023\/#primaryimage","url":"https:\/\/festivalsonomundo.com\/wp-content\/uploads\/2023\/08\/Phto_oblique3_Cie_Vahram_Zaryan.jpeg","contentUrl":"https:\/\/festivalsonomundo.com\/wp-content\/uploads\/2023\/08\/Phto_oblique3_Cie_Vahram_Zaryan.jpeg","width":504,"height":540},{"@type":"BreadcrumbList","@id":"https:\/\/festivalsonomundo.com\/index.php\/editions-passees\/edition-2022-2\/edition-2023\/#breadcrumb","itemListElement":[{"@type":"ListItem","position":1,"name":"Home","item":"https:\/\/festivalsonomundo.com\/"},{"@type":"ListItem","position":2,"name":"\u00c9ditions pass\u00e9es","item":"https:\/\/festivalsonomundo.com\/index.php\/editions-passees\/"},{"@type":"ListItem","position":3,"name":"\u00c9dition 2023","item":"https:\/\/festivalsonomundo.com\/index.php\/editions-passees\/edition-2022-2\/"},{"@type":"ListItem","position":4,"name":"Programmation 2023"}]},{"@type":"WebSite","@id":"https:\/\/festivalsonomundo.com\/#website","url":"https:\/\/festivalsonomundo.com\/","name":"Festival SONOMUNDO","description":"27, 28, 29 novembre 2025  Biblioth\u00e8que musicale La Grange-Fleuret","publisher":{"@id":"https:\/\/festivalsonomundo.com\/#organization"},"potentialAction":[{"@type":"SearchAction","target":{"@type":"EntryPoint","urlTemplate":"https:\/\/festivalsonomundo.com\/?s={search_term_string}"},"query-input":{"@type":"PropertyValueSpecification","valueRequired":true,"valueName":"search_term_string"}}],"inLanguage":"en-US"},{"@type":"Organization","@id":"https:\/\/festivalsonomundo.com\/#organization","name":"SONOMUNDO","url":"https:\/\/festivalsonomundo.com\/","logo":{"@type":"ImageObject","inLanguage":"en-US","@id":"https:\/\/festivalsonomundo.com\/#\/schema\/logo\/image\/","url":"https:\/\/festivalsonomundo.com\/wp-content\/uploads\/2022\/10\/BAT_SONOMUNDO_LOGO_OK.png","contentUrl":"https:\/\/festivalsonomundo.com\/wp-content\/uploads\/2022\/10\/BAT_SONOMUNDO_LOGO_OK.png","width":2141,"height":886,"caption":"SONOMUNDO"},"image":{"@id":"https:\/\/festivalsonomundo.com\/#\/schema\/logo\/image\/"},"sameAs":["https:\/\/m.facebook.com\/p\/Festival-Sonomundo-100087265804317\/","https:\/\/www.instagram.com\/festivalsonomundo\/"]}]}},"_links":{"self":[{"href":"https:\/\/festivalsonomundo.com\/index.php\/wp-json\/wp\/v2\/pages\/679","targetHints":{"allow":["GET"]}}],"collection":[{"href":"https:\/\/festivalsonomundo.com\/index.php\/wp-json\/wp\/v2\/pages"}],"about":[{"href":"https:\/\/festivalsonomundo.com\/index.php\/wp-json\/wp\/v2\/types\/page"}],"author":[{"embeddable":true,"href":"https:\/\/festivalsonomundo.com\/index.php\/wp-json\/wp\/v2\/users\/1"}],"replies":[{"embeddable":true,"href":"https:\/\/festivalsonomundo.com\/index.php\/wp-json\/wp\/v2\/comments?post=679"}],"version-history":[{"count":44,"href":"https:\/\/festivalsonomundo.com\/index.php\/wp-json\/wp\/v2\/pages\/679\/revisions"}],"predecessor-version":[{"id":1278,"href":"https:\/\/festivalsonomundo.com\/index.php\/wp-json\/wp\/v2\/pages\/679\/revisions\/1278"}],"up":[{"embeddable":true,"href":"https:\/\/festivalsonomundo.com\/index.php\/wp-json\/wp\/v2\/pages\/90"}],"wp:attachment":[{"href":"https:\/\/festivalsonomundo.com\/index.php\/wp-json\/wp\/v2\/media?parent=679"}],"curies":[{"name":"wp","href":"https:\/\/api.w.org\/{rel}","templated":true}]}}