{"id":78,"date":"2022-09-16T00:45:22","date_gmt":"2022-09-15T22:45:22","guid":{"rendered":"http:\/\/festivalsonomundo.com\/?page_id=78"},"modified":"2025-10-03T22:52:16","modified_gmt":"2025-10-03T20:52:16","slug":"lassociation-sonomundo","status":"publish","type":"page","link":"https:\/\/festivalsonomundo.com\/index.php\/lassociation-sonomundo\/","title":{"rendered":"L&#8217;Association Sonomundo"},"content":{"rendered":"\t\t<div data-elementor-type=\"wp-page\" data-elementor-id=\"78\" class=\"elementor elementor-78\">\n\t\t\t\t\t\t<section class=\"elementor-section elementor-top-section elementor-element elementor-element-753b2b2 elementor-section-boxed elementor-section-height-default elementor-section-height-default\" data-id=\"753b2b2\" data-element_type=\"section\">\n\t\t\t\t\t\t<div class=\"elementor-container elementor-column-gap-default\">\n\t\t\t\t\t<div class=\"elementor-column elementor-col-100 elementor-top-column elementor-element elementor-element-1186e84\" data-id=\"1186e84\" data-element_type=\"column\">\n\t\t\t<div class=\"elementor-widget-wrap elementor-element-populated\">\n\t\t\t\t\t\t<div class=\"elementor-element elementor-element-da2e0b9 elementor-widget elementor-widget-spacer\" data-id=\"da2e0b9\" data-element_type=\"widget\" data-widget_type=\"spacer.default\">\n\t\t\t\t<div class=\"elementor-widget-container\">\n\t\t\t\t\t\t\t<div class=\"elementor-spacer\">\n\t\t\t<div class=\"elementor-spacer-inner\"><\/div>\n\t\t<\/div>\n\t\t\t\t\t\t<\/div>\n\t\t\t\t<\/div>\n\t\t\t\t\t<\/div>\n\t\t<\/div>\n\t\t\t\t\t<\/div>\n\t\t<\/section>\n\t\t\t\t<section class=\"elementor-section elementor-top-section elementor-element elementor-element-c47fdd0 elementor-section-boxed elementor-section-height-default elementor-section-height-default\" data-id=\"c47fdd0\" data-element_type=\"section\">\n\t\t\t\t\t\t<div class=\"elementor-container elementor-column-gap-default\">\n\t\t\t\t\t<div class=\"elementor-column elementor-col-100 elementor-top-column elementor-element elementor-element-59b0b48\" data-id=\"59b0b48\" data-element_type=\"column\">\n\t\t\t<div class=\"elementor-widget-wrap elementor-element-populated\">\n\t\t\t\t\t\t<div class=\"elementor-element elementor-element-913827c elementor-widget elementor-widget-heading\" data-id=\"913827c\" data-element_type=\"widget\" data-widget_type=\"heading.default\">\n\t\t\t\t<div class=\"elementor-widget-container\">\n\t\t\t\t\t<h1 class=\"elementor-heading-title elementor-size-default\">L'Association Sonomundo<\/h1>\t\t\t\t<\/div>\n\t\t\t\t<\/div>\n\t\t\t\t\t<\/div>\n\t\t<\/div>\n\t\t\t\t\t<\/div>\n\t\t<\/section>\n\t\t\t\t<section class=\"elementor-section elementor-top-section elementor-element elementor-element-50edcce elementor-section-boxed elementor-section-height-default elementor-section-height-default\" data-id=\"50edcce\" data-element_type=\"section\">\n\t\t\t\t\t\t<div class=\"elementor-container elementor-column-gap-default\">\n\t\t\t\t\t<div class=\"elementor-column elementor-col-100 elementor-top-column elementor-element elementor-element-dcd34c3\" data-id=\"dcd34c3\" data-element_type=\"column\">\n\t\t\t<div class=\"elementor-widget-wrap elementor-element-populated\">\n\t\t\t\t\t\t<div class=\"elementor-element elementor-element-cdaf8fd elementor-widget elementor-widget-spacer\" data-id=\"cdaf8fd\" data-element_type=\"widget\" data-widget_type=\"spacer.default\">\n\t\t\t\t<div class=\"elementor-widget-container\">\n\t\t\t\t\t\t\t<div class=\"elementor-spacer\">\n\t\t\t<div class=\"elementor-spacer-inner\"><\/div>\n\t\t<\/div>\n\t\t\t\t\t\t<\/div>\n\t\t\t\t<\/div>\n\t\t\t\t\t<\/div>\n\t\t<\/div>\n\t\t\t\t\t<\/div>\n\t\t<\/section>\n\t\t\t\t<section class=\"elementor-section elementor-top-section elementor-element elementor-element-0b971a0 elementor-section-boxed elementor-section-height-default elementor-section-height-default\" data-id=\"0b971a0\" data-element_type=\"section\">\n\t\t\t\t\t\t<div class=\"elementor-container elementor-column-gap-default\">\n\t\t\t\t\t<div class=\"elementor-column elementor-col-50 elementor-top-column elementor-element elementor-element-9edd500\" data-id=\"9edd500\" data-element_type=\"column\">\n\t\t\t<div class=\"elementor-widget-wrap elementor-element-populated\">\n\t\t\t\t\t\t<div class=\"elementor-element elementor-element-935bf6b elementor-widget elementor-widget-text-editor\" data-id=\"935bf6b\" data-element_type=\"widget\" data-widget_type=\"text-editor.default\">\n\t\t\t\t<div class=\"elementor-widget-container\">\n\t\t\t\t\t\t\t\t\t<p class=\"has-black-color has-text-color has-link-color\" style=\"text-align: justify;\">L\u2019Association Sonomundo a \u00e9t\u00e9 cr\u00e9\u00e9e autour de l\u2019id\u00e9e et l\u2019envie de tisser de nouveaux liens culturels et artistiques \u00e0 travers les continents.<\/p>\n<p><!-- \/wp:paragraph --><!-- wp:paragraph {\"style\":{\"elements\":{\"link\":{\"color\":{\"text\":\"var:preset|color|black\"}}}},\"textColor\":\"black\"} --><\/p>\n<p class=\"has-black-color has-text-color has-link-color\" style=\"text-align: justify;\">Sonomundo a vu le jour \u00e0 l\u2019\u00e9t\u00e9 2021, \u00e0 l\u2019initiative de plusieurs amis anim\u00e9s par cette passion pour les arts sonores et visuels. Ils ont constat\u00e9 que leurs exp\u00e9riences respectives et compl\u00e9mentaires, associ\u00e9es \u00e0 leur aspiration commune \u00e0 un monde de collaborations ouvertes, d\u2019exp\u00e9riences musicales et artistiques originales, constituaient un socle id\u00e9al au lancement de l\u2019initiative Sonomundo.<\/p>\n<p><!-- \/wp:paragraph --><!-- wp:paragraph {\"style\":{\"elements\":{\"link\":{\"color\":{\"text\":\"var:preset|color|black\"}}}},\"textColor\":\"black\"} --><\/p>\n<p class=\"has-black-color has-text-color has-link-color\" style=\"text-align: justify;\">L\u2019Association Sonomundo s\u2019est fix\u00e9 trois objectifs principaux :<\/p>\n<p><!-- \/wp:paragraph --><!-- wp:paragraph {\"style\":{\"elements\":{\"link\":{\"color\":{\"text\":\"var:preset|color|black\"}}}},\"textColor\":\"black\"} --><\/p>\n<p class=\"has-black-color has-text-color has-link-color\" style=\"text-align: justify;\">&#8211; <strong>promouvoir la cr\u00e9ation artistique \u00e0 travers les continents<\/strong>, en particulier dans le domaine de la musique, laquelle est au centre du Festival Sonomundo, \u00e9v\u00e8nement-phare de l\u2019Association, organis\u00e9 chaque ann\u00e9e au mois de novembre<\/p>\t\t\t\t\t\t\t\t<\/div>\n\t\t\t\t<\/div>\n\t\t\t\t\t<\/div>\n\t\t<\/div>\n\t\t\t\t<div class=\"elementor-column elementor-col-50 elementor-top-column elementor-element elementor-element-9473424\" data-id=\"9473424\" data-element_type=\"column\">\n\t\t\t<div class=\"elementor-widget-wrap elementor-element-populated\">\n\t\t\t\t\t\t<div class=\"elementor-element elementor-element-2ad2428 elementor-widget elementor-widget-text-editor\" data-id=\"2ad2428\" data-element_type=\"widget\" data-widget_type=\"text-editor.default\">\n\t\t\t\t<div class=\"elementor-widget-container\">\n\t\t\t\t\t\t\t\t\t<p class=\"has-black-color has-text-color has-link-color\" style=\"text-align: justify;\">&#8211; <strong>rassembler les diff\u00e9rents acteurs et contributeurs de la cr\u00e9ation musicale<\/strong> et, de mani\u00e8re plus g\u00e9n\u00e9rale, artistique \u00e0 travers des rendez-vous et \u00e9v\u00e9nements th\u00e9matiques<\/p>\n<p><!-- \/wp:paragraph --><!-- wp:paragraph {\"style\":{\"elements\":{\"link\":{\"color\":{\"text\":\"var:preset|color|black\"}}}},\"textColor\":\"black\"} --><\/p>\n<p class=\"has-black-color has-text-color has-link-color\" style=\"text-align: justify;\">&#8211; <strong>initier et soutenir les initiatives visant \u00e0 rapprocher les diff\u00e9rentes formes d\u2019expression artistique<\/strong> (musique, litt\u00e9rature, photographie, cin\u00e9ma\u2026) au travers de projets rassemblant des repr\u00e9sentants de diff\u00e9rentes aires g\u00e9ographiques et culturelles.<\/p>\t\t\t\t\t\t\t\t<\/div>\n\t\t\t\t<\/div>\n\t\t\t\t\t<\/div>\n\t\t<\/div>\n\t\t\t\t\t<\/div>\n\t\t<\/section>\n\t\t\t\t<section class=\"elementor-section elementor-top-section elementor-element elementor-element-f39553a elementor-section-boxed elementor-section-height-default elementor-section-height-default\" data-id=\"f39553a\" data-element_type=\"section\">\n\t\t\t\t\t\t<div class=\"elementor-container elementor-column-gap-default\">\n\t\t\t\t\t<div class=\"elementor-column elementor-col-100 elementor-top-column elementor-element elementor-element-b8c28fd\" data-id=\"b8c28fd\" data-element_type=\"column\">\n\t\t\t<div class=\"elementor-widget-wrap elementor-element-populated\">\n\t\t\t\t\t\t<div class=\"elementor-element elementor-element-188f614 elementor-widget elementor-widget-spacer\" data-id=\"188f614\" data-element_type=\"widget\" data-widget_type=\"spacer.default\">\n\t\t\t\t<div class=\"elementor-widget-container\">\n\t\t\t\t\t\t\t<div class=\"elementor-spacer\">\n\t\t\t<div class=\"elementor-spacer-inner\"><\/div>\n\t\t<\/div>\n\t\t\t\t\t\t<\/div>\n\t\t\t\t<\/div>\n\t\t\t\t\t<\/div>\n\t\t<\/div>\n\t\t\t\t\t<\/div>\n\t\t<\/section>\n\t\t\t\t<section class=\"elementor-section elementor-top-section elementor-element elementor-element-0e12a79 elementor-section-boxed elementor-section-height-default elementor-section-height-default\" data-id=\"0e12a79\" data-element_type=\"section\">\n\t\t\t\t\t\t<div class=\"elementor-container elementor-column-gap-default\">\n\t\t\t\t\t<div class=\"elementor-column elementor-col-100 elementor-top-column elementor-element elementor-element-1a96087\" data-id=\"1a96087\" data-element_type=\"column\">\n\t\t\t<div class=\"elementor-widget-wrap elementor-element-populated\">\n\t\t\t\t\t\t<div class=\"elementor-element elementor-element-f35e8c4 elementor-widget elementor-widget-image\" data-id=\"f35e8c4\" data-element_type=\"widget\" data-widget_type=\"image.default\">\n\t\t\t\t<div class=\"elementor-widget-container\">\n\t\t\t\t\t\t\t\t\t\t\t\t<figure class=\"wp-caption\">\n\t\t\t\t\t\t\t\t\t\t<img fetchpriority=\"high\" decoding=\"async\" width=\"950\" height=\"628\" src=\"https:\/\/festivalsonomundo.com\/wp-content\/uploads\/2022\/11\/Photo-Groupe-v2-1024x677.jpg\" class=\"attachment-large size-large wp-image-566\" alt=\"\" srcset=\"https:\/\/festivalsonomundo.com\/wp-content\/uploads\/2022\/11\/Photo-Groupe-v2-1024x677.jpg 1024w, https:\/\/festivalsonomundo.com\/wp-content\/uploads\/2022\/11\/Photo-Groupe-v2-300x198.jpg 300w, https:\/\/festivalsonomundo.com\/wp-content\/uploads\/2022\/11\/Photo-Groupe-v2-768x508.jpg 768w, https:\/\/festivalsonomundo.com\/wp-content\/uploads\/2022\/11\/Photo-Groupe-v2-1536x1016.jpg 1536w, https:\/\/festivalsonomundo.com\/wp-content\/uploads\/2022\/11\/Photo-Groupe-v2-2048x1355.jpg 2048w, https:\/\/festivalsonomundo.com\/wp-content\/uploads\/2022\/11\/Photo-Groupe-v2-2000x1323.jpg 2000w\" sizes=\"100vw\" \/>\t\t\t\t\t\t\t\t\t\t\t<figcaption class=\"widget-image-caption wp-caption-text\">L\u2019\u00e9quipe de Sonomundo : Juan Arroyo, Vincent Trollet et Lionel Gu\u00e9rin<\/figcaption>\n\t\t\t\t\t\t\t\t\t\t<\/figure>\n\t\t\t\t\t\t\t\t\t<\/div>\n\t\t\t\t<\/div>\n\t\t\t\t\t<\/div>\n\t\t<\/div>\n\t\t\t\t\t<\/div>\n\t\t<\/section>\n\t\t\t\t<section class=\"elementor-section elementor-top-section elementor-element elementor-element-c80755c elementor-section-boxed elementor-section-height-default elementor-section-height-default\" data-id=\"c80755c\" data-element_type=\"section\">\n\t\t\t\t\t\t<div class=\"elementor-container elementor-column-gap-default\">\n\t\t\t\t\t<div class=\"elementor-column elementor-col-100 elementor-top-column elementor-element elementor-element-607e256\" data-id=\"607e256\" data-element_type=\"column\">\n\t\t\t<div class=\"elementor-widget-wrap elementor-element-populated\">\n\t\t\t\t\t\t<div class=\"elementor-element elementor-element-8bcb7a5 elementor-widget elementor-widget-spacer\" data-id=\"8bcb7a5\" data-element_type=\"widget\" data-widget_type=\"spacer.default\">\n\t\t\t\t<div class=\"elementor-widget-container\">\n\t\t\t\t\t\t\t<div class=\"elementor-spacer\">\n\t\t\t<div class=\"elementor-spacer-inner\"><\/div>\n\t\t<\/div>\n\t\t\t\t\t\t<\/div>\n\t\t\t\t<\/div>\n\t\t\t\t\t<\/div>\n\t\t<\/div>\n\t\t\t\t\t<\/div>\n\t\t<\/section>\n\t\t\t\t<\/div>\n\t\t","protected":false},"excerpt":{"rendered":"<p>L&#8217;Association Sonomundo L\u2019Association Sonomundo a \u00e9t\u00e9 cr\u00e9\u00e9e autour de l\u2019id\u00e9e et l\u2019envie de tisser de nouveaux liens culturels et artistiques \u00e0 travers les continents. Sonomundo a vu le jour \u00e0 l\u2019\u00e9t\u00e9 2021, \u00e0 l\u2019initiative de plusieurs amis anim\u00e9s par cette passion pour les arts sonores et visuels. Ils ont constat\u00e9 que leurs exp\u00e9riences respectives et &hellip; <\/p>\n<p class=\"link-more\"><a href=\"https:\/\/festivalsonomundo.com\/index.php\/lassociation-sonomundo\/\" class=\"more-link\">Read more<span class=\"screen-reader-text\"> &#8220;L&#8217;Association Sonomundo&#8221;<\/span><\/a><\/p>\n","protected":false},"author":1,"featured_media":0,"parent":0,"menu_order":2,"comment_status":"closed","ping_status":"closed","template":"elementor_theme","meta":{"footnotes":""},"class_list":["post-78","page","type-page","status-publish","hentry"],"yoast_head":"<!-- This site is optimized with the Yoast SEO plugin v25.9 - https:\/\/yoast.com\/wordpress\/plugins\/seo\/ -->\n<title>L&#039;Association Sonomundo - Festival SONOMUNDO<\/title>\n<meta name=\"robots\" content=\"index, follow, max-snippet:-1, max-image-preview:large, max-video-preview:-1\" \/>\n<link rel=\"canonical\" href=\"https:\/\/festivalsonomundo.com\/index.php\/lassociation-sonomundo\/\" \/>\n<meta property=\"og:locale\" content=\"en_US\" \/>\n<meta property=\"og:type\" content=\"article\" \/>\n<meta property=\"og:title\" content=\"L&#039;Association Sonomundo - Festival SONOMUNDO\" \/>\n<meta property=\"og:description\" content=\"L&#8217;Association Sonomundo L\u2019Association Sonomundo a \u00e9t\u00e9 cr\u00e9\u00e9e autour de l\u2019id\u00e9e et l\u2019envie de tisser de nouveaux liens culturels et artistiques \u00e0 travers les continents. Sonomundo a vu le jour \u00e0 l\u2019\u00e9t\u00e9 2021, \u00e0 l\u2019initiative de plusieurs amis anim\u00e9s par cette passion pour les arts sonores et visuels. Ils ont constat\u00e9 que leurs exp\u00e9riences respectives et &hellip; Read more &quot;L&#8217;Association Sonomundo&quot;\" \/>\n<meta property=\"og:url\" content=\"https:\/\/festivalsonomundo.com\/index.php\/lassociation-sonomundo\/\" \/>\n<meta property=\"og:site_name\" content=\"Festival SONOMUNDO\" \/>\n<meta property=\"article:publisher\" content=\"https:\/\/m.facebook.com\/p\/Festival-Sonomundo-100087265804317\/\" \/>\n<meta property=\"article:modified_time\" content=\"2025-10-03T20:52:16+00:00\" \/>\n<meta property=\"og:image\" content=\"https:\/\/festivalsonomundo.com\/wp-content\/uploads\/2022\/11\/Photo-Groupe-v2-scaled.jpg\" \/>\n\t<meta property=\"og:image:width\" content=\"2560\" \/>\n\t<meta property=\"og:image:height\" content=\"1694\" \/>\n\t<meta property=\"og:image:type\" content=\"image\/jpeg\" \/>\n<meta name=\"twitter:card\" content=\"summary_large_image\" \/>\n<meta name=\"twitter:label1\" content=\"Est. reading time\" \/>\n\t<meta name=\"twitter:data1\" content=\"2 minutes\" \/>\n<script type=\"application\/ld+json\" class=\"yoast-schema-graph\">{\"@context\":\"https:\/\/schema.org\",\"@graph\":[{\"@type\":\"WebPage\",\"@id\":\"https:\/\/festivalsonomundo.com\/index.php\/lassociation-sonomundo\/\",\"url\":\"https:\/\/festivalsonomundo.com\/index.php\/lassociation-sonomundo\/\",\"name\":\"L'Association Sonomundo - Festival SONOMUNDO\",\"isPartOf\":{\"@id\":\"https:\/\/festivalsonomundo.com\/#website\"},\"primaryImageOfPage\":{\"@id\":\"https:\/\/festivalsonomundo.com\/index.php\/lassociation-sonomundo\/#primaryimage\"},\"image\":{\"@id\":\"https:\/\/festivalsonomundo.com\/index.php\/lassociation-sonomundo\/#primaryimage\"},\"thumbnailUrl\":\"https:\/\/festivalsonomundo.com\/wp-content\/uploads\/2022\/11\/Photo-Groupe-v2-1024x677.jpg\",\"datePublished\":\"2022-09-15T22:45:22+00:00\",\"dateModified\":\"2025-10-03T20:52:16+00:00\",\"breadcrumb\":{\"@id\":\"https:\/\/festivalsonomundo.com\/index.php\/lassociation-sonomundo\/#breadcrumb\"},\"inLanguage\":\"en-US\",\"potentialAction\":[{\"@type\":\"ReadAction\",\"target\":[\"https:\/\/festivalsonomundo.com\/index.php\/lassociation-sonomundo\/\"]}]},{\"@type\":\"ImageObject\",\"inLanguage\":\"en-US\",\"@id\":\"https:\/\/festivalsonomundo.com\/index.php\/lassociation-sonomundo\/#primaryimage\",\"url\":\"https:\/\/festivalsonomundo.com\/wp-content\/uploads\/2022\/11\/Photo-Groupe-v2-scaled.jpg\",\"contentUrl\":\"https:\/\/festivalsonomundo.com\/wp-content\/uploads\/2022\/11\/Photo-Groupe-v2-scaled.jpg\",\"width\":2560,\"height\":1694},{\"@type\":\"BreadcrumbList\",\"@id\":\"https:\/\/festivalsonomundo.com\/index.php\/lassociation-sonomundo\/#breadcrumb\",\"itemListElement\":[{\"@type\":\"ListItem\",\"position\":1,\"name\":\"Home\",\"item\":\"https:\/\/festivalsonomundo.com\/\"},{\"@type\":\"ListItem\",\"position\":2,\"name\":\"L&#8217;Association Sonomundo\"}]},{\"@type\":\"WebSite\",\"@id\":\"https:\/\/festivalsonomundo.com\/#website\",\"url\":\"https:\/\/festivalsonomundo.com\/\",\"name\":\"Festival SONOMUNDO\",\"description\":\"27, 28, 29 novembre 2025  Biblioth\u00e8que musicale La Grange-Fleuret\",\"publisher\":{\"@id\":\"https:\/\/festivalsonomundo.com\/#organization\"},\"potentialAction\":[{\"@type\":\"SearchAction\",\"target\":{\"@type\":\"EntryPoint\",\"urlTemplate\":\"https:\/\/festivalsonomundo.com\/?s={search_term_string}\"},\"query-input\":{\"@type\":\"PropertyValueSpecification\",\"valueRequired\":true,\"valueName\":\"search_term_string\"}}],\"inLanguage\":\"en-US\"},{\"@type\":\"Organization\",\"@id\":\"https:\/\/festivalsonomundo.com\/#organization\",\"name\":\"SONOMUNDO\",\"url\":\"https:\/\/festivalsonomundo.com\/\",\"logo\":{\"@type\":\"ImageObject\",\"inLanguage\":\"en-US\",\"@id\":\"https:\/\/festivalsonomundo.com\/#\/schema\/logo\/image\/\",\"url\":\"https:\/\/festivalsonomundo.com\/wp-content\/uploads\/2022\/10\/BAT_SONOMUNDO_LOGO_OK.png\",\"contentUrl\":\"https:\/\/festivalsonomundo.com\/wp-content\/uploads\/2022\/10\/BAT_SONOMUNDO_LOGO_OK.png\",\"width\":2141,\"height\":886,\"caption\":\"SONOMUNDO\"},\"image\":{\"@id\":\"https:\/\/festivalsonomundo.com\/#\/schema\/logo\/image\/\"},\"sameAs\":[\"https:\/\/m.facebook.com\/p\/Festival-Sonomundo-100087265804317\/\",\"https:\/\/www.instagram.com\/festivalsonomundo\/\"]}]}<\/script>\n<!-- \/ Yoast SEO plugin. -->","yoast_head_json":{"title":"L'Association Sonomundo - Festival SONOMUNDO","robots":{"index":"index","follow":"follow","max-snippet":"max-snippet:-1","max-image-preview":"max-image-preview:large","max-video-preview":"max-video-preview:-1"},"canonical":"https:\/\/festivalsonomundo.com\/index.php\/lassociation-sonomundo\/","og_locale":"en_US","og_type":"article","og_title":"L'Association Sonomundo - Festival SONOMUNDO","og_description":"L&#8217;Association Sonomundo L\u2019Association Sonomundo a \u00e9t\u00e9 cr\u00e9\u00e9e autour de l\u2019id\u00e9e et l\u2019envie de tisser de nouveaux liens culturels et artistiques \u00e0 travers les continents. Sonomundo a vu le jour \u00e0 l\u2019\u00e9t\u00e9 2021, \u00e0 l\u2019initiative de plusieurs amis anim\u00e9s par cette passion pour les arts sonores et visuels. Ils ont constat\u00e9 que leurs exp\u00e9riences respectives et &hellip; Read more \"L&#8217;Association Sonomundo\"","og_url":"https:\/\/festivalsonomundo.com\/index.php\/lassociation-sonomundo\/","og_site_name":"Festival SONOMUNDO","article_publisher":"https:\/\/m.facebook.com\/p\/Festival-Sonomundo-100087265804317\/","article_modified_time":"2025-10-03T20:52:16+00:00","og_image":[{"width":2560,"height":1694,"url":"https:\/\/festivalsonomundo.com\/wp-content\/uploads\/2022\/11\/Photo-Groupe-v2-scaled.jpg","type":"image\/jpeg"}],"twitter_card":"summary_large_image","twitter_misc":{"Est. reading time":"2 minutes"},"schema":{"@context":"https:\/\/schema.org","@graph":[{"@type":"WebPage","@id":"https:\/\/festivalsonomundo.com\/index.php\/lassociation-sonomundo\/","url":"https:\/\/festivalsonomundo.com\/index.php\/lassociation-sonomundo\/","name":"L'Association Sonomundo - Festival SONOMUNDO","isPartOf":{"@id":"https:\/\/festivalsonomundo.com\/#website"},"primaryImageOfPage":{"@id":"https:\/\/festivalsonomundo.com\/index.php\/lassociation-sonomundo\/#primaryimage"},"image":{"@id":"https:\/\/festivalsonomundo.com\/index.php\/lassociation-sonomundo\/#primaryimage"},"thumbnailUrl":"https:\/\/festivalsonomundo.com\/wp-content\/uploads\/2022\/11\/Photo-Groupe-v2-1024x677.jpg","datePublished":"2022-09-15T22:45:22+00:00","dateModified":"2025-10-03T20:52:16+00:00","breadcrumb":{"@id":"https:\/\/festivalsonomundo.com\/index.php\/lassociation-sonomundo\/#breadcrumb"},"inLanguage":"en-US","potentialAction":[{"@type":"ReadAction","target":["https:\/\/festivalsonomundo.com\/index.php\/lassociation-sonomundo\/"]}]},{"@type":"ImageObject","inLanguage":"en-US","@id":"https:\/\/festivalsonomundo.com\/index.php\/lassociation-sonomundo\/#primaryimage","url":"https:\/\/festivalsonomundo.com\/wp-content\/uploads\/2022\/11\/Photo-Groupe-v2-scaled.jpg","contentUrl":"https:\/\/festivalsonomundo.com\/wp-content\/uploads\/2022\/11\/Photo-Groupe-v2-scaled.jpg","width":2560,"height":1694},{"@type":"BreadcrumbList","@id":"https:\/\/festivalsonomundo.com\/index.php\/lassociation-sonomundo\/#breadcrumb","itemListElement":[{"@type":"ListItem","position":1,"name":"Home","item":"https:\/\/festivalsonomundo.com\/"},{"@type":"ListItem","position":2,"name":"L&#8217;Association Sonomundo"}]},{"@type":"WebSite","@id":"https:\/\/festivalsonomundo.com\/#website","url":"https:\/\/festivalsonomundo.com\/","name":"Festival SONOMUNDO","description":"27, 28, 29 novembre 2025  Biblioth\u00e8que musicale La Grange-Fleuret","publisher":{"@id":"https:\/\/festivalsonomundo.com\/#organization"},"potentialAction":[{"@type":"SearchAction","target":{"@type":"EntryPoint","urlTemplate":"https:\/\/festivalsonomundo.com\/?s={search_term_string}"},"query-input":{"@type":"PropertyValueSpecification","valueRequired":true,"valueName":"search_term_string"}}],"inLanguage":"en-US"},{"@type":"Organization","@id":"https:\/\/festivalsonomundo.com\/#organization","name":"SONOMUNDO","url":"https:\/\/festivalsonomundo.com\/","logo":{"@type":"ImageObject","inLanguage":"en-US","@id":"https:\/\/festivalsonomundo.com\/#\/schema\/logo\/image\/","url":"https:\/\/festivalsonomundo.com\/wp-content\/uploads\/2022\/10\/BAT_SONOMUNDO_LOGO_OK.png","contentUrl":"https:\/\/festivalsonomundo.com\/wp-content\/uploads\/2022\/10\/BAT_SONOMUNDO_LOGO_OK.png","width":2141,"height":886,"caption":"SONOMUNDO"},"image":{"@id":"https:\/\/festivalsonomundo.com\/#\/schema\/logo\/image\/"},"sameAs":["https:\/\/m.facebook.com\/p\/Festival-Sonomundo-100087265804317\/","https:\/\/www.instagram.com\/festivalsonomundo\/"]}]}},"_links":{"self":[{"href":"https:\/\/festivalsonomundo.com\/index.php\/wp-json\/wp\/v2\/pages\/78","targetHints":{"allow":["GET"]}}],"collection":[{"href":"https:\/\/festivalsonomundo.com\/index.php\/wp-json\/wp\/v2\/pages"}],"about":[{"href":"https:\/\/festivalsonomundo.com\/index.php\/wp-json\/wp\/v2\/types\/page"}],"author":[{"embeddable":true,"href":"https:\/\/festivalsonomundo.com\/index.php\/wp-json\/wp\/v2\/users\/1"}],"replies":[{"embeddable":true,"href":"https:\/\/festivalsonomundo.com\/index.php\/wp-json\/wp\/v2\/comments?post=78"}],"version-history":[{"count":39,"href":"https:\/\/festivalsonomundo.com\/index.php\/wp-json\/wp\/v2\/pages\/78\/revisions"}],"predecessor-version":[{"id":2330,"href":"https:\/\/festivalsonomundo.com\/index.php\/wp-json\/wp\/v2\/pages\/78\/revisions\/2330"}],"wp:attachment":[{"href":"https:\/\/festivalsonomundo.com\/index.php\/wp-json\/wp\/v2\/media?parent=78"}],"curies":[{"name":"wp","href":"https:\/\/api.w.org\/{rel}","templated":true}]}}