{"id":829,"date":"2023-08-28T12:15:40","date_gmt":"2023-08-28T10:15:40","guid":{"rendered":"http:\/\/festivalsonomundo.com\/?page_id=829"},"modified":"2024-11-05T12:44:12","modified_gmt":"2024-11-05T11:44:12","slug":"edito-2023-2","status":"publish","type":"page","link":"https:\/\/festivalsonomundo.com\/index.php\/editions-passees\/edition-2022-2\/edito-2023-2\/","title":{"rendered":"\u00c9dito 2023"},"content":{"rendered":"\n<div class=\"wp-block-group alignfull has-background is-layout-flow wp-block-group-is-layout-flow\" style=\"background-color:#f2f0e9\">\n<div style=\"height:145px\" aria-hidden=\"true\" class=\"wp-block-spacer\"><\/div>\n\n\n\n<div class=\"wp-block-columns alignwide are-vertically-aligned-center is-layout-flex wp-container-core-columns-is-layout-28f84493 wp-block-columns-is-layout-flex\">\n<div class=\"wp-block-column is-layout-flow wp-block-column-is-layout-flow\" style=\"flex-basis:50%\">\n<p class=\"has-black-color has-text-color\" style=\"font-size:clamp(18.959px, 1.185rem + ((1vw - 3.2px) * 0.783), 30px);line-height:1.1\"><strong>\u00c9dito<\/strong> <strong>2023<\/strong><\/p>\n<\/div>\n\n\n\n<div class=\"wp-block-column is-layout-flow wp-block-column-is-layout-flow\" style=\"flex-basis:50%\">\n<hr class=\"wp-block-separator has-text-color has-css-opacity has-background is-style-wide\" style=\"background-color:#000000;color:#000000\"\/>\n<\/div>\n<\/div>\n\n\n\n<div class=\"wp-block-columns is-layout-flex wp-container-core-columns-is-layout-28f84493 wp-block-columns-is-layout-flex\">\n<div class=\"wp-block-column is-layout-flow wp-block-column-is-layout-flow\" style=\"flex-basis:100%\">\n<div class=\"wp-block-columns is-layout-flex wp-container-core-columns-is-layout-28f84493 wp-block-columns-is-layout-flex\">\n<div class=\"wp-block-column is-layout-flow wp-block-column-is-layout-flow\" style=\"flex-basis:33.33%\"><\/div>\n\n\n\n<div class=\"wp-block-column is-layout-flow wp-block-column-is-layout-flow\" style=\"flex-basis:66.66%\">\n<h2 class=\"wp-block-heading has-text-align-left has-black-color has-text-color\" style=\"font-size:clamp(16.293px, 1.018rem + ((1vw - 3.2px) * 0.618), 25px);font-style:normal;font-weight:700;letter-spacing:1px\">La seconde \u00e9dition du <strong>Festival Sonomundo<\/strong> se tiendra <strong>au sein de la Biblioth\u00e8que musicale La Grange-Fleuret<\/strong>, \u00e0 Paris, <strong>les 23, 24 et 25 novembre 202<\/strong>3.<\/h2>\n<\/div>\n<\/div>\n<\/div>\n<\/div>\n\n\n\n<div class=\"wp-block-columns alignwide is-layout-flex wp-container-core-columns-is-layout-28f84493 wp-block-columns-is-layout-flex\">\n<div class=\"wp-block-column is-layout-flow wp-block-column-is-layout-flow\"><\/div>\n\n\n\n<div class=\"wp-block-column is-layout-flow wp-block-column-is-layout-flow\">\n<p class=\"has-drop-cap has-black-color has-text-color\">La nouvelle \u00e9dition du <strong>Festival Sonomundo <\/strong>souhaite embarquer les spectateurs dans un voyage initiatique, d\u00e9clin\u00e9 en <em><strong>Variation(s) Nomade(s)<\/strong>. <\/em>Il s\u2019agira de partir \u00e0 la d\u00e9couverte d\u2019horizons nouveaux, de terres l\u00e9gendaires ou encore d\u2019espaces oubli\u00e9s. Les interpr\u00e8tes de l\u2019<strong>Ensemble Regards<\/strong> feront ainsi de chaque spectateur un nomade, dont les p\u00e9r\u00e9grinations leur feront d\u00e9couvrir des \u0153uvres de compositrices et compositeurs originaires du Japon, de Cor\u00e9e, d\u2019Iran, des \u00c9tats-Unis, d\u2019Argentine, du P\u00e9rou, de Finlande et de France. Inspir\u00e9es par la nature et ses myst\u00e8res, ces \u0153uvres seront autant de fen\u00eatres ouvertes sur les \u00e9motions, sensations et impressions que les artistes ont ressenties \u00e0 l\u2019\u00e9vocation plurielle et subjective de cette nature. En donnant vie aux couleurs, aux formes et aux reliefs, ces artistes traceront les fronti\u00e8res de nouveaux territoires, d\u00e9passant les contours g\u00e9ographiques h\u00e9r\u00e9ditaires, empruntant des chemins singuliers, fantasm\u00e9s et influenc\u00e9s par leur propre culture.<\/p>\n\n\n\n<p><em>Les Variation(s) Nomade(s)<\/em> proposeront un itin\u00e9raire musical en quatre \u00e9tapes :<br>&#8211; <em>Oblique Cycle III &#8211; Arbres<\/em><br>&#8211; <em>Impressions de la Puna<\/em><br>&#8211; <em>In the woods<\/em><br>&#8211; <em>Vers toi qui es si loin<\/em>&nbsp;&nbsp;<\/p>\n<\/div>\n\n\n\n<div class=\"wp-block-column is-layout-flow wp-block-column-is-layout-flow\">\n<p>Ce voyage sera \u00e9galement \u00eelot de rencontres&nbsp;: la musique du XX\u00e8me si\u00e8cle c\u00f4toiera en effet celle du XXI\u00e8me si\u00e8cle et des \u0153uvres de <strong>Maurice Ravel<\/strong>, d\u2019<strong>Alberto Ginastera<\/strong>, de <strong>Kaija Saariaho<\/strong> ou de <strong>T\u014dru Takemitsu<\/strong> seront jou\u00e9es aux c\u00f4t\u00e9s de celles de compositrices et compositeurs d\u2019aujourd\u2019hui. Des cr\u00e9ations de <strong>Yemit Ledesma<\/strong>, <strong>P\u00eda Alvarado<\/strong>, <strong>Imsu Choi<\/strong>, <strong>Juan Arroyo<\/strong> et <strong>Vincent Trollet<\/strong> seront interpr\u00e9t\u00e9es pour la premi\u00e8re fois \u00e0 cette occasion.<\/p>\n\n\n\n<p class=\"has-black-color has-text-color\">Harmonies luxuriantes, sonorit\u00e9s anguleuses, rythmes serr\u00e9s s\u2019entrelaceront, faisant \u00e9clore des couleurs et surgir des formes pour le plus grand plaisir des spectateurs-nomades !&nbsp;<\/p>\n\n\n\n<p class=\"has-black-color has-text-color\">Le Festival Sonomundo se tiendra cette ann\u00e9e \u00e0 la <strong>Biblioth\u00e8que musicale Lagrange-Fleuret \u00e0 Paris<\/strong>.<\/p>\n<\/div>\n<\/div>\n\n\n\n<div style=\"height:30px\" aria-hidden=\"true\" class=\"wp-block-spacer\"><\/div>\n\n\n\n<div class=\"wp-block-columns is-layout-flex wp-container-core-columns-is-layout-28f84493 wp-block-columns-is-layout-flex\">\n<div class=\"wp-block-column is-layout-flow wp-block-column-is-layout-flow\" style=\"flex-basis:33.33%\"><\/div>\n\n\n\n<div class=\"wp-block-column is-layout-flow wp-block-column-is-layout-flow\" style=\"flex-basis:66.66%\">\n<p class=\"has-black-color has-text-color\">Au cours du Festival, le th\u00e8me <strong>Variation(s) Nomades(s)<\/strong> sera d\u00e9clin\u00e9 en <strong>quatre programmes<\/strong> :<\/p>\n\n\n\n<div style=\"height:30px\" aria-hidden=\"true\" class=\"wp-block-spacer\"><\/div>\n\n\n\n<p class=\"has-black-color has-text-color\" style=\"font-size:clamp(14px, 0.875rem + ((1vw - 3.2px) * 0.284), 18px);text-transform:uppercase\"><strong style=\"font-size: revert;\">Jeudi 23 novembre<\/strong> 20H<\/p>\n\n\n\n<p class=\"has-black-color has-text-color\"><span style=\"font-size: revert;\">Pour sa soir\u00e9e d\u2019inauguration, le programme <em><strong>Obliques cycle III &#8211; Arbres<\/strong> <\/em><\/span>sera l&#8217;occasion de d\u00e9couvrir des oeuvres de <strong>Pauline Oliveros<\/strong>, <strong>Farnaz Modarresifar<\/strong> et <strong>Komitas<\/strong>.  <\/p>\n\n\n\n<p class=\"has-black-color has-text-color\">Interpr\u00e8tes : Maya Villanueva, Kumi Sakamoto, Vahram Zaryan, Jean-\u00c9tienne Sotty, Farnaz Modarresifar, Jacques Comby<\/p>\n\n\n\n<div style=\"height:40px\" aria-hidden=\"true\" class=\"wp-block-spacer\"><\/div>\n\n\n\n<p style=\"font-size:clamp(14px, 0.875rem + ((1vw - 3.2px) * 0.284), 18px);text-transform:uppercase\"> <strong style=\"font-size: revert;\">Vendredi 24 novembre<\/strong> 21H<\/p>\n\n\n\n<p class=\"has-black-color has-text-color\">Le programme <em><strong>Impressions de la Puna<\/strong><\/em> proposera des oeuvres d&#8217;<strong>Alberto<\/strong> <strong>Ginastera<\/strong>, <strong>Yemit Ledesma<\/strong>, <strong>P<strong>\u00ed<\/strong>a Alvarado<\/strong> et <strong>Juan Arroyo<\/strong>. <\/p>\n\n\n\n<p class=\"has-black-color has-text-color\">Interpr\u00e8tes : Samuel Casale, Pauline Klaus, Florent Billy, Elodie Gaudet, Marie Ythier<\/p>\n\n\n\n<div style=\"height:40px\" aria-hidden=\"true\" class=\"wp-block-spacer\"><\/div>\n\n\n\n<p class=\"has-black-color has-text-color\">La soir\u00e9e de cl\u00f4ture offrira deux programmes.<\/p>\n\n\n\n<p class=\"has-black-color has-text-color\" style=\"font-size:clamp(14px, 0.875rem + ((1vw - 3.2px) * 0.284), 18px);text-transform:uppercase\"><strong>SAMEDI 25 novembre<\/strong> 19H30<\/p>\n\n\n\n<p class=\"has-black-color has-text-color\">Le programme <em><strong>In the woods<\/strong><\/em> sera l&#8217;occasion de d\u00e9couvrir des cr\u00e9ations de <strong>T<strong>\u014d<\/strong>ru Takemitsu<\/strong>, <strong>Imsu Choi<\/strong>, <strong>Fuminori Tanada<\/strong> et <strong>Keita Matsumiya<\/strong>. <\/p>\n\n\n\n<p class=\"has-black-color has-text-color\">Interpr\u00e8tes : I\u00f1aki Bermudez, Omar Nicho<\/p>\n\n\n\n<div style=\"height:40px\" aria-hidden=\"true\" class=\"wp-block-spacer\"><\/div>\n\n\n\n<p class=\"has-black-color has-text-color\" style=\"font-size:clamp(14px, 0.875rem + ((1vw - 3.2px) * 0.284), 18px);text-transform:uppercase\"><strong>SAMEDI 25 novembre<\/strong> 21H<\/p>\n\n\n\n<p class=\"has-black-color has-text-color\">Pour son dernier programme intitul\u00e9 <em><strong>Vers toi qui es si loin<\/strong><\/em>, le festival proposera des oeuvres de <strong>Maurice Ravel<\/strong>, <strong>Kaija Saariaho<\/strong>, <strong>Vincent Trollet<\/strong> et <strong>David Hudry<\/strong>. <\/p>\n\n\n\n<p class=\"has-black-color has-text-color\">Interpr\u00e8tes : Maya Villanueva, Jean-Jacques Godron, Samuel Casale, Omar Nicho, Constance Luzzati, Pauline Klaus, Florent Billy, Elodie Gaudet, Marie Ythier<\/p>\n<\/div>\n<\/div>\n\n\n\n<div style=\"height:50px\" aria-hidden=\"true\" class=\"wp-block-spacer\"><\/div>\n\n\n\n<div class=\"wp-block-buttons has-custom-font-size has-small-font-size is-content-justification-center is-layout-flex wp-container-core-buttons-is-layout-a89b3969 wp-block-buttons-is-layout-flex\">\n<div class=\"wp-block-button is-style-fill\"><a class=\"wp-block-button__link has-black-background-color has-background wp-element-button\" href=\"https:\/\/festivalsonomundo.com\/index.php\/edition-2022\/edition-2023\/\"><strong>Programme d\u00e9taill\u00e9<\/strong><\/a><\/div>\n<\/div>\n\n\n\n<div style=\"height:40px\" aria-hidden=\"true\" class=\"wp-block-spacer\"><\/div>\n\n\n\n<div style=\"height:0px\" aria-hidden=\"true\" class=\"wp-block-spacer\"><\/div>\n\n\n\n<div class=\"wp-block-buttons has-custom-font-size has-small-font-size is-content-justification-center is-layout-flex wp-container-core-buttons-is-layout-a89b3969 wp-block-buttons-is-layout-flex\">\n<div class=\"wp-block-button\"><a class=\"wp-block-button__link has-black-background-color has-background wp-element-button\" href=\"https:\/\/festivalsonomundo.com\/index.php\/infos-pratiques\/reservation\/\"><strong>R\u00e9server<\/strong><\/a><\/div>\n<\/div>\n\n\n\n<div style=\"height:50px\" aria-hidden=\"true\" class=\"wp-block-spacer\"><\/div>\n<\/div>\n","protected":false},"excerpt":{"rendered":"<p>\u00c9dito 2023 La seconde \u00e9dition du Festival Sonomundo se tiendra au sein de la Biblioth\u00e8que musicale La Grange-Fleuret, \u00e0 Paris, les 23, 24 et 25 novembre 2023. La nouvelle \u00e9dition du Festival Sonomundo souhaite embarquer les spectateurs dans un voyage initiatique, d\u00e9clin\u00e9 en Variation(s) Nomade(s). Il s\u2019agira de partir \u00e0 la d\u00e9couverte d\u2019horizons nouveaux, de &hellip; <\/p>\n<p class=\"link-more\"><a href=\"https:\/\/festivalsonomundo.com\/index.php\/editions-passees\/edition-2022-2\/edito-2023-2\/\" class=\"more-link\">Read more<span class=\"screen-reader-text\"> &#8220;\u00c9dito 2023&#8221;<\/span><\/a><\/p>\n","protected":false},"author":1,"featured_media":0,"parent":90,"menu_order":0,"comment_status":"closed","ping_status":"closed","template":"","meta":{"footnotes":""},"class_list":["post-829","page","type-page","status-publish","hentry"],"yoast_head":"<!-- This site is optimized with the Yoast SEO plugin v25.9 - https:\/\/yoast.com\/wordpress\/plugins\/seo\/ -->\n<title>\u00c9dito 2023 - Festival SONOMUNDO<\/title>\n<meta name=\"robots\" content=\"index, follow, max-snippet:-1, max-image-preview:large, max-video-preview:-1\" \/>\n<link rel=\"canonical\" href=\"https:\/\/festivalsonomundo.com\/index.php\/editions-passees\/edition-2022-2\/edito-2023-2\/\" \/>\n<meta property=\"og:locale\" content=\"en_US\" \/>\n<meta property=\"og:type\" content=\"article\" \/>\n<meta property=\"og:title\" content=\"\u00c9dito 2023 - Festival SONOMUNDO\" \/>\n<meta property=\"og:description\" content=\"\u00c9dito 2023 La seconde \u00e9dition du Festival Sonomundo se tiendra au sein de la Biblioth\u00e8que musicale La Grange-Fleuret, \u00e0 Paris, les 23, 24 et 25 novembre 2023. La nouvelle \u00e9dition du Festival Sonomundo souhaite embarquer les spectateurs dans un voyage initiatique, d\u00e9clin\u00e9 en Variation(s) Nomade(s). Il s\u2019agira de partir \u00e0 la d\u00e9couverte d\u2019horizons nouveaux, de &hellip; Read more &quot;\u00c9dito 2023&quot;\" \/>\n<meta property=\"og:url\" content=\"https:\/\/festivalsonomundo.com\/index.php\/editions-passees\/edition-2022-2\/edito-2023-2\/\" \/>\n<meta property=\"og:site_name\" content=\"Festival SONOMUNDO\" \/>\n<meta property=\"article:publisher\" content=\"https:\/\/m.facebook.com\/p\/Festival-Sonomundo-100087265804317\/\" \/>\n<meta property=\"article:modified_time\" content=\"2024-11-05T11:44:12+00:00\" \/>\n<meta property=\"og:image\" content=\"https:\/\/festivalsonomundo.com\/wp-content\/uploads\/2022\/10\/cropped-BAT_SONOMUNDO_LOGO_OK.png\" \/>\n\t<meta property=\"og:image:width\" content=\"2025\" \/>\n\t<meta property=\"og:image:height\" content=\"745\" \/>\n\t<meta property=\"og:image:type\" content=\"image\/png\" \/>\n<meta name=\"twitter:card\" content=\"summary_large_image\" \/>\n<meta name=\"twitter:label1\" content=\"Est. reading time\" \/>\n\t<meta name=\"twitter:data1\" content=\"3 minutes\" \/>\n<script type=\"application\/ld+json\" class=\"yoast-schema-graph\">{\"@context\":\"https:\/\/schema.org\",\"@graph\":[{\"@type\":\"WebPage\",\"@id\":\"https:\/\/festivalsonomundo.com\/index.php\/editions-passees\/edition-2022-2\/edito-2023-2\/\",\"url\":\"https:\/\/festivalsonomundo.com\/index.php\/editions-passees\/edition-2022-2\/edito-2023-2\/\",\"name\":\"\u00c9dito 2023 - Festival SONOMUNDO\",\"isPartOf\":{\"@id\":\"https:\/\/festivalsonomundo.com\/#website\"},\"datePublished\":\"2023-08-28T10:15:40+00:00\",\"dateModified\":\"2024-11-05T11:44:12+00:00\",\"breadcrumb\":{\"@id\":\"https:\/\/festivalsonomundo.com\/index.php\/editions-passees\/edition-2022-2\/edito-2023-2\/#breadcrumb\"},\"inLanguage\":\"en-US\",\"potentialAction\":[{\"@type\":\"ReadAction\",\"target\":[\"https:\/\/festivalsonomundo.com\/index.php\/editions-passees\/edition-2022-2\/edito-2023-2\/\"]}]},{\"@type\":\"BreadcrumbList\",\"@id\":\"https:\/\/festivalsonomundo.com\/index.php\/editions-passees\/edition-2022-2\/edito-2023-2\/#breadcrumb\",\"itemListElement\":[{\"@type\":\"ListItem\",\"position\":1,\"name\":\"Home\",\"item\":\"https:\/\/festivalsonomundo.com\/\"},{\"@type\":\"ListItem\",\"position\":2,\"name\":\"\u00c9ditions pass\u00e9es\",\"item\":\"https:\/\/festivalsonomundo.com\/index.php\/editions-passees\/\"},{\"@type\":\"ListItem\",\"position\":3,\"name\":\"\u00c9dition 2023\",\"item\":\"https:\/\/festivalsonomundo.com\/index.php\/editions-passees\/edition-2022-2\/\"},{\"@type\":\"ListItem\",\"position\":4,\"name\":\"\u00c9dito 2023\"}]},{\"@type\":\"WebSite\",\"@id\":\"https:\/\/festivalsonomundo.com\/#website\",\"url\":\"https:\/\/festivalsonomundo.com\/\",\"name\":\"Festival SONOMUNDO\",\"description\":\"27, 28, 29 novembre 2025  Biblioth\u00e8que musicale La Grange-Fleuret\",\"publisher\":{\"@id\":\"https:\/\/festivalsonomundo.com\/#organization\"},\"potentialAction\":[{\"@type\":\"SearchAction\",\"target\":{\"@type\":\"EntryPoint\",\"urlTemplate\":\"https:\/\/festivalsonomundo.com\/?s={search_term_string}\"},\"query-input\":{\"@type\":\"PropertyValueSpecification\",\"valueRequired\":true,\"valueName\":\"search_term_string\"}}],\"inLanguage\":\"en-US\"},{\"@type\":\"Organization\",\"@id\":\"https:\/\/festivalsonomundo.com\/#organization\",\"name\":\"SONOMUNDO\",\"url\":\"https:\/\/festivalsonomundo.com\/\",\"logo\":{\"@type\":\"ImageObject\",\"inLanguage\":\"en-US\",\"@id\":\"https:\/\/festivalsonomundo.com\/#\/schema\/logo\/image\/\",\"url\":\"https:\/\/festivalsonomundo.com\/wp-content\/uploads\/2022\/10\/BAT_SONOMUNDO_LOGO_OK.png\",\"contentUrl\":\"https:\/\/festivalsonomundo.com\/wp-content\/uploads\/2022\/10\/BAT_SONOMUNDO_LOGO_OK.png\",\"width\":2141,\"height\":886,\"caption\":\"SONOMUNDO\"},\"image\":{\"@id\":\"https:\/\/festivalsonomundo.com\/#\/schema\/logo\/image\/\"},\"sameAs\":[\"https:\/\/m.facebook.com\/p\/Festival-Sonomundo-100087265804317\/\",\"https:\/\/www.instagram.com\/festivalsonomundo\/\"]}]}<\/script>\n<!-- \/ Yoast SEO plugin. -->","yoast_head_json":{"title":"\u00c9dito 2023 - Festival SONOMUNDO","robots":{"index":"index","follow":"follow","max-snippet":"max-snippet:-1","max-image-preview":"max-image-preview:large","max-video-preview":"max-video-preview:-1"},"canonical":"https:\/\/festivalsonomundo.com\/index.php\/editions-passees\/edition-2022-2\/edito-2023-2\/","og_locale":"en_US","og_type":"article","og_title":"\u00c9dito 2023 - Festival SONOMUNDO","og_description":"\u00c9dito 2023 La seconde \u00e9dition du Festival Sonomundo se tiendra au sein de la Biblioth\u00e8que musicale La Grange-Fleuret, \u00e0 Paris, les 23, 24 et 25 novembre 2023. La nouvelle \u00e9dition du Festival Sonomundo souhaite embarquer les spectateurs dans un voyage initiatique, d\u00e9clin\u00e9 en Variation(s) Nomade(s). Il s\u2019agira de partir \u00e0 la d\u00e9couverte d\u2019horizons nouveaux, de &hellip; Read more \"\u00c9dito 2023\"","og_url":"https:\/\/festivalsonomundo.com\/index.php\/editions-passees\/edition-2022-2\/edito-2023-2\/","og_site_name":"Festival SONOMUNDO","article_publisher":"https:\/\/m.facebook.com\/p\/Festival-Sonomundo-100087265804317\/","article_modified_time":"2024-11-05T11:44:12+00:00","og_image":[{"width":2025,"height":745,"url":"https:\/\/festivalsonomundo.com\/wp-content\/uploads\/2022\/10\/cropped-BAT_SONOMUNDO_LOGO_OK.png","type":"image\/png"}],"twitter_card":"summary_large_image","twitter_misc":{"Est. reading time":"3 minutes"},"schema":{"@context":"https:\/\/schema.org","@graph":[{"@type":"WebPage","@id":"https:\/\/festivalsonomundo.com\/index.php\/editions-passees\/edition-2022-2\/edito-2023-2\/","url":"https:\/\/festivalsonomundo.com\/index.php\/editions-passees\/edition-2022-2\/edito-2023-2\/","name":"\u00c9dito 2023 - Festival SONOMUNDO","isPartOf":{"@id":"https:\/\/festivalsonomundo.com\/#website"},"datePublished":"2023-08-28T10:15:40+00:00","dateModified":"2024-11-05T11:44:12+00:00","breadcrumb":{"@id":"https:\/\/festivalsonomundo.com\/index.php\/editions-passees\/edition-2022-2\/edito-2023-2\/#breadcrumb"},"inLanguage":"en-US","potentialAction":[{"@type":"ReadAction","target":["https:\/\/festivalsonomundo.com\/index.php\/editions-passees\/edition-2022-2\/edito-2023-2\/"]}]},{"@type":"BreadcrumbList","@id":"https:\/\/festivalsonomundo.com\/index.php\/editions-passees\/edition-2022-2\/edito-2023-2\/#breadcrumb","itemListElement":[{"@type":"ListItem","position":1,"name":"Home","item":"https:\/\/festivalsonomundo.com\/"},{"@type":"ListItem","position":2,"name":"\u00c9ditions pass\u00e9es","item":"https:\/\/festivalsonomundo.com\/index.php\/editions-passees\/"},{"@type":"ListItem","position":3,"name":"\u00c9dition 2023","item":"https:\/\/festivalsonomundo.com\/index.php\/editions-passees\/edition-2022-2\/"},{"@type":"ListItem","position":4,"name":"\u00c9dito 2023"}]},{"@type":"WebSite","@id":"https:\/\/festivalsonomundo.com\/#website","url":"https:\/\/festivalsonomundo.com\/","name":"Festival SONOMUNDO","description":"27, 28, 29 novembre 2025  Biblioth\u00e8que musicale La Grange-Fleuret","publisher":{"@id":"https:\/\/festivalsonomundo.com\/#organization"},"potentialAction":[{"@type":"SearchAction","target":{"@type":"EntryPoint","urlTemplate":"https:\/\/festivalsonomundo.com\/?s={search_term_string}"},"query-input":{"@type":"PropertyValueSpecification","valueRequired":true,"valueName":"search_term_string"}}],"inLanguage":"en-US"},{"@type":"Organization","@id":"https:\/\/festivalsonomundo.com\/#organization","name":"SONOMUNDO","url":"https:\/\/festivalsonomundo.com\/","logo":{"@type":"ImageObject","inLanguage":"en-US","@id":"https:\/\/festivalsonomundo.com\/#\/schema\/logo\/image\/","url":"https:\/\/festivalsonomundo.com\/wp-content\/uploads\/2022\/10\/BAT_SONOMUNDO_LOGO_OK.png","contentUrl":"https:\/\/festivalsonomundo.com\/wp-content\/uploads\/2022\/10\/BAT_SONOMUNDO_LOGO_OK.png","width":2141,"height":886,"caption":"SONOMUNDO"},"image":{"@id":"https:\/\/festivalsonomundo.com\/#\/schema\/logo\/image\/"},"sameAs":["https:\/\/m.facebook.com\/p\/Festival-Sonomundo-100087265804317\/","https:\/\/www.instagram.com\/festivalsonomundo\/"]}]}},"_links":{"self":[{"href":"https:\/\/festivalsonomundo.com\/index.php\/wp-json\/wp\/v2\/pages\/829","targetHints":{"allow":["GET"]}}],"collection":[{"href":"https:\/\/festivalsonomundo.com\/index.php\/wp-json\/wp\/v2\/pages"}],"about":[{"href":"https:\/\/festivalsonomundo.com\/index.php\/wp-json\/wp\/v2\/types\/page"}],"author":[{"embeddable":true,"href":"https:\/\/festivalsonomundo.com\/index.php\/wp-json\/wp\/v2\/users\/1"}],"replies":[{"embeddable":true,"href":"https:\/\/festivalsonomundo.com\/index.php\/wp-json\/wp\/v2\/comments?post=829"}],"version-history":[{"count":22,"href":"https:\/\/festivalsonomundo.com\/index.php\/wp-json\/wp\/v2\/pages\/829\/revisions"}],"predecessor-version":[{"id":1302,"href":"https:\/\/festivalsonomundo.com\/index.php\/wp-json\/wp\/v2\/pages\/829\/revisions\/1302"}],"up":[{"embeddable":true,"href":"https:\/\/festivalsonomundo.com\/index.php\/wp-json\/wp\/v2\/pages\/90"}],"wp:attachment":[{"href":"https:\/\/festivalsonomundo.com\/index.php\/wp-json\/wp\/v2\/media?parent=829"}],"curies":[{"name":"wp","href":"https:\/\/api.w.org\/{rel}","templated":true}]}}